{"id":1120,"date":"2023-08-01T11:49:55","date_gmt":"2023-08-01T11:49:55","guid":{"rendered":"https:\/\/www.denkulturelleskolesekken.no\/trondheim\/?page_id=1120"},"modified":"2025-09-01T09:08:50","modified_gmt":"2025-09-01T09:08:50","slug":"vilkar-satser-og-faktura","status":"publish","type":"page","link":"https:\/\/www.denkulturelleskolesekken.no\/trondheim\/vilkar-satser-og-faktura\/","title":{"rendered":"Vilk\u00e5r, satser og faktura"},"content":{"rendered":"\n<p class=\"has-medium-font-size\" style=\"font-style:normal;font-weight:600\">For tilbud i grunnskolen f\u00f8lger DKS Trondheim rammeavtalen fremforhandlet av KS og Creo <a href=\"https:\/\/www.ks.no\/fagomrader\/lonn-og-tariff\/ovrig-informasjon\/enighet-om-ny-rammeavtale-for-asa-4401\/\">(ASA 4401)<\/a>. <a href=\"https:\/\/www.denkulturelleskolesekken.no\/2023\/06\/05\/enighet-om-satsene-for-oppdrag-i-den-kulturelle-skolesekken-dks\/\">Siste reforhandling<\/a> gjelder fra 1.august 2025. Rammeavtalen gjelder ikke kulturinstitusjoner eller Den kulturelle barnehagesekken.<\/p>\n\n\n\n<p>Den kulturelle skole- og barnehagesekken i Trondheim fastsetter pris etter ett av f\u00f8lgende alternativer: <\/p>\n\n\n\n<ol class=\"wp-block-list\">\n<li>Honorarbasert pris<\/li>\n\n\n\n<li>Pakkepris<\/li>\n\n\n\n<li>Institusjonspris &#8211; kulturinstitusjoner<\/li>\n<\/ol>\n\n\n\n<p><strong>Honorarbasert pris i DKS grunnskole Fra 1.august 2023: <\/strong><\/p>\n\n\n\n<ul class=\"wp-block-list\">\n<li>Dagsats n\u00e6ringsdrivende: Kr. 6073,-<\/li>\n<\/ul>\n\n\n\n<p><strong>Honorarbasert pris i Den kulturelle barnehagesekken Fra 1.august 2023: <\/strong><\/p>\n\n\n\n<ul class=\"wp-block-list\">\n<li>Dagsats n\u00e6ringsdrivende: Kr. 5913,- <\/li>\n<\/ul>\n\n\n\n<p class=\"has-medium-font-size\" style=\"font-style:normal;font-weight:600\"><\/p>\n\n\n\n<p class=\"has-medium-font-size\" style=\"font-style:normal;font-weight:600\">Andre viktige forhold<\/p>\n\n\n\n<p>Vi gj\u00f8r oppmerksom p\u00e5 n\u00e6ringsdrivende ikke er ansatt i et arbeidstakerforhold, og selv st\u00e5r ansvarlig for utvidede sykepengeforsikringer. Se NAV sin informasjon om forsikringer her:<br>\u2013&nbsp;<a href=\"https:\/\/lovdata.no\/nav\/rundskriv\/v4-08-00\">sykepenger og f\u00f8dselspenger<\/a><br>\u2013&nbsp;<a href=\"https:\/\/www.nav.no\/no\/bedrift\/tjenester-og-skjemaer\/selvstendig-naringsdrivende-med-flere\/forsikring\/forsikring-for-selvstendig-naeringsdrivende\">generelt om forsikringer<\/a><\/p>\n\n\n<div id=\"pl-gb1120-69f241f0601b0\"  class=\"panel-layout wp-block-siteorigin-panels-layout-block\" ><div id=\"pg-gb1120-69f241f0601b0-0\"  class=\"panel-grid panel-no-style\" ><div id=\"pgc-gb1120-69f241f0601b0-0-0\"  class=\"panel-grid-cell\" ><div id=\"panel-gb1120-69f241f0601b0-0-0-0\" class=\"so-panel widget widget_sow-accordion panel-first-child panel-last-child\" data-index=\"0\" ><div\n\t\t\t\n\t\t\tclass=\"so-widget-sow-accordion so-widget-sow-accordion-default-99be652ed941-1120\"\n\t\t\t\n\t\t><div>\n\t<div class=\"sow-accordion\">\n\t\t\t<div class=\"sow-accordion-panel\n\t\t\t\t\"\n\t\t\tdata-anchor-id=\"rutiner-for-a-sende-faktura\">\n\t\t\t\t<div class=\"sow-accordion-panel-header-container\" role=\"heading\" aria-level=\"2\">\n\t\t\t\t\t<div class=\"sow-accordion-panel-header\" tabindex=\"0\" role=\"button\" id=\"accordion-label-rutiner-for-%c3%a5-sende-faktura\" aria-controls=\"accordion-content-rutiner-for-%c3%a5-sende-faktura\" aria-expanded=\"false\">\n\t\t\t\t\t\t<div class=\"sow-accordion-title sow-accordion-title-icon-left\">\n\t\t\t\t\t\t\t\t\t\t\t\t\t\tRutiner for \u00e5 sende faktura\t\t\t\t\t\t\t\t\t\t\t\t\t<\/div>\n\t\t\t\t\t\t<div class=\"sow-accordion-open-close-button\">\n\t\t\t\t\t\t\t<div class=\"sow-accordion-open-button\">\n\t\t\t\t\t\t\t\t<span class=\"sow-icon-ionicons\" data-sow-icon=\"&#xf218;\"\n\t\t \n\t\taria-hidden=\"true\"><\/span>\t\t\t\t\t\t\t<\/div>\n\t\t\t\t\t\t\t<div class=\"sow-accordion-close-button\">\n\t\t\t\t\t\t\t\t<span class=\"sow-icon-ionicons\" data-sow-icon=\"&#xf209;\"\n\t\t \n\t\taria-hidden=\"true\"><\/span>\t\t\t\t\t\t\t<\/div>\n\t\t\t\t\t\t<\/div>\n\t\t\t\t\t<\/div>\n\t\t\t\t<\/div>\n\n\t\t\t<div\n\t\t\t\tclass=\"sow-accordion-panel-content\"\n\t\t\t\trole=\"region\"\n\t\t\t\taria-labelledby=\"accordion-label-rutiner-for-%c3%a5-sende-faktura\"\n\t\t\t\tid=\"accordion-content-rutiner-for-%c3%a5-sende-faktura\"\n\t\t\t\tstyle=\"display: none;\"\t\t\t>\n\t\t\t\t<div class=\"sow-accordion-panel-border\">\n\t\t\t\t\t<p>Faktura sendes i EHF standard. Dersom du ikke har EHF integrert i eget system, kan du kostnadsfritt benytte deg av\u00a0<a title=\"Eye-share portall\u00f8sning\" href=\"https:\/\/supplierportal-trondheimkommune.eyeshare.no\/\">Eye-share portall\u00f8sning<\/a>\u00a0for \u00e5 sende EHF til Trondheim kommune.\u00a0<a title=\"Brukerveiledning\" href=\"https:\/\/docs.google.com\/document\/d\/1wqqs19_vkxpWyQzQAbbPWwkMZBe9MvNP\/edit\">Se brukerveiledning<\/a> for mer informasjon og veiledning i Eye-share Portal. Alle inng\u00e5ende fakturaer skal v\u00e6re merket med enhetens TK-org.kode i feltet &#8220;Deres ref.&#8221; p\u00e5 fakturaen.<\/p>\n<p><span style=\"font-weight: 400;\">Bel\u00f8pet forfaller til betaling 30 dager etter oppdragsgivers mottagelse av faktura. <\/span><span style=\"font-weight: 400;\">Faktura m\u00e5 sendes elektronisk via<\/span><a href=\"http:\/\/org.nr\/\"> <span style=\"font-weight: 400;\">org.nr<\/span><\/a><span style=\"font-weight: 400;\">. 942110464.<\/span><\/p>\n<p><span style=\"font-weight: 400;\">Dette m\u00e5 f\u00f8res i adressefeltet i faktura:<\/span><\/p>\n<ul>\n<li><span style=\"font-weight: 400;\">Trondheim kommune fakturamottak, <\/span>TK org kode 580000, Orgnr. 942 110464, Postboks 2399 Torgarden, 7004 Trondheim, TK org. kode 580000 f\u00f8res ogs\u00e5 i feltet \u201cDeres ref.\u201d<\/li>\n<li>For Den kulturelle skolesekken (grunnskole), merkes fakturaen: Prosjekt 995800<strong>36<\/strong><\/li>\n<li>For Den kulturelle barnehagesekken, merkes fakturaen: Prosjekt <span style=\"font-weight: 400;\">995800<strong>46<\/strong><\/span><\/li>\n<\/ul>\n<p><b>NB!<\/b><span style=\"font-weight: 400;\"> Trondheim kommune har inntil 30 dagers behandlingstid for faktura. Send gjerne faktura i god tid, men ikke med forfallsdato f\u00f8r prosjektet er avsluttet.<\/span><\/p>\n<p>&nbsp;<\/p>\n<ul>\n<li style=\"list-style-type: none;\"><\/li>\n<\/ul>\n<p>&nbsp;<\/p>\n\t\t\t\t<\/div>\n\t\t\t<\/div>\n\t\t<\/div>\n\t\t<\/div>\n<\/div>\n<\/div><\/div><\/div><\/div><\/div>","protected":false},"excerpt":{"rendered":"<p>For tilbud i grunnskolen f\u00f8lger DKS Trondheim rammeavtalen fremforhandlet av KS og Creo (ASA 4401). Siste reforhandling gjelder fra 1.august 2025. Rammeavtalen gjelder ikke kulturinstitusjoner eller Den kulturelle barnehagesekken. Den kulturelle skole- og barnehagesekken i Trondheim fastsetter pris etter ett av f\u00f8lgende alternativer: Honorarbasert pris i DKS grunnskole Fra 1.august 2023: Honorarbasert pris i Den [&hellip;]<\/p>\n","protected":false},"author":14,"featured_media":0,"parent":0,"menu_order":0,"comment_status":"closed","ping_status":"closed","template":"","meta":{"footnotes":""},"class_list":["post-1120","page","type-page","status-publish","hentry"],"_links":{"self":[{"href":"https:\/\/www.denkulturelleskolesekken.no\/trondheim\/wp-json\/wp\/v2\/pages\/1120","targetHints":{"allow":["GET"]}}],"collection":[{"href":"https:\/\/www.denkulturelleskolesekken.no\/trondheim\/wp-json\/wp\/v2\/pages"}],"about":[{"href":"https:\/\/www.denkulturelleskolesekken.no\/trondheim\/wp-json\/wp\/v2\/types\/page"}],"author":[{"embeddable":true,"href":"https:\/\/www.denkulturelleskolesekken.no\/trondheim\/wp-json\/wp\/v2\/users\/14"}],"replies":[{"embeddable":true,"href":"https:\/\/www.denkulturelleskolesekken.no\/trondheim\/wp-json\/wp\/v2\/comments?post=1120"}],"version-history":[{"count":28,"href":"https:\/\/www.denkulturelleskolesekken.no\/trondheim\/wp-json\/wp\/v2\/pages\/1120\/revisions"}],"predecessor-version":[{"id":1450,"href":"https:\/\/www.denkulturelleskolesekken.no\/trondheim\/wp-json\/wp\/v2\/pages\/1120\/revisions\/1450"}],"wp:attachment":[{"href":"https:\/\/www.denkulturelleskolesekken.no\/trondheim\/wp-json\/wp\/v2\/media?parent=1120"}],"curies":[{"name":"wp","href":"https:\/\/api.w.org\/{rel}","templated":true}]}}