{"id":31,"date":"2019-10-31T13:54:44","date_gmt":"2019-10-31T13:54:44","guid":{"rendered":"https:\/\/viken.kulturtanken.app\/?page_id=31"},"modified":"2026-04-27T11:10:56","modified_gmt":"2026-04-27T11:10:56","slug":"er-du-utover","status":"publish","type":"page","link":"https:\/\/www.denkulturelleskolesekken.no\/troms\/er-du-utover\/","title":{"rendered":"DKS for ut\u00f8vere"},"content":{"rendered":"\n<h3 class=\"wp-block-heading has-vivid-red-color has-text-color\" id=\"honorar-og-diett\">Innmelding av forslag<\/h3>\n\n\n\n<p><strong>Profesjonelle ut\u00f8vere, produsenter og formidlere av kunst og kultur kan melde inn forslag til Den kulturelle skolesekken. Forslag meldes inn i <a rel=\"noreferrer noopener\" href=\"https:\/\/portal.denkulturelleskolesekken.no\/\" target=\"_blank\">DKS-portalen.<\/a><\/strong><\/p>\n\n\n\n<p><strong>Portalen \u00e5pner 1. september for innsendelse av forslag til p\u00e5f\u00f8lgende skole\u00e5r. Innmeldingsfrist er 1. oktober kl 23.59.&nbsp;<\/strong><\/p>\n\n\n\n<p>MERK: ogs\u00e5 de som allerede er antatt, og har v\u00e6rt med p\u00e5 programmet, m\u00e5 s\u00f8ke\/reaktivere forslaget sitt.<\/p>\n\n\n\n<p><\/p>\n\n\n\n<h3 class=\"wp-block-heading has-vivid-red-color has-text-color\">BESKRIVELSE:<\/h3>\n\n\n\n<p><strong>DKS Troms<\/strong> gj\u00f8r en helhetlig vurdering av hele programmet basert p\u00e5 prioriteringer kommende skole\u00e5r, herunder \u00f8konomi. Det trenger med andre ord ikke \u00e5 v\u00e6re kvalitetsmessige \u00e5rsaker til at en produksjon ikke blir med i DKS-programmet i Troms, men en total vurdering av programprofil.&nbsp;<\/p>\n\n\n\n<h3 class=\"wp-block-heading has-vivid-red-color has-text-color\" id=\"block-d4f98031-0825-4d4b-bb64-7716143325bc\">KRITERIER:&nbsp;<\/h3>\n\n\n\n<p>1) DKS Troms er ikke en produserende enhet, og vil kun vurdere produksjoner som er ferdig produsert.&nbsp;<\/p>\n\n\n\n<p>2) Produksjoner som gir lite grunnlag\u202ffor vurdering, herunder mangelfullt dokumentert, og\/eller manglende beskrivelse av produksjon og formidling til m\u00e5lgruppe vil kunne bli avvist uten videre vurdering.\u202fFilm og sceniske produksjoner (innen alle uttrykk) som ikke leverer opptak av konsert\/forestilling\/film vil ogs\u00e5 kunne bli avvist uten videre vurdering. For \u00f8vrige uttrykk er dette ikke et krav, men sterkt \u00f8nskelig.&nbsp;<\/p>\n\n\n\n<p>3) Forslaget m\u00e5 inneholde oversikt over samtlige kostnader knyttet til leie av utstyr, materialkostnader, fraktkostnader og evt. annet som kommer i tillegg til honorar, reise, diett og opphold.&nbsp;&nbsp;<\/p>\n\n\n\n<p>4) Tallfestede kriterier for skole\u00e5ret 26\/27 er som f\u00f8lger: Vi prioriterer sceniske produksjoner med inntil 5 ut\u00f8vere (inkludert tekniker) Verksteder m\u00e5 ikke overstige 2 ut\u00f8vere og kunne avholdes for minimum en hel skoleklasse. Materialutgifter til verksteder b\u00f8r ikke overstige NOK 50,- pr. elev. Innen fagfeltet film \u00f8nsker vi filmvisninger med kun \u00e9n ut\u00f8ver.&nbsp;&nbsp;&nbsp;<\/p>\n\n\n\n<p>5) Minimum \u00e9n person i turn\u00e9f\u00f8lget m\u00e5 ha f\u00f8rerkort klasse B.&nbsp;&nbsp;<\/p>\n\n\n\n<p><\/p>\n\n\n\n<p><\/p>\n\n\n\n<h3 class=\"wp-block-heading has-vivid-red-color has-text-color\">TIPS TIL INNMELDINGEN&nbsp;<\/h3>\n\n\n\n<p>Hver produksjon er unik, og det er derfor ikke lagt opp strenge maler for \u00e5 gi en god beskrivelse. Det er likevel noen ting man kan merke seg, og sp\u00f8rsm\u00e5l man kan fors\u00f8ke \u00e5 besvare, slik at vi p\u00e5 best mulig m\u00e5te kan gj\u00f8re v\u00e5r vurdering. &nbsp;<br>&nbsp;<br>V\u00e6re konkret. Det er viktig \u00e5 gi et klart og tydelig bilde av produksjonen:&nbsp;<\/p>\n\n\n\n<ul class=\"wp-block-list\">\n<li>Hvordan presenteres ut\u00f8verne?&nbsp;<\/li>\n<\/ul>\n\n\n\n<ul class=\"wp-block-list\">\n<li>Hvordan presenteres det kunstneriske?&nbsp;<\/li>\n<\/ul>\n\n\n\n<ul class=\"wp-block-list\">\n<li>Hva kan du si om formidlingen?&nbsp;<\/li>\n<\/ul>\n\n\n\n<ul class=\"wp-block-list\">\n<li>Hvordan ivaretas tekniske og praktiske anliggender?&nbsp;<\/li>\n<\/ul>\n\n\n\n<ul class=\"wp-block-list\">\n<li>Hvilken erfaring har produksjonen og\/eller de medvirkende med m\u00e5lgruppa?&nbsp;<\/li>\n<\/ul>\n\n\n\n<ul class=\"wp-block-list\">\n<li>Er det annet du b\u00f8r si noe om for \u00e5 fremheve kvaliteten?&nbsp;<\/li>\n<\/ul>\n\n\n\n<ul class=\"wp-block-list\">\n<li>Tenk at teksten i sammendraget skal v\u00e6re en innsalgstekst, som \u00abreklamerer\u00bb godt for produksjonen.&nbsp;<\/li>\n<\/ul>\n\n\n\n<ul class=\"wp-block-list\">\n<li>M\u00e5lgruppe:&nbsp;<br>&#8211; Vi har ikke et tilbud til barnehage&nbsp;<br>&#8211; Har man valgt en sv\u00e6rt bred m\u00e5lgruppe m\u00e5 det beskrives n\u00e6rmere hvordan produksjonen     tilpasses den enkelte&nbsp;<br>&#8211; Om produksjonen ogs\u00e5 egner seg som tilrettelagt m\u00e5 dette beskrives n\u00e6rmere&nbsp;<\/li>\n<\/ul>\n\n\n\n<h4 class=\"wp-block-heading has-vivid-red-color has-text-color\">Sjekkliste f\u00f8r innsending:&nbsp;&nbsp;<\/h4>\n\n\n\n<p>Alle produksjoner skal som minimum ha f\u00f8lgende dokumentasjon, s\u00e5 sjekk at du har f\u00e5tt alt med:&nbsp;<\/p>\n\n\n\n<ul class=\"wp-block-list\">\n<li>CV for de involverte&nbsp;<\/li>\n<\/ul>\n\n\n\n<ul class=\"wp-block-list\">\n<li>Oversikt over kostnader for materiell, teknisk utstyr og annet utstyr som m\u00e5 kj\u00f8pes\/leies inn. &nbsp;<\/li>\n<\/ul>\n\n\n\n<ul class=\"wp-block-list\">\n<li>Bilder av produksjonen, med god oppl\u00f8sning og fotokreditering.&nbsp;<\/li>\n<\/ul>\n\n\n\n<ul class=\"wp-block-list\">\n<li>Sceniske produksjoner innen musikk og scenekunst og om produksjonen m\u00e5 inneholde videodokumentasjon for \u00e5 bli vurdert.&nbsp;<\/li>\n<\/ul>\n\n\n\n<ul class=\"wp-block-list\">\n<li>Det er sterkt \u00f8nsket med videodokumentasjon ogs\u00e5 innen kulturarv, visuell kunst og litteratur.\u202fEnten i fullversjon, eller en filmsnutt der man presenterer produksjonen.&nbsp;<\/li>\n<\/ul>\n\n\n\n<ul class=\"wp-block-list\">\n<li>Produksjonen b\u00f8r ha v\u00e6rt pr\u00f8vd ut p\u00e5 m\u00e5lgruppen, legg gjerne ved referanse fra l\u00e6rer eller andre.&nbsp;<\/li>\n<\/ul>\n\n\n\n<p>For mer informasjon, sjekk ut&nbsp; <a href=\"https:\/\/www.denkulturelleskolesekken.no\/2021\/08\/04\/vil-du-bidra-i-den-kulturelle-skolesekken\/\" target=\"_blank\" rel=\"noreferrer noopener\">nasjonale siden for Den kulturelle skolesekken<\/a>&nbsp;<\/p>\n\n\n\n<p><\/p>\n\n\n\n<h3 class=\"wp-block-heading has-vivid-red-color has-text-color\">PROGRAMPROSESS I TROMS FYLKE&nbsp;&nbsp;<\/h3>\n\n\n\n<p>Den kulturelle skolesekken i Troms legger vekt p\u00e5 \u00e5 n\u00e5 de nasjonale m\u00e5lene for ordningen, slik de st\u00e5r nedfelt i\u202f<em>Meld. St. 18 (2020-2021)\u202f<\/em><a href=\"https:\/\/www.regjeringen.no\/no\/dokumenter\/meld.-st.-18-20202021\/id2839455\/\" target=\"_blank\" rel=\"noreferrer noopener\"><em>Oppleve, skape, dele \u2013 Kunst og kultur for, med og av barn og unge<\/em><\/a><em>.<\/em>&nbsp;<\/p>\n\n\n\n<p>I tillegg til de nasjonale m\u00e5lene i lenken over har vi samisk og kvensk\/norsk-finsk som s\u00e6rskilte satsingsomr\u00e5der.&nbsp;<\/p>\n\n\n\n<p><strong>Framdrift<\/strong>&nbsp;<\/p>\n\n\n\n<ul class=\"wp-block-list\">\n<li>Innmeldingsfrist: 1. oktober&nbsp;<\/li>\n<\/ul>\n\n\n\n<ul class=\"wp-block-list\">\n<li>Forslagsbehandling: oktober til januar&nbsp;<\/li>\n<\/ul>\n\n\n\n<ul class=\"wp-block-list\">\n<li>Programinnstilling og vedtak: februar&nbsp;<\/li>\n<\/ul>\n\n\n\n<ul class=\"wp-block-list\">\n<li>Svar til ut\u00f8ver i portalen: seinest 15. mars&nbsp;<\/li>\n<\/ul>\n\n\n\n<p><strong>Forslagsbehandling<\/strong>&nbsp;<br>Innmeldingsfristen er 1. oktober. Innmeldte produksjoner vurderes i f\u00f8rste omgang av DKS Troms og eksterne kunstfaglige r\u00e5dgivere. Noen produksjoner prioriteres utfra kriteriene nevnt over, og tas med videre til hvert kunstuttrykks fagteam, der ogs\u00e5 en kommunerepresentant og en VGS-l\u00e6rere er med. Elevenes stemme h\u00f8res ogs\u00e5, gjennom juryklasseordningen, som vi har p\u00e5 hvert kunstuttrykk.&nbsp;<\/p>\n\n\n\n<p><strong>Programinnstilling og vedtak<\/strong>&nbsp;<br>Administrasjonen i DKS Troms gj\u00f8r, p\u00e5 bakgrunnen av arbeidet i fagteamene, en programinnstilling. Den oppsummerer mandat, f\u00f8ringer, kvalitetssikringsprosedyrer, budsjettmessig oppstilling og en tabelloversikt over de valgte produksjonene.&nbsp;<\/p>\n\n\n\n<p><strong>Svar til ut\u00f8ver<\/strong>&nbsp;<br>Alle f\u00e5r svar i DKS-portalen. Svaret vil v\u00e6re et generelt avslag eller et tilbud. Det f\u00f8lger ikke en utdypende begrunnelse for avslag. Det er ulikt hvor mange s\u00f8knader som blir godkjent hvert \u00e5r. Det avhenger av budsjett, antall elever og hvor mange nye produksjoner som trengs det p\u00e5f\u00f8lgende skole\u00e5r. Lengde p\u00e5 turn\u00e9 varierer ut fra behov og helheten i programmet. &nbsp;<br>For de som f\u00e5r tilbud, oppretter DKS Troms dialog, for \u00e5 enes om omfang, gjennomf\u00f8ringsplan og kontrakt.<\/p>\n\n\n\n<p><em> <\/em><\/p>\n\n\n\n<h1 class=\"wp-block-heading\">DKS-turn\u00e9<\/h1>\n\n\n\n<h3 class=\"wp-block-heading has-vivid-red-color has-text-color\" id=\"honorar-og-diett\">Honorar og diett<\/h3>\n\n\n<p>Troms fylkeskommune f\u00f8lger fremforhandlet rammeavtale for DKS, og honorer etter gjeldende satser. Pr 01.08.2025 er dagshonoraret p\u00e5 NOK 6.073,-<br \/>Scenekunstproduksjoner som er p\u00e5 Scenekunstbrukets repertoar honoreres etter gjeldende satser. Andre scenekunstproduksjoner honoreres etter avtale.<\/p>\n<p><strong>DIETT<\/strong><br \/>Fylkeskommunen f\u00f8lger statens satser. \u00a0<a href=\"https:\/\/cdn.denkulturelleskolesekken.no\/troms\/19623735-slik-regner-du-diett.pdf\" target=\"_blank\" rel=\"noopener\">Se forklaring p\u00e5 hvordan du regner ut diett<\/a><br \/>Gjeldende diettsatser: <a href=\"https:\/\/arbeidsgiver.difi.no\/lonn-goder-og-reise\/reise\/statens-satser-innenlands\" target=\"_blank\" rel=\"noopener\">https:\/\/arbeidsgiver.difi.no\/lonn-goder-og-reise\/reise\/statens-satser-innenlands<\/a><br \/>Her finner du <a href=\"https:\/\/cdn.denkulturelleskolesekken.no\/troms\/a206defd-reiseregning-2025.pdf\">Reiseregningskjema <\/a>(Skal ikke sendes inn, men kan brukes for \u00e5 regne ut dietten og eventuelt som vedlegg til faktura.)<\/p>\n\n\n<h3 class=\"wp-block-heading\" id=\"kort-om-turnelegging\"><mark style=\"background-color:rgba(0, 0, 0, 0)\" class=\"has-inline-color has-vivid-red-color\">Kort om turn\u00e9legging<\/mark><\/h3>\n\n\n\n<p>Turn\u00e9legging foretas av turn\u00e9legger i fylkeskommunen. Dette inneb\u00e6rer at alt av fly-, hotell- og leiebilbestillinger foretas av fylkeskommunen. Reiseplan sendes ut\u00f8ver i god tid f\u00f8r turn\u00e9start.<\/p>\n\n\n\n<p>Vi oppfordrer alle ut\u00f8vere til \u00e5 laste ned <strong>appen &laquo;DKS ut\u00f8ver&raquo;<\/strong>, som kan gi god oversikt n\u00e5r man er ute p\u00e5 turn\u00e9! <br>Den finnes b\u00e5de for <a rel=\"noreferrer noopener\" href=\"https:\/\/apps.apple.com\/no\/app\/dks-ut%C3%B8ver\/id1459957906?l=nb\" target=\"_blank\">iPhone<\/a> og <a rel=\"noreferrer noopener\" href=\"https:\/\/play.google.com\/store\/apps\/details?id=no.netpower.kulturtanken.app&amp;hl=no\" target=\"_blank\">Android<\/a>. <\/p>\n\n\n\n<h3 class=\"wp-block-heading has-vivid-red-color has-text-color has-link-color wp-elements-82a4d5df236857ced9f8039613265f49\" id=\"dks-og-covid-19\">Veileder for deg som tar oppdrag i Den kulturelle skolesekken (DKS)<\/h3>\n\n\n\n<p>Dette er en veileder for alle ut\u00f8vere, kunstnere og kulturformidlere som har oppdrag<br>i DKS, og skal bidra til trygge og gode m\u00f8ter med skolene og elevene.<br><a href=\"https:\/\/cdn.denkulturelleskolesekken.no\/troms\/efee0bdd-veileder-for-utovere-i-den-kulturelle-skolesekken.pdf\" target=\"_blank\" rel=\"noreferrer noopener\"><strong>Veileder for ut\u00f8vere<\/strong><\/a><br><\/p>\n\n\n\n<p><br><\/p>\n\n\n\n<p><strong>Velkommen til oss i<\/strong> <strong>Troms<\/strong><\/p>\n\n\n\n<div style=\"height:150px\" aria-hidden=\"true\" class=\"wp-block-spacer\"><\/div>\n\n\n\n<p><\/p>\n","protected":false},"excerpt":{"rendered":"<p>Innmelding av forslag Profesjonelle ut\u00f8vere, produsenter og formidlere av kunst og kultur kan melde inn forslag til Den kulturelle skolesekken. Forslag meldes inn i DKS-portalen. Portalen \u00e5pner 1. september for innsendelse av forslag til p\u00e5f\u00f8lgende skole\u00e5r. Innmeldingsfrist er 1. oktober kl 23.59.&nbsp; MERK: ogs\u00e5 de som allerede er antatt, og har v\u00e6rt med p\u00e5 programmet, [&hellip;]<\/p>\n","protected":false},"author":9,"featured_media":0,"parent":0,"menu_order":0,"comment_status":"closed","ping_status":"closed","template":"","meta":{"footnotes":""},"class_list":["post-31","page","type-page","status-publish","hentry"],"_links":{"self":[{"href":"https:\/\/www.denkulturelleskolesekken.no\/troms\/wp-json\/wp\/v2\/pages\/31","targetHints":{"allow":["GET"]}}],"collection":[{"href":"https:\/\/www.denkulturelleskolesekken.no\/troms\/wp-json\/wp\/v2\/pages"}],"about":[{"href":"https:\/\/www.denkulturelleskolesekken.no\/troms\/wp-json\/wp\/v2\/types\/page"}],"author":[{"embeddable":true,"href":"https:\/\/www.denkulturelleskolesekken.no\/troms\/wp-json\/wp\/v2\/users\/9"}],"replies":[{"embeddable":true,"href":"https:\/\/www.denkulturelleskolesekken.no\/troms\/wp-json\/wp\/v2\/comments?post=31"}],"version-history":[{"count":96,"href":"https:\/\/www.denkulturelleskolesekken.no\/troms\/wp-json\/wp\/v2\/pages\/31\/revisions"}],"predecessor-version":[{"id":2358,"href":"https:\/\/www.denkulturelleskolesekken.no\/troms\/wp-json\/wp\/v2\/pages\/31\/revisions\/2358"}],"wp:attachment":[{"href":"https:\/\/www.denkulturelleskolesekken.no\/troms\/wp-json\/wp\/v2\/media?parent=31"}],"curies":[{"name":"wp","href":"https:\/\/api.w.org\/{rel}","templated":true}]}}