{"id":23,"date":"2019-10-31T13:50:15","date_gmt":"2019-10-31T13:50:15","guid":{"rendered":"https:\/\/viken.kulturtanken.app\/?page_id=23"},"modified":"2025-09-16T08:12:22","modified_gmt":"2025-09-16T08:12:22","slug":"dks-i-skolen","status":"publish","type":"page","link":"https:\/\/www.denkulturelleskolesekken.no\/troms\/dks-i-skolen\/","title":{"rendered":"DKS i skolen"},"content":{"rendered":"\n<h2 class=\"wp-block-heading has-vivid-red-color has-text-color\">Kulturkontaktens rolle<br><\/h2>\n\n\n<p>Skolens prim\u00e6re oppgave er \u00e5 f\u00f8lge opp DKS slik det st\u00e5r beskrevet i\u00a0<a href=\"https:\/\/www.regjeringen.no\/no\/dokumenter\/Stmeld-nr-8-2007-2008-\/id492761\/\" target=\"_blank\" rel=\"noopener noreferrer\">Stortingsmelding 8 \u00abKulturell skulesekk for framtida\u00bb<\/a>. DKS skal s\u00f8rge for gode m\u00f8ter mellom elev og profesjonelle kunstnere, og skolen skal legge til rette for at DKS blir en ressurs til undervisningen og s\u00f8rge for den praktiske tilretteleggingen.<\/p>\n<p><!-- \/wp:post-content --><!-- wp:paragraph --><\/p>\n<p>Alle skoler har en kulturkontakt som er ansvarlig for DKS\u00a0p\u00e5 sin skole. Kulturkontakten har oversikt over n\u00e5r arrangementene kommer p\u00e5 bes\u00f8k og s\u00f8rger for \u00e5 involvere ledelsen og \u00f8vrige ansatte p\u00e5 skolen, slik at dere i fellesskap s\u00f8rger for at DKS-bes\u00f8kene innlemmes i skolens \u00f8vrige planer og \u00e5rshjul. Kulturkontakten er\u00a0ogs\u00e5 ansvarlig for evt. elevarrang\u00f8rer p\u00e5 sin skole.<\/p>\n<ul>\n<li><a href=\"https:\/\/cdn.denkulturelleskolesekken.no\/troms\/21b04a8c-kulturkontaktens-rolle-og-oppgaver_oppdatert_juni-2024.docx\" target=\"_blank\" rel=\"noopener\">Kulturkontaktens rolle og oppgaver<\/a><\/li>\n<\/ul>\n<p><!-- \/wp:paragraph --><\/p>\n<p><!-- wp:heading {\"textColor\":\"vivid-red\"} --><\/p>\n<h2 class=\"has-vivid-red-color has-text-color\">Ressurser<\/h2>\n<p><!-- \/wp:heading --><\/p>\n<p><strong>REISEBESTILLING \/ ELEVTRANSPORT<\/strong>\u00a0<\/p>\n<p><strong>Direktefakturering til fylkeskommunen opph\u00f8rer<\/strong>\u00a0<\/p>\n<p>Det vil ikke lenger v\u00e6re mulig \u00e5 sende fakturaer direkte til fylkeskommunen for utgifter knyttet til elevtransport. Dette inneb\u00e6rer at\u00a0<strong>reisebestillingsskjema med fylkeskommunal fakturaadresse skal slettes og ikke benyttes etter september 2025.<\/strong><\/p>\n<p>Videreg\u00e5ende skoler m\u00e5 <strong>selv bestille elevtransport og motta og h\u00e5ndtere fakturaer<\/strong>\u00a0for alle relevante bestillinger.\u00a0<\/p>\n<ul>\n<li>Skolen kan deretter internfakturere fylkeskommunen.\u00a0\u00a0<\/li>\n<li>fakturaen m\u00e5 inneholde:\u00a0<br \/><strong>\u2013 oversikt over kostnader<\/strong>\u00a0<br \/><strong>\u2013 hvilken produksjon(er) det gjelder for<\/strong><\/li>\n<\/ul>\n<p><strong><br \/>For KULTURKONTAKTER<\/strong>:<br \/>&#8211; <a href=\"https:\/\/www.denkulturelleskolesekken.no\/dks-portalen\/kulturkontakt\/\" target=\"_blank\" rel=\"noopener\">Hvordan bruke DKS-portalen<\/a><br \/>&#8211; <a href=\"https:\/\/www.kulturtanken.no\/veileder-for-kulturkontakten\/\" target=\"_blank\" rel=\"noopener\">Veiledning for kulturkontakter<\/a><\/p>\n<p><strong>For L\u00c6RERE<\/strong>:<br \/>&#8211; Verkt\u00f8yark, TIPS til FORARBEID: <a href=\"https:\/\/media.wpd.digital\/kulturtanken\/uploads\/2023\/02\/Hjelp.-DKS-kommer.-Hva-gjor-jeg-verktoyark.pdf\" target=\"_blank\" rel=\"noopener\">Hjelp! DKS kommer. Hva gj\u00f8r jeg? <\/a><br \/>&#8211; <a href=\"https:\/\/www.denkulturelleskolesekken.no\/dks-i-skolen\/\" target=\"_blank\" rel=\"noopener\">Infoside om DKS i skolen<\/a><\/p>\n<p><strong>ELEVER SOM ARRANG\u00d8RER:<\/strong>\u00a0<\/p>\n<p>&#8211; <a href=\"https:\/\/www.denkulturelleskolesekken.no\/troms\/utforsk-produksjoner-i-dks\/?produksjon=20809\">Kurs til din skole?<\/a><br \/>&#8211; <a href=\"https:\/\/cdn.denkulturelleskolesekken.no\/troms\/b02d148f-elevarrangorhefte_august-2025.pdf\" target=\"_blank\" rel=\"noopener\">Elevarrang\u00f8rhefte<\/a><br \/>&#8211; <a href=\"https:\/\/cdn.denkulturelleskolesekken.no\/troms\/e06989b5-sjekkliste_dks-besok-3.pdf\" target=\"_blank\" rel=\"noopener\">Sjekkliste_DKS-bes\u00f8k<\/a><br \/>&#8211; <a href=\"https:\/\/vimeo.com\/showcase\/9470386\" target=\"_blank\" rel=\"noopener\">Filmer<\/a><\/p>\n<p><!-- wp:paragraph --><\/p>\n<p><!-- \/wp:paragraph --><\/p>\n<p><!-- wp:paragraph --><\/p>\n<p><!-- \/wp:paragraph --><\/p>\n<p><!-- wp:paragraph --><\/p>\n<p><!-- \/wp:paragraph --><\/p>\n<p><!-- wp:paragraph --><\/p>\n<p><!-- \/wp:paragraph --><\/p>\n<p><!-- wp:paragraph --><\/p>\n<p><!-- \/wp:paragraph --><\/p>\n<p><!-- wp:paragraph --><\/p>\n<p><!-- \/wp:paragraph --><\/p>\n<p><!-- wp:paragraph --><\/p>\n<p><!-- \/wp:paragraph --><\/p>\n<p><!-- wp:paragraph --><\/p>\n<p><!-- \/wp:paragraph --><\/p>\n<p><!-- wp:paragraph --><\/p>\n<p><!-- \/wp:paragraph --><\/p>\n<p><!-- wp:paragraph --><\/p>\n<p><!-- \/wp:paragraph --><\/p>\n<p><!-- wp:paragraph --><\/p>\n<p><!-- \/wp:paragraph --><\/p>\n<p><!-- wp:paragraph --><\/p>\n<p><!-- \/wp:paragraph --><\/p>\n<p><!-- wp:paragraph --><\/p>\n<p><!-- \/wp:paragraph --><\/p>","protected":false},"excerpt":{"rendered":"<p>Kulturkontaktens rolle Skolens prim\u00e6re oppgave er \u00e5 f\u00f8lge opp DKS slik det st\u00e5r beskrevet i\u00a0Stortingsmelding 8 \u00abKulturell skulesekk for framtida\u00bb. DKS skal s\u00f8rge for gode m\u00f8ter mellom elev og profesjonelle kunstnere, og skolen skal legge til rette for at DKS blir en ressurs til undervisningen og s\u00f8rge for den praktiske tilretteleggingen. Alle skoler har en [&hellip;]<\/p>\n","protected":false},"author":9,"featured_media":0,"parent":0,"menu_order":0,"comment_status":"closed","ping_status":"closed","template":"","meta":{"footnotes":""},"class_list":["post-23","page","type-page","status-publish","hentry"],"_links":{"self":[{"href":"https:\/\/www.denkulturelleskolesekken.no\/troms\/wp-json\/wp\/v2\/pages\/23","targetHints":{"allow":["GET"]}}],"collection":[{"href":"https:\/\/www.denkulturelleskolesekken.no\/troms\/wp-json\/wp\/v2\/pages"}],"about":[{"href":"https:\/\/www.denkulturelleskolesekken.no\/troms\/wp-json\/wp\/v2\/types\/page"}],"author":[{"embeddable":true,"href":"https:\/\/www.denkulturelleskolesekken.no\/troms\/wp-json\/wp\/v2\/users\/9"}],"replies":[{"embeddable":true,"href":"https:\/\/www.denkulturelleskolesekken.no\/troms\/wp-json\/wp\/v2\/comments?post=23"}],"version-history":[{"count":109,"href":"https:\/\/www.denkulturelleskolesekken.no\/troms\/wp-json\/wp\/v2\/pages\/23\/revisions"}],"predecessor-version":[{"id":2272,"href":"https:\/\/www.denkulturelleskolesekken.no\/troms\/wp-json\/wp\/v2\/pages\/23\/revisions\/2272"}],"wp:attachment":[{"href":"https:\/\/www.denkulturelleskolesekken.no\/troms\/wp-json\/wp\/v2\/media?parent=23"}],"curies":[{"name":"wp","href":"https:\/\/api.w.org\/{rel}","templated":true}]}}