{"id":925,"date":"2022-06-21T19:02:10","date_gmt":"2022-06-21T19:02:10","guid":{"rendered":"https:\/\/wordpress.kulturtanken.app\/oslo\/?page_id=925"},"modified":"2025-05-05T12:37:50","modified_gmt":"2025-05-05T12:37:50","slug":"elever","status":"publish","type":"page","link":"https:\/\/www.denkulturelleskolesekken.no\/oslo\/elever\/","title":{"rendered":"Elevtilbud"},"content":{"rendered":"<div id=\"pl-gb925-69f5cfc5a6f4e\"  class=\"panel-layout wp-block-siteorigin-panels-layout-block\" ><div id=\"pg-gb925-69f5cfc5a6f4e-0\"  class=\"panel-grid panel-no-style\" ><div id=\"pgc-gb925-69f5cfc5a6f4e-0-0\"  class=\"panel-grid-cell\" ><div id=\"panel-gb925-69f5cfc5a6f4e-0-0-0\" class=\"so-panel widget widget_sow-accordion panel-first-child\" data-index=\"0\" ><div\n\t\t\t\n\t\t\tclass=\"so-widget-sow-accordion so-widget-sow-accordion-default-99be652ed941-925\"\n\t\t\t\n\t\t><div>\n\t<div class=\"sow-accordion\">\n\t\t<\/div>\n<\/div>\n<\/div><\/div><div id=\"panel-gb925-69f5cfc5a6f4e-0-0-1\" class=\"so-panel widget widget_sow-accordion panel-last-child\" data-index=\"1\" ><div\n\t\t\t\n\t\t\tclass=\"so-widget-sow-accordion so-widget-sow-accordion-default-99be652ed941-925\"\n\t\t\t\n\t\t><div>\n\t<div class=\"sow-accordion\">\n\t\t<\/div>\n<\/div>\n<\/div><\/div><\/div><\/div><\/div>\n\n<div id=\"pl-gb925-69f5cfc5e7051\"  class=\"panel-layout wp-block-siteorigin-panels-layout-block\" ><div id=\"pg-gb925-69f5cfc5e7051-0\"  class=\"panel-grid panel-no-style\" ><div id=\"pgc-gb925-69f5cfc5e7051-0-0\"  class=\"panel-grid-cell\" ><div id=\"panel-gb925-69f5cfc5e7051-0-0-0\" class=\"so-panel widget widget_sow-accordion panel-first-child\" data-index=\"0\" ><div class=\"panel-widget-style panel-widget-style-for-gb925-69f5cfc5e7051-0-0-0\" ><div\n\t\t\t\n\t\t\tclass=\"so-widget-sow-accordion so-widget-sow-accordion-default-613ea6e40034-925\"\n\t\t\t\n\t\t><div>\n\t<div class=\"sow-accordion\">\n\t\t\t<div class=\"sow-accordion-panel\n\t\t sow-accordion-panel-open\t\t\"\n\t\t\tdata-anchor-id=\"elevarrangorkurs-vil-du-bli-en-god-arrangor-pamelding-host-2025-apner-i-mai\">\n\t\t\t\t<div class=\"sow-accordion-panel-header-container\" role=\"heading\" aria-level=\"2\">\n\t\t\t\t\t<div class=\"sow-accordion-panel-header\" tabindex=\"0\" role=\"button\" id=\"accordion-label-elevarrang%c3%b8rkurs-vil-du-bli-en-god-arrang%c3%b8r-p%c3%a5melding-h%c3%b8st-2025-%c3%a5pner-i-mai\" aria-controls=\"accordion-content-elevarrang%c3%b8rkurs-vil-du-bli-en-god-arrang%c3%b8r-p%c3%a5melding-h%c3%b8st-2025-%c3%a5pner-i-mai\" aria-expanded=\"true\">\n\t\t\t\t\t\t<div class=\"sow-accordion-title sow-accordion-title-icon-left\">\n\t\t\t\t\t\t\t\t\t\t\t\t\t\tElevarrang\u00f8rkurs &#8211; vil du bli en god arrang\u00f8r? P\u00e5melding h\u00f8st 2025 \u00e5pner i mai\t\t\t\t\t\t\t\t\t\t\t\t\t<\/div>\n\t\t\t\t\t\t<div class=\"sow-accordion-open-close-button\">\n\t\t\t\t\t\t\t<div class=\"sow-accordion-open-button\">\n\t\t\t\t\t\t\t\t<span class=\"sow-icon-ionicons\" data-sow-icon=\"&#xf218;\"\n\t\t \n\t\taria-hidden=\"true\"><\/span>\t\t\t\t\t\t\t<\/div>\n\t\t\t\t\t\t\t<div class=\"sow-accordion-close-button\">\n\t\t\t\t\t\t\t\t<span class=\"sow-icon-ionicons\" data-sow-icon=\"&#xf209;\"\n\t\t \n\t\taria-hidden=\"true\"><\/span>\t\t\t\t\t\t\t<\/div>\n\t\t\t\t\t\t<\/div>\n\t\t\t\t\t<\/div>\n\t\t\t\t<\/div>\n\n\t\t\t<div\n\t\t\t\tclass=\"sow-accordion-panel-content\"\n\t\t\t\trole=\"region\"\n\t\t\t\taria-labelledby=\"accordion-label-elevarrang%c3%b8rkurs-vil-du-bli-en-god-arrang%c3%b8r-p%c3%a5melding-h%c3%b8st-2025-%c3%a5pner-i-mai\"\n\t\t\t\tid=\"accordion-content-elevarrang%c3%b8rkurs-vil-du-bli-en-god-arrang%c3%b8r-p%c3%a5melding-h%c3%b8st-2025-%c3%a5pner-i-mai\"\n\t\t\t\t\t\t\t>\n\t\t\t\t<div class=\"sow-accordion-panel-border\">\n\t\t\t\t\t<h2><span class=\"TextRun SCXW141358486 BCX8\" lang=\"NB-NO\" xml:lang=\"NB-NO\" data-contrast=\"auto\"><span class=\"NormalTextRun SCXW141358486 BCX8\" data-ccp-charstyle=\"normaltextrun\" data-ccp-charstyle-defn=\"{&quot;ObjectId&quot;:&quot;5a6a2b4b-febf-4d78-9903-becb4705e526|33&quot;,&quot;ClassId&quot;:1073872969,&quot;Properties&quot;:[469775450,&quot;normaltextrun&quot;,201340122,&quot;1&quot;,134233614,&quot;true&quot;,469778129,&quot;normaltextrun&quot;,335572020,&quot;1&quot;,469778324,&quot;Default Paragraph Font&quot;]}\">E<\/span><span class=\"NormalTextRun SCXW141358486 BCX8\" data-ccp-charstyle=\"normaltextrun\">levarrang<\/span><span class=\"NormalTextRun SCXW141358486 BCX8\" data-ccp-charstyle=\"normaltextrun\">\u00f8<\/span><span class=\"NormalTextRun SCXW141358486 BCX8\" data-ccp-charstyle=\"normaltextrun\">rkurs h\u00f8sten 2025<\/span><\/span><\/h2>\n<p style=\"padding-left: 40px;\"><b><span data-contrast=\"auto\">N\u00e5r: <\/span><\/b><span data-contrast=\"auto\">5.-7. trinn: 24., 25. september eller 9. oktober, kl. 9.30-13.30<\/span><span data-ccp-props=\"{&quot;201341983&quot;:0,&quot;335559739&quot;:160,&quot;335559740&quot;:259}\"><br \/>\n<\/span><span data-contrast=\"auto\">\u00a0 \u00a0 \u00a0 \u00a0 \u00a0 8.-10. trinn: 8. oktober kl. 9.30-14.00<\/span><span data-ccp-props=\"{&quot;201341983&quot;:0,&quot;335559739&quot;:160,&quot;335559740&quot;:259}\"><br \/>\n<\/span><b><span data-contrast=\"auto\">Hvor: <\/span><\/b><span data-contrast=\"auto\">Sentralen, \u00d8vre Slottsgate 13<\/span><span data-ccp-props=\"{&quot;134233117&quot;:false,&quot;134233118&quot;:false,&quot;201341983&quot;:0,&quot;335559738&quot;:0,&quot;335559739&quot;:0,&quot;335559740&quot;:240}\"><br \/>\n<\/span><b><span data-contrast=\"none\">Hvem:<\/span><\/b><span data-contrast=\"none\"> 4-5 elever fra hver skole, i f\u00f8lge av 1-2 voksne\u202f<\/span><span data-ccp-props=\"{&quot;134233117&quot;:false,&quot;134233118&quot;:false,&quot;201341983&quot;:0,&quot;335559738&quot;:0,&quot;335559739&quot;:0,&quot;335559740&quot;:240}\"><br \/>\n<\/span><strong>Be l\u00e6reren din om \u00e5 s\u00f8ke her:\u00a0<\/strong><a href=\"https:\/\/forms.office.com\/e\/x7yD5cMRtF\" target=\"_blank\" rel=\"noopener\">https:\/\/forms.office.com\/e\/x7yD5cMRtF<\/a><br \/>\n<strong>P\u00e5meldingsfrist:<\/strong> 27. mai 2025<\/p>\n<h4><strong>M\u00e5let med kurset<\/strong><\/h4>\n<p>M\u00e5let med kurset er \u00e5 gi elevene og kulturkontakten verkt\u00f8y og oppl\u00e6ring i \u00e5 planlegge, gjennomf\u00f8re og evaluere kulturarrangementer fra Den kulturelle skolesekken, i tillegg til egne arrangementer.<\/p>\n<h4>Innhold i kurset<\/h4>\n<p>Kreativitet, kritisk tenkning og refleksjon er viktige elementer i arbeidet med \u00e5 planlegge og gjennomf\u00f8re et arrangement. Kurset tar utgangpunkt i et DKS-arrangement som skjer p\u00e5 hver enkelt skole, og fokuserer p\u00e5 viktigheten av \u00e5 fordele roller og samarbeide godt.<\/p>\n<p>Gjennom praktisk arbeid og oppgaver om markedsf\u00f8ring\/kommunikasjon, vertskapsrollen og konferansierrollen, f\u00e5r elevene mulighet til \u00e5 forst\u00e5 sammenhenger og bruke det de l\u00e6rer i reelle situasjoner. Elevene l\u00e6rer \u00e5 ta ansvar, organisere og samarbeide p\u00e5 tvers av klasser og trinn.<\/p>\n<h4>Egen kursdel for kulturkontakt\/l\u00e6rer<\/h4>\n<p>Kulturkontaktene\/l\u00e6rerne f\u00e5r en egen kursdel med tips om DKS, hvordan veilede elevarrang\u00f8rene, og erfaringsdeling med andre l\u00e6rere.<\/p>\n<p>Viktig! Den voksne som f\u00f8lger, m\u00e5 v\u00e6re den som skal f\u00f8lge opp arrang\u00f8rteamet videre.<\/p>\n<h4>Kurset er todelt<\/h4>\n<p>Del 1: Kurs\u202fp\u00e5 Sentralen i Kvadraturen, med veiledere\u202ffra Mini\u00f8ya<br \/>\nElevene deles i grupper, og f\u00e5r innf\u00f8ring i hva det vil si \u00e5 v\u00e6re arrang\u00f8r p\u00e5 sin skole og oppgaver om ulike tema. Kulturkontakt\/l\u00e6rer deltar hele dagen.<\/p>\n<p>Del 2: Oppf\u00f8lging\u202fog veiledning, tilpasses den enkelte skole<br \/>\nEtter kurset kommer Mini\u00f8yas veiledere til hver enkelt skole for \u00e5 f\u00f8lge opp arrang\u00f8rgruppa inn mot gjennomf\u00f8ringen av valgt arrangement.<\/p>\n<p>Det er mulighet for \u00e5 fordype seg i temaer elevene selv er interessert i. Elever som foretrekker praktiske oppgaver, kan f\u00e5 oppl\u00e6ring med kvalifisert fagpersonell innen blant annet produksjon og teknikk.<\/p>\n<h4>Ekstra mulighet for 8.-10. trinn<\/h4>\n<p>Ekstra engasjerte elever tilbys muligheten til \u00e5 jobbe frivillig p\u00e5 arrangementer i regi av Mini\u00f8ya.<\/p>\n<p><img loading=\"lazy\" decoding=\"async\" class=\"alignnone size-medium wp-image-1925\" src=\"https:\/\/cdn.denkulturelleskolesekken.no\/oslo\/4899f70f-kulturvertkurs-viken-2022_foto-marte-glanville-17.jpg.kif1g87ymtwho5vjqa0a.c91xb7ceq6-300x200.jpg\" alt=\"\" width=\"300\" height=\"200\" srcset=\"https:\/\/cdn.denkulturelleskolesekken.no\/oslo\/4899f70f-kulturvertkurs-viken-2022_foto-marte-glanville-17.jpg.kif1g87ymtwho5vjqa0a.c91xb7ceq6-300x200.jpg 300w, https:\/\/cdn.denkulturelleskolesekken.no\/oslo\/4899f70f-kulturvertkurs-viken-2022_foto-marte-glanville-17.jpg.kif1g87ymtwho5vjqa0a.c91xb7ceq6-768x512.jpg 768w, https:\/\/cdn.denkulturelleskolesekken.no\/oslo\/4899f70f-kulturvertkurs-viken-2022_foto-marte-glanville-17.jpg.kif1g87ymtwho5vjqa0a.c91xb7ceq6-272x182.jpg 272w, https:\/\/cdn.denkulturelleskolesekken.no\/oslo\/4899f70f-kulturvertkurs-viken-2022_foto-marte-glanville-17.jpg.kif1g87ymtwho5vjqa0a.c91xb7ceq6.jpg 800w\" sizes=\"auto, (max-width: 300px) 100vw, 300px\" \/><\/p>\n<h4>Kontaktinformasjon<\/h4>\n<p>Mini\u00f8ya: Anette Helle, <a href=\"mailto:anette@minioya.no\">anette@minioya.no<\/a>, 917 08 882<br \/>\nDKS: Anders Gaarder Karterudseter, <a href=\"mailto:anders.karterudseter@osloskolen.no\">anders.karterudseter@osloskolen.no<\/a>, 960 91 803<\/p>\n<p>Kurset er utviklet av Stiftelsen Mini\u00f8ya p\u00e5 oppdrag fra Utdanningsetaten og Den kulturelle skolesekken i Oslo.<\/p>\n\t\t\t\t<\/div>\n\t\t\t<\/div>\n\t\t<\/div>\n\t\t<\/div>\n<\/div>\n<\/div><\/div><\/div><div id=\"panel-gb925-69f5cfc5e7051-0-0-1\" class=\"so-panel widget widget_sow-accordion panel-last-child\" data-index=\"1\" ><div class=\"panel-widget-style panel-widget-style-for-gb925-69f5cfc5e7051-0-0-1\" ><div\n\t\t\t\n\t\t\tclass=\"so-widget-sow-accordion so-widget-sow-accordion-default-613ea6e40034-925\"\n\t\t\t\n\t\t><div>\n\t<div class=\"sow-accordion\">\n\t\t\t<div class=\"sow-accordion-panel\n\t\t\t\t\"\n\t\t\tdata-anchor-id=\"elevenes-programrad-har-du-lyst-til-a-vaere-med-a-bestemme-programmet-i-dks\">\n\t\t\t\t<div class=\"sow-accordion-panel-header-container\" role=\"heading\" aria-level=\"2\">\n\t\t\t\t\t<div class=\"sow-accordion-panel-header\" tabindex=\"0\" role=\"button\" id=\"accordion-label-elevenes-programr%c3%a5d-har-du-lyst-til-%c3%a5-v%c3%a6re-med-%c3%a5-bestemme-programmet-i-dks\" aria-controls=\"accordion-content-elevenes-programr%c3%a5d-har-du-lyst-til-%c3%a5-v%c3%a6re-med-%c3%a5-bestemme-programmet-i-dks\" aria-expanded=\"false\">\n\t\t\t\t\t\t<div class=\"sow-accordion-title sow-accordion-title-icon-left\">\n\t\t\t\t\t\t\t\t\t\t\t\t\t\tElevenes programr\u00e5d &#8211; har du lyst til \u00e5 v\u00e6re med \u00e5 bestemme programmet i DKS? \t\t\t\t\t\t\t\t\t\t\t\t\t<\/div>\n\t\t\t\t\t\t<div class=\"sow-accordion-open-close-button\">\n\t\t\t\t\t\t\t<div class=\"sow-accordion-open-button\">\n\t\t\t\t\t\t\t\t<span class=\"sow-icon-ionicons\" data-sow-icon=\"&#xf218;\"\n\t\t \n\t\taria-hidden=\"true\"><\/span>\t\t\t\t\t\t\t<\/div>\n\t\t\t\t\t\t\t<div class=\"sow-accordion-close-button\">\n\t\t\t\t\t\t\t\t<span class=\"sow-icon-ionicons\" data-sow-icon=\"&#xf209;\"\n\t\t \n\t\taria-hidden=\"true\"><\/span>\t\t\t\t\t\t\t<\/div>\n\t\t\t\t\t\t<\/div>\n\t\t\t\t\t<\/div>\n\t\t\t\t<\/div>\n\n\t\t\t<div\n\t\t\t\tclass=\"sow-accordion-panel-content\"\n\t\t\t\trole=\"region\"\n\t\t\t\taria-labelledby=\"accordion-label-elevenes-programr%c3%a5d-har-du-lyst-til-%c3%a5-v%c3%a6re-med-%c3%a5-bestemme-programmet-i-dks\"\n\t\t\t\tid=\"accordion-content-elevenes-programr%c3%a5d-har-du-lyst-til-%c3%a5-v%c3%a6re-med-%c3%a5-bestemme-programmet-i-dks\"\n\t\t\t\tstyle=\"display: none;\"\t\t\t>\n\t\t\t\t<div class=\"sow-accordion-panel-border\">\n\t\t\t\t\t<p><strong>Info om elevenes programr\u00e5d for skole\u00e5ret 2025-26 kommer f\u00f8r sommeren.<\/strong> F\u00f8lg med!<\/p>\n<p>Den kulturelle skolesekken (DKS) er et \u00e5rlig profesjonelt kulturprogram til alle skoler i Oslo. Det kan v\u00e6re forfatterbes\u00f8k, konsert, m\u00f8te med en kunstner, teater, bes\u00f8k p\u00e5 museum, filmverksted og mye annet. Det kan skje p\u00e5 skolen eller et sted i byen, med \u00e9n og \u00e9n klasse eller sammen med andre skoler. Det er gratis for skolene \u00e5 delta. Pengene til ordningen kommer fra overskudd fra Norsk Tipping.<\/p>\n<p><strong>Som medlem av elevenes programr\u00e5d f\u00e5r du<\/strong><\/p>\n<ul>\n<li>innblikk i hvordan DKS velger kunstproduksjoner og setter dem sammen til et program<\/li>\n<li>v\u00e6re med \u00e5 sette ditt preg p\u00e5 DKS-programmet<\/li>\n<li>et kurs i kunstkritikk med to erfarne kritikere<\/li>\n<li>se og delta p\u00e5 5-6 kunst- og kulturproduksjoner og vurdere dem<\/li>\n<li>delta i spennende og givende samtaler og diskusjoner med elever fra andre skoler<\/li>\n<li>verdifulle erfaringer du kan ta med deg videre i jobb og skole<\/li>\n<\/ul>\n<p><strong>Vi s\u00f8ker deg som <\/strong><\/p>\n<ul>\n<li>g\u00e5r p\u00e5 ungdomsskolen og Vg1-Vg3<\/li>\n<li>er interessert i kunst og kultur<\/li>\n<li>vil v\u00e6re med \u00e5 mene noe om programmet i DKS Oslo<\/li>\n<li>liker \u00e5 diskutere, eller vil bli enda bedre p\u00e5 det<\/li>\n<li>vil treffe nye mennesker<\/li>\n<\/ul>\n<p><strong>Samlinger<br \/>\n<\/strong>Det blir 5-6 samlinger. All aktivitet i skoletiden kvalifiserer til gyldig frav\u00e6r.<\/p>\n<p><strong>Lurer du p\u00e5 noe om elevenes programr\u00e5d? Ta gjerne kontakt med oss!<\/strong><\/p>\n<p>Anders Gaarder Karterudseter: <a href=\"mailto:Anders.Gaarder.Karterudseter@osloskolen.no\">Anders.Gaarder.Karterudseter@osloskolen.no<\/a> Tlf.: 960 91 803<\/p>\n<p>Nina Buflaten Ursin: <a href=\"mailto:nina.buflaten@osloskolen.no\">nina.buflaten@osloskolen.no<\/a> Tlf.: 960 91\u00a0835<\/p>\n\t\t\t\t<\/div>\n\t\t\t<\/div>\n\t\t<\/div>\n\t\t<\/div>\n<\/div>\n<\/div><\/div><\/div><\/div><\/div><\/div>\n\n\n<div class=\"wp-block-group\"><div class=\"wp-block-group__inner-container is-layout-flow wp-block-group-is-layout-flow\">\n<div class=\"wp-block-buttons is-content-justification-space-between is-layout-flex wp-container-core-buttons-is-layout-3d213aab wp-block-buttons-is-layout-flex\"><\/div>\n\n\n\n<p><\/p>\n<\/div><\/div>\n\n\n\n<h2 class=\"wp-block-heading\">Oppl\u00e6ringsmateriell og mer info<\/h2>\n\n\n\n<p>Har dere allerede elevarrang\u00f8rer p\u00e5 skolen, \u00f8nsker dere \u00e5 kurse nye elever selv, eller oppdatere kunnskapen? Det ligger mye nyttig informasjon p\u00e5 nettsiden til Kulturtanken. <\/p>\n\n\n\n<p><\/p>\n\n\n\n<ul class=\"wp-block-list\">\n<li>Oppl\u00e6ringsvideoer, infoark og annet om elevarrang\u00f8rer <a href=\"https:\/\/www.kulturtanken.no\/ressurs\/kurs-for-elevarrangorer\/\" target=\"_blank\" rel=\"noreferrer noopener\">finner du her<\/a>. <\/li>\n\n\n\n<li>Maler til diplom og attester til elevarrang\u00f8rer <a href=\"https:\/\/www.kulturtanken.no\/ressurs\/kulturvert-redigerbar-diplom-og-attest\/\" target=\"_blank\" rel=\"noreferrer noopener\">finner du her<\/a>. <\/li>\n\n\n\n<li>P\u00e5 nettsiden <a href=\"https:\/\/dkskommer.no\/\" target=\"_blank\" rel=\"noreferrer noopener\">dkskommer.no<\/a>, ligger mye nyttig informasjon, b\u00e5de til kulturkontakt, ledelsen og l\u00e6rer.<\/li>\n<\/ul>\n\n\n\n<p><\/p>\n\n\n\n<div style=\"height:80px\" aria-hidden=\"true\" class=\"wp-block-spacer\"><\/div>\n\n\n\n<!--more-->\n","protected":false},"excerpt":{"rendered":"<p>Oppl\u00e6ringsmateriell og mer info Har dere allerede elevarrang\u00f8rer p\u00e5 skolen, \u00f8nsker dere \u00e5 kurse nye elever selv, eller oppdatere kunnskapen? Det ligger mye nyttig informasjon p\u00e5 nettsiden til Kulturtanken.<\/p>\n","protected":false},"author":13,"featured_media":1747,"parent":0,"menu_order":0,"comment_status":"closed","ping_status":"closed","template":"","meta":{"footnotes":""},"class_list":["post-925","page","type-page","status-publish","has-post-thumbnail","hentry"],"_links":{"self":[{"href":"https:\/\/www.denkulturelleskolesekken.no\/oslo\/wp-json\/wp\/v2\/pages\/925","targetHints":{"allow":["GET"]}}],"collection":[{"href":"https:\/\/www.denkulturelleskolesekken.no\/oslo\/wp-json\/wp\/v2\/pages"}],"about":[{"href":"https:\/\/www.denkulturelleskolesekken.no\/oslo\/wp-json\/wp\/v2\/types\/page"}],"author":[{"embeddable":true,"href":"https:\/\/www.denkulturelleskolesekken.no\/oslo\/wp-json\/wp\/v2\/users\/13"}],"replies":[{"embeddable":true,"href":"https:\/\/www.denkulturelleskolesekken.no\/oslo\/wp-json\/wp\/v2\/comments?post=925"}],"version-history":[{"count":82,"href":"https:\/\/www.denkulturelleskolesekken.no\/oslo\/wp-json\/wp\/v2\/pages\/925\/revisions"}],"predecessor-version":[{"id":3142,"href":"https:\/\/www.denkulturelleskolesekken.no\/oslo\/wp-json\/wp\/v2\/pages\/925\/revisions\/3142"}],"wp:featuredmedia":[{"embeddable":true,"href":"https:\/\/www.denkulturelleskolesekken.no\/oslo\/wp-json\/wp\/v2\/media\/1747"}],"wp:attachment":[{"href":"https:\/\/www.denkulturelleskolesekken.no\/oslo\/wp-json\/wp\/v2\/media?parent=925"}],"curies":[{"name":"wp","href":"https:\/\/api.w.org\/{rel}","templated":true}]}}