{"id":1156,"date":"2022-06-22T10:15:01","date_gmt":"2022-06-22T10:15:01","guid":{"rendered":"https:\/\/wordpress.kulturtanken.app\/oslo\/?page_id=1156"},"modified":"2025-09-12T11:21:34","modified_gmt":"2025-09-12T11:21:34","slug":"innmelding-av-forslag","status":"publish","type":"page","link":"https:\/\/www.denkulturelleskolesekken.no\/oslo\/innmelding-av-forslag\/","title":{"rendered":"Innmelding av forslag"},"content":{"rendered":"\n<p>Frist for \u00e5 sende inn forslag for skole\u00e5ret 2026\/27: <strong>1. oktober 2025 kl. 23.59.<\/strong><\/p>\n\n\n\n<p>Forslag til hele landet sendes inn i DKS-portalen. <a href=\"https:\/\/portal.denkulturelleskolesekken.no\/\" target=\"_blank\" rel=\"noreferrer noopener\">Logg inn<\/a> oppe til h\u00f8yre.<\/p>\n\n\n\n<p>V\u00e6rt i programmet f\u00f8r? Da m\u00e5 du s\u00f8ke igjen eller reaktivere forslaget ditt.<\/p>\n\n\n\n<h2 class=\"wp-block-heading\">Forslagsprosessen <\/h2>\n\n\n\n<p>DKS Oslo mottar sv\u00e6rt mange forslag, og m\u00e5 gj\u00f8re strenge prioriteringer. Ferdigstilte produksjoner som er mangelfullt dokumentert og gir begrenset grunnlag for vurdering, blir gitt lavere prioritet.<\/p>\n\n\n<div id=\"pl-gb1156-69f5d007917c9\"  class=\"panel-layout wp-block-siteorigin-panels-layout-block\" ><div id=\"pg-gb1156-69f5d007917c9-0\"  class=\"panel-grid panel-has-style\" ><div class=\"panel-row-style panel-row-style-for-gb1156-69f5d007917c9-0\" ><div id=\"pgc-gb1156-69f5d007917c9-0-0\"  class=\"panel-grid-cell\" ><div id=\"panel-gb1156-69f5d007917c9-0-0-0\" class=\"so-panel widget widget_sow-accordion panel-first-child\" data-index=\"0\" ><div\n\t\t\t\n\t\t\tclass=\"so-widget-sow-accordion so-widget-sow-accordion-default-51a20a63add1-1156\"\n\t\t\t\n\t\t><div>\n\t<div class=\"sow-accordion\">\n\t\t\t<div class=\"sow-accordion-panel\n\t\t\t\t\"\n\t\t\tdata-anchor-id=\"tips-til-forslaget\">\n\t\t\t\t<div class=\"sow-accordion-panel-header-container\" role=\"heading\" aria-level=\"2\">\n\t\t\t\t\t<div class=\"sow-accordion-panel-header\" tabindex=\"0\" role=\"button\" id=\"accordion-label-tips-til-forslaget\" aria-controls=\"accordion-content-tips-til-forslaget\" aria-expanded=\"false\">\n\t\t\t\t\t\t<div class=\"sow-accordion-title sow-accordion-title-icon-left\">\n\t\t\t\t\t\t\t\t\t\t\t\t\t\tTips til forslaget\t\t\t\t\t\t\t\t\t\t\t\t\t<\/div>\n\t\t\t\t\t\t<div class=\"sow-accordion-open-close-button\">\n\t\t\t\t\t\t\t<div class=\"sow-accordion-open-button\">\n\t\t\t\t\t\t\t\t<span class=\"sow-icon-ionicons\" data-sow-icon=\"&#xf218;\"\n\t\t \n\t\taria-hidden=\"true\"><\/span>\t\t\t\t\t\t\t<\/div>\n\t\t\t\t\t\t\t<div class=\"sow-accordion-close-button\">\n\t\t\t\t\t\t\t\t<span class=\"sow-icon-ionicons\" data-sow-icon=\"&#xf209;\"\n\t\t \n\t\taria-hidden=\"true\"><\/span>\t\t\t\t\t\t\t<\/div>\n\t\t\t\t\t\t<\/div>\n\t\t\t\t\t<\/div>\n\t\t\t\t<\/div>\n\n\t\t\t<div\n\t\t\t\tclass=\"sow-accordion-panel-content\"\n\t\t\t\trole=\"region\"\n\t\t\t\taria-labelledby=\"accordion-label-tips-til-forslaget\"\n\t\t\t\tid=\"accordion-content-tips-til-forslaget\"\n\t\t\t\tstyle=\"display: none;\"\t\t\t>\n\t\t\t\t<div class=\"sow-accordion-panel-border\">\n\t\t\t\t\t<h4>Send inn en god beskrivelse<\/h4>\n<p>Hver produksjon er unik, s\u00e5 det er ingen strenge maler for \u00e5 beskrive den. Men det er likevel noen ting du b\u00f8r tenke p\u00e5 og svare p\u00e5, slik at programr\u00e5det kan vurdere produksjonen p\u00e5 en best mulig m\u00e5te. Her er noen tips:<\/p>\n<p>V\u00e6r konkret og gi oss et tydelig bilde av hvordan produksjonen ser ut, h\u00f8res ut, og hva som skjer.<\/p>\n<ul>\n<li>Start med en kortfattet beskrivelse av produksjonen, gjerne p\u00e5 noen f\u00e5 setninger<\/li>\n<li>Gi en kort presentasjon av ut\u00f8verne<\/li>\n<li>Beskriv hvordan formidlingen foreg\u00e5r<\/li>\n<li>Gi oss informasjon om de tekniske og praktiske detaljene<\/li>\n<li>Har produksjonen eller de medvirkende erfaring med m\u00e5lgruppen?<\/li>\n<li>Er det annet du vil fremheve for \u00e5 vise kvaliteten p\u00e5 produksjonen?<\/li>\n<\/ul>\n<p>Disse sp\u00f8rsm\u00e5lene hjelper programr\u00e5det med \u00e5 f\u00e5 bedre innsikt i produksjonen og gi en grundigere vurdering.<\/p>\n<hr \/>\n<h4><strong>Send inn n\u00f8dvendig dokumentasjon\u00a0<\/strong><\/h4>\n<p>Alle produksjoner skal som minimum ha f\u00f8lgende dokumentasjon:<\/p>\n<ul>\n<li>Kunstnerisk CV for alle involvert<\/li>\n<li>Budsjett<\/li>\n<li>Beskrivelse av praktiske behov, f.eks. leiebil, frakt av utstyr, o.l.<\/li>\n<li>Bilder av ut\u00f8ver, fra fremf\u00f8ring eller av produksjonen (til eventuell produksjonsside p\u00e5 nettsiden v\u00e5r). Bildene b\u00f8r ha liggende bildeformat, og helst v\u00e6re i 2:1.<\/li>\n<\/ul>\n<p>Dersom det er tilgjengelig, anbefales det \u00e5 inkludere videopptak eller lydopptak fra tidligere fremf\u00f8ringer eller musikkinnspillinger i s\u00f8knaden. Hvis relevant, oppfordrer vi forfattere til \u00e5 sende inn tekster eller b\u00f8ker knyttet til produksjonen. Referanser eller attester kan ogs\u00e5 v\u00e6re nyttige \u00e5 inkludere. Hvis det er andre vedlegg som kan bidra til \u00e5 fremheve produksjonens kvaliteter, b\u00f8r dette nevnes.<\/p>\n<p>&nbsp;<\/p>\n\t\t\t\t<\/div>\n\t\t\t<\/div>\n\t\t<\/div>\n\t\t<\/div>\n<\/div>\n<\/div><\/div><div id=\"panel-gb1156-69f5d007917c9-0-0-1\" class=\"so-panel widget widget_sow-accordion panel-last-child\" data-index=\"1\" ><div\n\t\t\t\n\t\t\tclass=\"so-widget-sow-accordion so-widget-sow-accordion-default-51a20a63add1-1156\"\n\t\t\t\n\t\t><div>\n\t<div class=\"sow-accordion\">\n\t\t\t<div class=\"sow-accordion-panel\n\t\t\t\t\"\n\t\t\tdata-anchor-id=\"fremdrift-og-prosedyre-for-innmeldte-produksjoner\">\n\t\t\t\t<div class=\"sow-accordion-panel-header-container\" role=\"heading\" aria-level=\"2\">\n\t\t\t\t\t<div class=\"sow-accordion-panel-header\" tabindex=\"0\" role=\"button\" id=\"accordion-label-fremdrift-og-prosedyre-for-innmeldte-produksjoner\" aria-controls=\"accordion-content-fremdrift-og-prosedyre-for-innmeldte-produksjoner\" aria-expanded=\"false\">\n\t\t\t\t\t\t<div class=\"sow-accordion-title sow-accordion-title-icon-left\">\n\t\t\t\t\t\t\t\t\t\t\t\t\t\tFremdrift og prosedyre for innmeldte produksjoner\t\t\t\t\t\t\t\t\t\t\t\t\t<\/div>\n\t\t\t\t\t\t<div class=\"sow-accordion-open-close-button\">\n\t\t\t\t\t\t\t<div class=\"sow-accordion-open-button\">\n\t\t\t\t\t\t\t\t<span class=\"sow-icon-ionicons\" data-sow-icon=\"&#xf218;\"\n\t\t \n\t\taria-hidden=\"true\"><\/span>\t\t\t\t\t\t\t<\/div>\n\t\t\t\t\t\t\t<div class=\"sow-accordion-close-button\">\n\t\t\t\t\t\t\t\t<span class=\"sow-icon-ionicons\" data-sow-icon=\"&#xf209;\"\n\t\t \n\t\taria-hidden=\"true\"><\/span>\t\t\t\t\t\t\t<\/div>\n\t\t\t\t\t\t<\/div>\n\t\t\t\t\t<\/div>\n\t\t\t\t<\/div>\n\n\t\t\t<div\n\t\t\t\tclass=\"sow-accordion-panel-content\"\n\t\t\t\trole=\"region\"\n\t\t\t\taria-labelledby=\"accordion-label-fremdrift-og-prosedyre-for-innmeldte-produksjoner\"\n\t\t\t\tid=\"accordion-content-fremdrift-og-prosedyre-for-innmeldte-produksjoner\"\n\t\t\t\tstyle=\"display: none;\"\t\t\t>\n\t\t\t\t<div class=\"sow-accordion-panel-border\">\n\t\t\t\t\t<h4>Fremdrift for s\u00f8knadsbehandling i DKS Oslo<\/h4>\n<ul>\n<li><strong>1. oktober<\/strong> &#8211; frist for \u00e5 sende inn forslag<\/li>\n<li><strong>Oktober-januar<\/strong> &#8211; forslagsbehandling<\/li>\n<li><strong>Desember\u00a0 &#8211; mars<\/strong> &#8211; programinnstilling og vedtak<\/li>\n<li><strong>Midten av mars<\/strong> &#8211; svar til ut\u00f8vere<\/li>\n<\/ul>\n<hr \/>\n<p><strong>Forslagsbehandling<\/strong><\/p>\n<p>Etter 1. oktober vurderer DKS Oslo og eksterne kunstfaglige konsulenter alle innsendte forslag i portalen. Vurderingen skjer etter f\u00f8lgende kriterier:<\/p>\n<ul>\n<li>Kunstnerisk kvalitet og id\u00e9<\/li>\n<li>Ut\u00f8verens profesjonalitet \u200b<\/li>\n<li>Formidlingskvalitet \u200b<\/li>\n<li>Relevans for m\u00e5lgruppene \u200b<\/li>\n<li>Gjennomf\u00f8rbarhet\u200b<\/li>\n<li>Kostnader<\/li>\n<\/ul>\n<p>De forslagene som vurderes som aktuelle, tas videre til programr\u00e5det. Her finnes det egne r\u00e5d for 1.\u20137. trinn, 8.\u201310. trinn og videreg\u00e5ende skole. L\u00e6rere og elever bidrar som veiledere, og sammen med DKS Oslo utformes forslag til neste skole\u00e5rs program.<\/p>\n<hr \/>\n<p><strong>Programinnstilling og vedtak<br \/>\n<\/strong><br \/>\nDKS Oslo har en styringsgruppe med representanter fra:<\/p>\n<ul>\n<li>Byr\u00e5dsavdelingen for oppvekst og kunnskap<\/li>\n<li>Byr\u00e5dsavdelingen for kultur, idrett og frivillighet<\/li>\n<li>Kulturetaten<\/li>\n<li>Utdanningsetaten<\/li>\n<\/ul>\n<p>Programinnstillingen inneholder mandat, f\u00f8ringer, kvalitetssikring, budsjett og oversikt over de utvalgte produksjonene. Den legges frem for styringsgruppen, og det endelige programmet vedtas av byr\u00e5den for oppvekst og kunnskap.<\/p>\n<hr \/>\n<p><strong>Svar til ut\u00f8vere<\/strong><\/p>\n<p>Alle ut\u00f8vere f\u00e5r svar via DKS-portalen. Svaret er enten:<\/p>\n<ul>\n<li><strong>Tilslag<\/strong>: DKS Oslo tar kontakt for \u00e5 avtale omfang, plan for gjennomf\u00f8ring og kontrakt.<\/li>\n<li><strong>Avslag: <\/strong>Ut\u00f8vere som f\u00e5r avslag, kan klage innen to uker fra mottatt svar.<\/li>\n<\/ul>\n\t\t\t\t<\/div>\n\t\t\t<\/div>\n\t\t<\/div>\n\t\t<\/div>\n<\/div>\n<\/div><\/div><\/div><\/div><\/div><div id=\"pg-gb1156-69f5d007917c9-1\"  class=\"panel-grid panel-no-style\" ><div id=\"pgc-gb1156-69f5d007917c9-1-0\"  class=\"panel-grid-cell panel-grid-cell-empty\" ><\/div><div id=\"pgc-gb1156-69f5d007917c9-1-1\"  class=\"panel-grid-cell panel-grid-cell-empty panel-grid-cell-mobile-last\" ><\/div><div id=\"pgc-gb1156-69f5d007917c9-1-2\"  class=\"panel-grid-cell panel-grid-cell-empty\" ><\/div><\/div><\/div>\n\n\n<h2 class=\"wp-block-heading\">Eksterne kunstkonsulenter 2025-26<\/h2>\n\n\n<div id=\"pl-gb1156-69f5d007cf555\"  class=\"panel-layout wp-block-siteorigin-panels-layout-block\" ><div id=\"pg-gb1156-69f5d007cf555-0\"  class=\"panel-grid panel-no-style\" ><div id=\"pgc-gb1156-69f5d007cf555-0-0\"  class=\"panel-grid-cell\" ><div id=\"panel-gb1156-69f5d007cf555-0-0-0\" class=\"so-panel widget widget_sow-accordion panel-first-child panel-last-child\" data-index=\"0\" ><div\n\t\t\t\n\t\t\tclass=\"so-widget-sow-accordion so-widget-sow-accordion-default-936850e6dc6a-1156\"\n\t\t\t\n\t\t><div>\n\t<div class=\"sow-accordion\">\n\t\t\t<div class=\"sow-accordion-panel\n\t\t\t\t\"\n\t\t\tdata-anchor-id=\"scenekunst\">\n\t\t\t\t<div class=\"sow-accordion-panel-header-container\" role=\"heading\" aria-level=\"2\">\n\t\t\t\t\t<div class=\"sow-accordion-panel-header\" tabindex=\"0\" role=\"button\" id=\"accordion-label-scenekunst\" aria-controls=\"accordion-content-scenekunst\" aria-expanded=\"false\">\n\t\t\t\t\t\t<div class=\"sow-accordion-title sow-accordion-title-icon-left\">\n\t\t\t\t\t\t\t\t\t\t\t\t\t\tScenekunst\t\t\t\t\t\t\t\t\t\t\t\t\t<\/div>\n\t\t\t\t\t\t<div class=\"sow-accordion-open-close-button\">\n\t\t\t\t\t\t\t<div class=\"sow-accordion-open-button\">\n\t\t\t\t\t\t\t\t<span class=\"sow-icon-ionicons\" data-sow-icon=\"&#xf218;\"\n\t\t \n\t\taria-hidden=\"true\"><\/span>\t\t\t\t\t\t\t<\/div>\n\t\t\t\t\t\t\t<div class=\"sow-accordion-close-button\">\n\t\t\t\t\t\t\t\t<span class=\"sow-icon-ionicons\" data-sow-icon=\"&#xf209;\"\n\t\t \n\t\taria-hidden=\"true\"><\/span>\t\t\t\t\t\t\t<\/div>\n\t\t\t\t\t\t<\/div>\n\t\t\t\t\t<\/div>\n\t\t\t\t<\/div>\n\n\t\t\t<div\n\t\t\t\tclass=\"sow-accordion-panel-content\"\n\t\t\t\trole=\"region\"\n\t\t\t\taria-labelledby=\"accordion-label-scenekunst\"\n\t\t\t\tid=\"accordion-content-scenekunst\"\n\t\t\t\tstyle=\"display: none;\"\t\t\t>\n\t\t\t\t<div class=\"sow-accordion-panel-border\">\n\t\t\t\t\t<p data-olk-copy-source=\"MessageBody\"><strong>Guillermo John Magno\u00a0<\/strong><\/p>\n<p data-olk-copy-source=\"MessageBody\"><img loading=\"lazy\" decoding=\"async\" class=\"alignnone wp-image-2861\" src=\"https:\/\/cdn.denkulturelleskolesekken.no\/oslo\/bf865edf-img_5138-300x297.jpg\" alt=\"\" width=\"201\" height=\"199\" \/><\/p>\n<p data-olk-copy-source=\"MessageBody\">Guillermo er utdannet ved Nordic Black Xpress og Norwegian theatre academy (Akademi for scenekunst).<\/p>\n<p>Han arbeider for \u00f8yeblikket som skuespiller og scenekunstner og har i den siste tiden v\u00e6rt med i produksjoner som Asfaltpuls, Mellom, BRUDD-Frihet er et lite ord og SERVE AND PROTECT av den internasjonale performance gruppen D.A.T (Direct Action Theatre).<\/p>\n<p>I tillegg til arbeidet p\u00e5 scenen har Guillermo ogs\u00e5 undervist i bevegelse b\u00e5de p\u00e5 Nordic Black Xpress og Norwegian theatre Academy.<\/p>\n<hr \/>\n<p><strong>Hedda Fredly\u00a0<\/strong><\/p>\n<p><span data-olk-copy-source=\"MessageBody\">F\u00f8rstelektor i drama ved H\u00f8gskolen i Innlandet.<\/span><span data-olk-copy-source=\"MessageBody\"> Scenekunstanmelder i Norsk Shakespearetidsskrift og Periskop.\u00a0 Kritikk av kunst for barn og unge, og tidligere ogs\u00e5 i Dagbladet. Tidligere medlem av Heddajuryen. Tidligere ansvarlig redakt\u00f8r for DRAMA &#8211; Nordisk dramapedagogisk tidsskrift og \u00c5nd i hanske &#8211; Tidsskrift for figurteater. Har en master i drama\/teater fra HiB og NTNU + mellomfag i filmvitenskap.\u00a0<\/span><\/p>\n\t\t\t\t<\/div>\n\t\t\t<\/div>\n\t\t<\/div>\n\t\t<\/div>\n<\/div>\n<\/div><\/div><\/div><div id=\"pgc-gb1156-69f5d007cf555-0-1\"  class=\"panel-grid-cell\" ><div id=\"panel-gb1156-69f5d007cf555-0-1-0\" class=\"so-panel widget widget_sow-accordion panel-first-child panel-last-child\" data-index=\"1\" ><div\n\t\t\t\n\t\t\tclass=\"so-widget-sow-accordion so-widget-sow-accordion-default-936850e6dc6a-1156\"\n\t\t\t\n\t\t><div>\n\t<div class=\"sow-accordion\">\n\t\t\t<div class=\"sow-accordion-panel\n\t\t\t\t\"\n\t\t\tdata-anchor-id=\"visuell-kunst\">\n\t\t\t\t<div class=\"sow-accordion-panel-header-container\" role=\"heading\" aria-level=\"2\">\n\t\t\t\t\t<div class=\"sow-accordion-panel-header\" tabindex=\"0\" role=\"button\" id=\"accordion-label-visuell-kunst\" aria-controls=\"accordion-content-visuell-kunst\" aria-expanded=\"false\">\n\t\t\t\t\t\t<div class=\"sow-accordion-title sow-accordion-title-icon-left\">\n\t\t\t\t\t\t\t\t\t\t\t\t\t\tVisuell kunst \t\t\t\t\t\t\t\t\t\t\t\t\t<\/div>\n\t\t\t\t\t\t<div class=\"sow-accordion-open-close-button\">\n\t\t\t\t\t\t\t<div class=\"sow-accordion-open-button\">\n\t\t\t\t\t\t\t\t<span class=\"sow-icon-ionicons\" data-sow-icon=\"&#xf218;\"\n\t\t \n\t\taria-hidden=\"true\"><\/span>\t\t\t\t\t\t\t<\/div>\n\t\t\t\t\t\t\t<div class=\"sow-accordion-close-button\">\n\t\t\t\t\t\t\t\t<span class=\"sow-icon-ionicons\" data-sow-icon=\"&#xf209;\"\n\t\t \n\t\taria-hidden=\"true\"><\/span>\t\t\t\t\t\t\t<\/div>\n\t\t\t\t\t\t<\/div>\n\t\t\t\t\t<\/div>\n\t\t\t\t<\/div>\n\n\t\t\t<div\n\t\t\t\tclass=\"sow-accordion-panel-content\"\n\t\t\t\trole=\"region\"\n\t\t\t\taria-labelledby=\"accordion-label-visuell-kunst\"\n\t\t\t\tid=\"accordion-content-visuell-kunst\"\n\t\t\t\tstyle=\"display: none;\"\t\t\t>\n\t\t\t\t<div class=\"sow-accordion-panel-border\">\n\t\t\t\t\t<p><span data-olk-copy-source=\"MessageBody\"><strong>Runhild Hundeide<\/strong><\/span><\/p>\n<p><span data-olk-copy-source=\"MessageBody\">Runhild er utdannet billedkunstner fra Kunstakademiet i Oslo, og arbeider fulltid som kunstner b\u00e5de i Norge og internasjonalt. Hun jobber med bl.a maleri og tekst, og har gjennomf\u00f8rt en rekke utstillinger og kunstprosjekter p\u00e5 ulike arenaer.<\/span><\/p>\n<hr \/>\n<p><strong>Marie Cole<\/strong><\/p>\n<article>Marie Cole har en mastergrad i visuell kommunikasjon fra University for the Creative Arts Canterbury.\u00a0 Cole har nylig hatt en separatutstilling ved Studio 17 (Stavanger), og i 2022 stilte hun ut ved fotofestivalen Oslo Negativ i regi av Tenthaus.Som en del av kunstnerkollektivet Diaspora Kollektiv holder hun verksteder som retter seg mot personer som identifiserer seg som BIPOCQ (Black, Indigenous, People of Color, Queer).\n<\/article>\n\t\t\t\t<\/div>\n\t\t\t<\/div>\n\t\t<\/div>\n\t\t<\/div>\n<\/div>\n<\/div><\/div><\/div><\/div><div id=\"pg-gb1156-69f5d007cf555-1\"  class=\"panel-grid panel-no-style\" ><div id=\"pgc-gb1156-69f5d007cf555-1-0\"  class=\"panel-grid-cell\" ><div id=\"panel-gb1156-69f5d007cf555-1-0-0\" class=\"so-panel widget widget_sow-accordion panel-first-child panel-last-child\" data-index=\"2\" ><div\n\t\t\t\n\t\t\tclass=\"so-widget-sow-accordion so-widget-sow-accordion-default-936850e6dc6a-1156\"\n\t\t\t\n\t\t><div>\n\t<div class=\"sow-accordion\">\n\t\t\t<div class=\"sow-accordion-panel\n\t\t\t\t\"\n\t\t\tdata-anchor-id=\"film\">\n\t\t\t\t<div class=\"sow-accordion-panel-header-container\" role=\"heading\" aria-level=\"2\">\n\t\t\t\t\t<div class=\"sow-accordion-panel-header\" tabindex=\"0\" role=\"button\" id=\"accordion-label-film\" aria-controls=\"accordion-content-film\" aria-expanded=\"false\">\n\t\t\t\t\t\t<div class=\"sow-accordion-title sow-accordion-title-icon-left\">\n\t\t\t\t\t\t\t\t\t\t\t\t\t\tFilm\t\t\t\t\t\t\t\t\t\t\t\t\t<\/div>\n\t\t\t\t\t\t<div class=\"sow-accordion-open-close-button\">\n\t\t\t\t\t\t\t<div class=\"sow-accordion-open-button\">\n\t\t\t\t\t\t\t\t<span class=\"sow-icon-ionicons\" data-sow-icon=\"&#xf218;\"\n\t\t \n\t\taria-hidden=\"true\"><\/span>\t\t\t\t\t\t\t<\/div>\n\t\t\t\t\t\t\t<div class=\"sow-accordion-close-button\">\n\t\t\t\t\t\t\t\t<span class=\"sow-icon-ionicons\" data-sow-icon=\"&#xf209;\"\n\t\t \n\t\taria-hidden=\"true\"><\/span>\t\t\t\t\t\t\t<\/div>\n\t\t\t\t\t\t<\/div>\n\t\t\t\t\t<\/div>\n\t\t\t\t<\/div>\n\n\t\t\t<div\n\t\t\t\tclass=\"sow-accordion-panel-content\"\n\t\t\t\trole=\"region\"\n\t\t\t\taria-labelledby=\"accordion-label-film\"\n\t\t\t\tid=\"accordion-content-film\"\n\t\t\t\tstyle=\"display: none;\"\t\t\t>\n\t\t\t\t<div class=\"sow-accordion-panel-border\">\n\t\t\t\t\t<p><span data-olk-copy-source=\"MessageBody\"><strong>Liv Joelle Barbosa Blad<\/strong><\/span><\/p>\n<p><img loading=\"lazy\" decoding=\"async\" class=\"alignnone wp-image-2864\" src=\"https:\/\/cdn.denkulturelleskolesekken.no\/oslo\/f1a478e5-livjbb-av-caroline-roka-224x300.jpg\" alt=\"\" width=\"144\" height=\"193\" \/><\/p>\n<p><span data-olk-copy-source=\"MessageBody\">Liv er regiss\u00f8r og manusforfatter. Hun har regissert \u00e5tte kortfilmer, hennes siste: <\/span><em>Min s\u00f8ster<\/em>\u00a0vant Amanda for beste kortfilm i 2017. Liv har v\u00e6rt deleier i Barbosa Film, et selskap som jobber for a\u030a l\u00f8fte kvinnelige filmskapere og fokuserer p\u00e5 mangfold, i 2021 ble Barbosa Film nominert til Jenteprisen for arbeidet de har gjort for likestilling.<\/p>\n<p>Liv fikk mye anerkjennelse for serien\u00a0<em>Nudes<\/em>\u00a0for NRK, Livs debut i serieformatet. Serien vant to Gullruter i 2020, for beste ungdomsserie. Liv har reist p\u00e5 DKS-turne med\u00a0<em>Nudes\u00a0<\/em>rundt om i landet, der har hun f\u00e5tt gleden av \u00e5 m\u00f8te ungdommer, de v\u00e6rt engasjerte og nysgerrige p\u00e5 \u00e5 diskutere serien og dens tematikker med Liv.<\/p>\n\t\t\t\t<\/div>\n\t\t\t<\/div>\n\t\t<\/div>\n\t\t<\/div>\n<\/div>\n<\/div><\/div><\/div><div id=\"pgc-gb1156-69f5d007cf555-1-1\"  class=\"panel-grid-cell\" ><div id=\"panel-gb1156-69f5d007cf555-1-1-0\" class=\"so-panel widget widget_sow-accordion panel-first-child panel-last-child\" data-index=\"3\" ><div\n\t\t\t\n\t\t\tclass=\"so-widget-sow-accordion so-widget-sow-accordion-default-936850e6dc6a-1156\"\n\t\t\t\n\t\t><div>\n\t<div class=\"sow-accordion\">\n\t\t\t<div class=\"sow-accordion-panel\n\t\t\t\t\"\n\t\t\tdata-anchor-id=\"kulturarv\">\n\t\t\t\t<div class=\"sow-accordion-panel-header-container\" role=\"heading\" aria-level=\"2\">\n\t\t\t\t\t<div class=\"sow-accordion-panel-header\" tabindex=\"0\" role=\"button\" id=\"accordion-label-kulturarv\" aria-controls=\"accordion-content-kulturarv\" aria-expanded=\"false\">\n\t\t\t\t\t\t<div class=\"sow-accordion-title sow-accordion-title-icon-left\">\n\t\t\t\t\t\t\t\t\t\t\t\t\t\tKulturarv\t\t\t\t\t\t\t\t\t\t\t\t\t<\/div>\n\t\t\t\t\t\t<div class=\"sow-accordion-open-close-button\">\n\t\t\t\t\t\t\t<div class=\"sow-accordion-open-button\">\n\t\t\t\t\t\t\t\t<span class=\"sow-icon-ionicons\" data-sow-icon=\"&#xf218;\"\n\t\t \n\t\taria-hidden=\"true\"><\/span>\t\t\t\t\t\t\t<\/div>\n\t\t\t\t\t\t\t<div class=\"sow-accordion-close-button\">\n\t\t\t\t\t\t\t\t<span class=\"sow-icon-ionicons\" data-sow-icon=\"&#xf209;\"\n\t\t \n\t\taria-hidden=\"true\"><\/span>\t\t\t\t\t\t\t<\/div>\n\t\t\t\t\t\t<\/div>\n\t\t\t\t\t<\/div>\n\t\t\t\t<\/div>\n\n\t\t\t<div\n\t\t\t\tclass=\"sow-accordion-panel-content\"\n\t\t\t\trole=\"region\"\n\t\t\t\taria-labelledby=\"accordion-label-kulturarv\"\n\t\t\t\tid=\"accordion-content-kulturarv\"\n\t\t\t\tstyle=\"display: none;\"\t\t\t>\n\t\t\t\t<div class=\"sow-accordion-panel-border\">\n\t\t\t\t\t<p class=\"x_MsoNormal\"><strong>Aleksander Breiby Herseth<\/strong><\/p>\n<p><img loading=\"lazy\" decoding=\"async\" class=\"alignnone wp-image-2865\" src=\"https:\/\/cdn.denkulturelleskolesekken.no\/oslo\/613d3d9c-profil-aleksander-breiby-herseth-foto-mette-haugland-300x300.jpg\" alt=\"\" width=\"174\" height=\"174\" \/><\/p>\n<p class=\"x_MsoNormal\">Museumspedagog ved Oslo Museum med ansvar for skoletilbudet p\u00e5 Arbeidermuseet og formidlingstilbudet p\u00e5 Teatermuseet.<\/p>\n<p class=\"x_MsoNormal\">Utdannet lektor i historie og norsk ved UiO. Har blant annet utviklet Escape Kald krig for Den kulturelle skolesekken.<\/p>\n\t\t\t\t<\/div>\n\t\t\t<\/div>\n\t\t<\/div>\n\t\t<\/div>\n<\/div>\n<\/div><\/div><\/div><\/div><div id=\"pg-gb1156-69f5d007cf555-2\"  class=\"panel-grid panel-no-style\" ><div id=\"pgc-gb1156-69f5d007cf555-2-0\"  class=\"panel-grid-cell\" ><div id=\"panel-gb1156-69f5d007cf555-2-0-0\" class=\"so-panel widget widget_sow-accordion panel-first-child panel-last-child\" data-index=\"4\" ><div\n\t\t\t\n\t\t\tclass=\"so-widget-sow-accordion so-widget-sow-accordion-default-936850e6dc6a-1156\"\n\t\t\t\n\t\t><div>\n\t<div class=\"sow-accordion\">\n\t\t\t<div class=\"sow-accordion-panel\n\t\t\t\t\"\n\t\t\tdata-anchor-id=\"litteratur\">\n\t\t\t\t<div class=\"sow-accordion-panel-header-container\" role=\"heading\" aria-level=\"2\">\n\t\t\t\t\t<div class=\"sow-accordion-panel-header\" tabindex=\"0\" role=\"button\" id=\"accordion-label-litteratur\" aria-controls=\"accordion-content-litteratur\" aria-expanded=\"false\">\n\t\t\t\t\t\t<div class=\"sow-accordion-title sow-accordion-title-icon-left\">\n\t\t\t\t\t\t\t\t\t\t\t\t\t\tLitteratur\t\t\t\t\t\t\t\t\t\t\t\t\t<\/div>\n\t\t\t\t\t\t<div class=\"sow-accordion-open-close-button\">\n\t\t\t\t\t\t\t<div class=\"sow-accordion-open-button\">\n\t\t\t\t\t\t\t\t<span class=\"sow-icon-ionicons\" data-sow-icon=\"&#xf218;\"\n\t\t \n\t\taria-hidden=\"true\"><\/span>\t\t\t\t\t\t\t<\/div>\n\t\t\t\t\t\t\t<div class=\"sow-accordion-close-button\">\n\t\t\t\t\t\t\t\t<span class=\"sow-icon-ionicons\" data-sow-icon=\"&#xf209;\"\n\t\t \n\t\taria-hidden=\"true\"><\/span>\t\t\t\t\t\t\t<\/div>\n\t\t\t\t\t\t<\/div>\n\t\t\t\t\t<\/div>\n\t\t\t\t<\/div>\n\n\t\t\t<div\n\t\t\t\tclass=\"sow-accordion-panel-content\"\n\t\t\t\trole=\"region\"\n\t\t\t\taria-labelledby=\"accordion-label-litteratur\"\n\t\t\t\tid=\"accordion-content-litteratur\"\n\t\t\t\tstyle=\"display: none;\"\t\t\t>\n\t\t\t\t<div class=\"sow-accordion-panel-border\">\n\t\t\t\t\t<p><strong>Shana Fevang Mathai<\/strong><\/p>\n<p><img loading=\"lazy\" decoding=\"async\" class=\"alignnone  wp-image-2866\" src=\"https:\/\/cdn.denkulturelleskolesekken.no\/oslo\/ee9d6c20-r2-09843-0000-2-300x300.jpg\" alt=\"\" width=\"216\" height=\"216\" \/><\/p>\n<p>Shana Fevang Mathai er norsk programleder, musiker, litteraturkritiker og l\u00e6rer. Hun ble uteksaminert fra K\u00f8benhavns Universitet innen musikkvitenskap i 2005, og har ogs\u00e5 studert ved Universitetet i Oslo.<\/p>\n<p>&nbsp;<\/p>\n\t\t\t\t<\/div>\n\t\t\t<\/div>\n\t\t<\/div>\n\t\t<\/div>\n<\/div>\n<\/div><\/div><\/div><div id=\"pgc-gb1156-69f5d007cf555-2-1\"  class=\"panel-grid-cell\" ><div id=\"panel-gb1156-69f5d007cf555-2-1-0\" class=\"so-panel widget widget_sow-accordion panel-first-child panel-last-child\" data-index=\"5\" ><div\n\t\t\t\n\t\t\tclass=\"so-widget-sow-accordion so-widget-sow-accordion-default-936850e6dc6a-1156\"\n\t\t\t\n\t\t><div>\n\t<div class=\"sow-accordion\">\n\t\t\t<div class=\"sow-accordion-panel\n\t\t\t\t\"\n\t\t\tdata-anchor-id=\"musikk\">\n\t\t\t\t<div class=\"sow-accordion-panel-header-container\" role=\"heading\" aria-level=\"2\">\n\t\t\t\t\t<div class=\"sow-accordion-panel-header\" tabindex=\"0\" role=\"button\" id=\"accordion-label-musikk\" aria-controls=\"accordion-content-musikk\" aria-expanded=\"false\">\n\t\t\t\t\t\t<div class=\"sow-accordion-title sow-accordion-title-icon-left\">\n\t\t\t\t\t\t\t\t\t\t\t\t\t\tMusikk\t\t\t\t\t\t\t\t\t\t\t\t\t<\/div>\n\t\t\t\t\t\t<div class=\"sow-accordion-open-close-button\">\n\t\t\t\t\t\t\t<div class=\"sow-accordion-open-button\">\n\t\t\t\t\t\t\t\t<span class=\"sow-icon-ionicons\" data-sow-icon=\"&#xf218;\"\n\t\t \n\t\taria-hidden=\"true\"><\/span>\t\t\t\t\t\t\t<\/div>\n\t\t\t\t\t\t\t<div class=\"sow-accordion-close-button\">\n\t\t\t\t\t\t\t\t<span class=\"sow-icon-ionicons\" data-sow-icon=\"&#xf209;\"\n\t\t \n\t\taria-hidden=\"true\"><\/span>\t\t\t\t\t\t\t<\/div>\n\t\t\t\t\t\t<\/div>\n\t\t\t\t\t<\/div>\n\t\t\t\t<\/div>\n\n\t\t\t<div\n\t\t\t\tclass=\"sow-accordion-panel-content\"\n\t\t\t\trole=\"region\"\n\t\t\t\taria-labelledby=\"accordion-label-musikk\"\n\t\t\t\tid=\"accordion-content-musikk\"\n\t\t\t\tstyle=\"display: none;\"\t\t\t>\n\t\t\t\t<div class=\"sow-accordion-panel-border\">\n\t\t\t\t\t<div data-olk-copy-source=\"MessageBody\"><strong>Sverre Aksel Eilertsen<\/strong><\/div>\n<div data-olk-copy-source=\"MessageBody\"><img loading=\"lazy\" decoding=\"async\" class=\"alignnone  wp-image-2868\" src=\"https:\/\/cdn.denkulturelleskolesekken.no\/oslo\/049dddc3-skjermbilde-2024-10-03-133235-221x300.jpg\" alt=\"\" width=\"182\" height=\"247\" \/><\/div>\n<div data-olk-copy-source=\"MessageBody\"><\/div>\n<div data-olk-copy-source=\"MessageBody\">Sverre Aksel Eilertsen har jobbet p\u00e5 Parkteatret siden 2016, v\u00e6rt bookingsjef siden 2019, og fra begynnelsen av 2024 ogs\u00e5 daglig leder for Parkteatret Scene. Ved siden av jobben her p\u00e5 Parkteatret, har Sverre programmert og produsert by:Larm siden 2015. I tillegg har han v\u00e6rt involvert i festivaler som \u00d8yafestivalen, Ultima, Only Connect, Slottsfjell, Findings, Stavern m.flr i en \u00e5rrekke.<\/div>\n<div><\/div>\n\t\t\t\t<\/div>\n\t\t\t<\/div>\n\t\t<\/div>\n\t\t<\/div>\n<\/div>\n<\/div><\/div><\/div><\/div><\/div>\n\n\n<h2 class=\"wp-block-heading\">M\u00e5l og prioriteringer i DKS Oslo 2026-27<\/h2>\n\n\n\n<p>DKS Oslo legger vekt p\u00e5 \u00e5 n\u00e5 de nasjonale m\u00e5lene for ordningen. Mangfoldsperspektivet, minoriteter, norsk spr\u00e5k, minoritets- og tegnspr\u00e5k og samiske kulturuttrykk, er blant de prioriterte omr\u00e5dene som er spesielt viktige i en by som Oslo.<\/p>\n\n\n\n<p>For skole\u00e5ret 2025-26 ser vi spesielt etter film for 1.-4. trinn, litteratur for 5.-7.trinn og videreg\u00e5ende skole, samiske og tilrettelagte produksjoner.<\/p>\n\n\n\n<hr class=\"wp-block-separator has-css-opacity\"\/>\n\n\n\n<h2 class=\"wp-block-heading\">Nasjonale m\u00e5l<\/h2>\n\n\n\n<p>Den kulturelle skolesekken i Oslo legger vekt p\u00e5 \u00e5 n\u00e5 de nasjonale m\u00e5lene for ordningen, slik de st\u00e5r nedfelt i <em>Meld. St. 18 (2020-2021)&nbsp;<a rel=\"noreferrer noopener\" href=\"https:\/\/www.regjeringen.no\/no\/dokumenter\/meld.-st.-18-20202021\/id2839455\/\" target=\"_blank\">Oppleve, skape, dele \u2013 Kunst og kultur for, med og av barn og unge<\/a>.<\/em><\/p>\n\n\n\n<p>Den kulturelle skolesekken skal:<\/p>\n\n\n\n<ul class=\"wp-block-list\">\n<li>formidle eit kulturtilbod som blir opplevd som relevant, og som representerer eit kulturelt mangfald av tilbod og ut\u00f8varar<\/li>\n\n\n\n<li>bidra til \u00e5 styrkje norsk spr\u00e5k, dei samiske spr\u00e5ka, dei nasjonale minoritetsspr\u00e5ka og norsk teiknspr\u00e5k som grunnleggjande kulturberarar<\/li>\n\n\n\n<li>sikre at barn og unge f\u00e5r eit likeverdig kunst- og kulturtilbod av h\u00f8g kvalitet, uavhengig av kvar dei bur, slik at dei kan gjere seg kjende med og utvikle forst\u00e5ing for eit variert spekter av kulturuttrykk<\/li>\n\n\n\n<li>bidra til barn og unge si danning og utdanning, slik dette er formulert i overordna del og l\u00e6replanar i fag<\/li>\n\n\n\n<li>vere eit gratis tilbod for alle barn og unge i grunnskolen og vidareg\u00e5ande skole og skal tilbydast jamleg<\/li>\n\n\n\n<li>vere eit samarbeid mellom kultursektoren og utdanningssektoren p\u00e5 alle niv\u00e5 for \u00e5 sikre god planlegging, forankring og tilrettelegging<br><br>Det er videre et til m\u00e5l som lyder &#8211; <em>bidra til \u00e5 formidle kunst- og kulturtilbod til barnehagebarn<\/em>. Dette m\u00e5let ivaretas i Oslo kommune av Kulturetaten. <a href=\"https:\/\/www.oslo.kommune.no\/tilskudd-legater-og-stipend\/tilskudd-til-kunst-og-kultur-i-barnehager\/#gref\" target=\"_blank\" rel=\"noreferrer noopener\">Se her for mer informasjon fra Kulturetaten om kunst og kultur til barnehagene.<\/a><\/li>\n<\/ul>\n\n\n\n<div style=\"height:64px\" aria-hidden=\"true\" class=\"wp-block-spacer\"><\/div>\n\n\n\n<div class=\"wp-block-buttons is-layout-flex wp-block-buttons-is-layout-flex\">\n<div class=\"wp-block-button\"><a class=\"wp-block-button__link wp-element-button\" href=\"https:\/\/www.denkulturelleskolesekken.no\/oslo\/dks-oslos-programarbeid\/\" target=\"_blank\" rel=\"noreferrer noopener\">Les mer om programarbeidet <\/a><\/div>\n<\/div>\n\n\n\n<div style=\"height:87px\" aria-hidden=\"true\" class=\"wp-block-spacer\"><\/div>\n\n\n<div id=\"pl-gb1156-69f5d007eb404\"  class=\"panel-layout wp-block-siteorigin-panels-layout-block\" ><div id=\"pg-gb1156-69f5d007eb404-0\"  class=\"panel-grid panel-no-style\" ><div id=\"pgc-gb1156-69f5d007eb404-0-0\"  class=\"panel-grid-cell\" ><div id=\"panel-gb1156-69f5d007eb404-0-0-0\" class=\"so-panel widget widget_text panel-first-child panel-last-child\" data-index=\"0\" >\t\t\t<div class=\"textwidget\"><p><strong>Kulturtanken<\/strong><\/p>\n<p><a href=\"https:\/\/www.denkulturelleskolesekken.no\/ofte-stilte-sporsmal\/\">Ofte stilte sp\u00f8rsm\u00e5l<\/a><\/p>\n<p><a href=\"http:\/\/www.denkulturelleskolesekken.no\/om-skolesekken\/\" target=\"_blank\" rel=\"noopener\">Ordningen, m\u00e5l og prinsipper<\/a><br \/>\n<a href=\"http:\/\/www.denkulturelleskolesekken.no\/styringsdokumenter-for-dks\/\" target=\"_blank\" rel=\"noopener\">Styringsdokumenter<\/a><\/p>\n<\/div>\n\t\t<\/div><\/div><div id=\"pgc-gb1156-69f5d007eb404-0-1\"  class=\"panel-grid-cell\" ><div id=\"panel-gb1156-69f5d007eb404-0-1-0\" class=\"so-panel widget widget_text panel-first-child panel-last-child\" data-index=\"1\" >\t\t\t<div class=\"textwidget\"><p><strong>Utdanningsdirektoratet &#8211; Udir<\/strong><\/p>\n<p><a href=\"https:\/\/www.udir.no\/laring-og-trivsel\/lareplanverket\/\" target=\"_blank\" rel=\"noopener\">L\u00e6replanverket- LK20<\/a><br \/>\n<a href=\"https:\/\/www.udir.no\/lk20\/overordnet-del\/\" target=\"_blank\" rel=\"noopener\">Overordnet del<\/a> &#8211; verdier og prinsipper for grunnoppl\u00e6ringen<br \/>\n<a href=\"http:\/\/www.udir.no\/laring-og-trivsel\/lareplanverket\/a-forsta-grunnleggende-ferdigheter\/\" target=\"_blank\" rel=\"noopener\">Grunnleggende ferdigheter<\/a><br \/>\n<a href=\"https:\/\/www.udir.no\/laring-og-trivsel\/lareplanverket\/stotte\/den-kulturelle-skolesekken\/\" target=\"_blank\" rel=\"noopener\">Om DKS p\u00e5 Udir sine nettsider<\/a><\/p>\n<\/div>\n\t\t<\/div><\/div><div id=\"pgc-gb1156-69f5d007eb404-0-2\"  class=\"panel-grid-cell\" ><div id=\"panel-gb1156-69f5d007eb404-0-2-0\" class=\"so-panel widget widget_text panel-first-child panel-last-child\" data-index=\"2\" >\t\t\t<div class=\"textwidget\"><p><strong>Oppl\u00e6ringsloven<\/strong><\/p>\n<p><a href=\"https:\/\/www.udir.no\/regelverk-og-tilsyn\/skole-og-opplaring\/ny-opplaringslov\/\" target=\"_blank\" rel=\"noopener\">Ny oppl\u00e6ringslov H2024\u00a0<\/a><\/p>\n<p>&nbsp;<\/p>\n<\/div>\n\t\t<\/div><\/div><\/div><\/div>\n\n\n<p><\/p>\n\n\n\n<p><\/p>\n\n\n\n<p><\/p>\n\n\n\n<p><\/p>\n","protected":false},"excerpt":{"rendered":"<p>Frist for \u00e5 sende inn forslag for skole\u00e5ret 2026\/27: 1. oktober 2025 kl. 23.59. Forslag til hele landet sendes inn i DKS-portalen. Logg inn oppe til h\u00f8yre. V\u00e6rt i programmet f\u00f8r? Da m\u00e5 du s\u00f8ke igjen eller reaktivere forslaget ditt. Forslagsprosessen DKS Oslo mottar sv\u00e6rt mange forslag, og m\u00e5 gj\u00f8re strenge prioriteringer. Ferdigstilte produksjoner som [&hellip;]<\/p>\n","protected":false},"author":13,"featured_media":3261,"parent":0,"menu_order":0,"comment_status":"closed","ping_status":"closed","template":"","meta":{"footnotes":""},"class_list":["post-1156","page","type-page","status-publish","has-post-thumbnail","hentry"],"_links":{"self":[{"href":"https:\/\/www.denkulturelleskolesekken.no\/oslo\/wp-json\/wp\/v2\/pages\/1156","targetHints":{"allow":["GET"]}}],"collection":[{"href":"https:\/\/www.denkulturelleskolesekken.no\/oslo\/wp-json\/wp\/v2\/pages"}],"about":[{"href":"https:\/\/www.denkulturelleskolesekken.no\/oslo\/wp-json\/wp\/v2\/types\/page"}],"author":[{"embeddable":true,"href":"https:\/\/www.denkulturelleskolesekken.no\/oslo\/wp-json\/wp\/v2\/users\/13"}],"replies":[{"embeddable":true,"href":"https:\/\/www.denkulturelleskolesekken.no\/oslo\/wp-json\/wp\/v2\/comments?post=1156"}],"version-history":[{"count":62,"href":"https:\/\/www.denkulturelleskolesekken.no\/oslo\/wp-json\/wp\/v2\/pages\/1156\/revisions"}],"predecessor-version":[{"id":3284,"href":"https:\/\/www.denkulturelleskolesekken.no\/oslo\/wp-json\/wp\/v2\/pages\/1156\/revisions\/3284"}],"wp:featuredmedia":[{"embeddable":true,"href":"https:\/\/www.denkulturelleskolesekken.no\/oslo\/wp-json\/wp\/v2\/media\/3261"}],"wp:attachment":[{"href":"https:\/\/www.denkulturelleskolesekken.no\/oslo\/wp-json\/wp\/v2\/media?parent=1156"}],"curies":[{"name":"wp","href":"https:\/\/api.w.org\/{rel}","templated":true}]}}