{"id":33,"date":"2019-10-31T13:55:54","date_gmt":"2019-10-31T13:55:54","guid":{"rendered":"https:\/\/viken.kulturtanken.app\/?page_id=33"},"modified":"2025-10-17T12:07:11","modified_gmt":"2025-10-17T12:07:11","slug":"hva-er-dks","status":"publish","type":"page","link":"https:\/\/www.denkulturelleskolesekken.no\/lorenskog\/hva-er-dks\/","title":{"rendered":"Hva er Den kulturelle skolesekken?"},"content":{"rendered":"\n<p>Den kulturelle skolesekken (DKS) er en nasjonal satsing som skal bidra til at alle skoleelever i Norge f\u00e5r m\u00f8te profesjonell kunst og kultur av alle slag og av h\u00f8y kvalitet. Den kulturelle skolesekken er et samarbeidsprosjekt mellom kultursektoren og utdanningssektoren p\u00e5 statlig, fylkeskommunalt og kommunalt niv\u00e5. <\/p>\n\n\n\n<p>Det er bred politisk enighet om at barn og unge skal f\u00e5 et kunst- og kulturtilbud av h\u00f8y kvalitet uansett hvor de bor i landet. Det er en del av de overordnede verdiene og prinsippene for grunnoppl\u00e6ringa at elevene skal f\u00e5 oppleve et variert spekter av kulturuttrykk gjennom sin tid p\u00e5 skolen. Tilgangen til profesjonelle kunst- og kulturinstitusjoner er skjevt fordelt i landet. I tillegg til geografiske forskjeller, er barn og unges bruk av kunst og kultur tett forbundet med den sosiale, kulturelle og \u00f8konomiske bakgrunnen til foreldrene.<\/p>\n\n\n\n<p>DKS er et svar p\u00e5 disse utfordringene fordi ordningen gir alle barn og unge et gratis kunst- og kulturtilbud i skoletiden. DKS-ordningen er v\u00e5rt viktigste virkemiddel for \u00e5 unng\u00e5 geografiske og \u00f8konomiske skjevheter n\u00e5r det gjelder tilgang p\u00e5 og bruk av kunst- og kulturtilbud.<\/p>\n\n\n<div id=\"pl-gb33-69f398c393cee\"  class=\"panel-layout\" ><div id=\"pg-gb33-69f398c393cee-0\"  class=\"panel-grid panel-no-style\" ><div id=\"pgc-gb33-69f398c393cee-0-0\"  class=\"panel-grid-cell\" ><div id=\"panel-gb33-69f398c393cee-0-0-0\" class=\"so-panel widget widget_sow-accordion panel-first-child panel-last-child\" data-index=\"0\" ><div\n\t\t\t\n\t\t\tclass=\"so-widget-sow-accordion so-widget-sow-accordion-default-acdf249c2e7c-33\"\n\t\t\t\n\t\t><div>\n\t<div class=\"sow-accordion\">\n\t\t\t<div class=\"sow-accordion-panel\n\t\t\t\t\"\n\t\t\tdata-anchor-id=\"mal-for-ordningen\">\n\t\t\t\t<div class=\"sow-accordion-panel-header-container\" role=\"heading\" aria-level=\"2\">\n\t\t\t\t\t<div class=\"sow-accordion-panel-header\" tabindex=\"0\" role=\"button\" id=\"accordion-label-m%c3%a5l-for-ordningen\" aria-controls=\"accordion-content-m%c3%a5l-for-ordningen\" aria-expanded=\"false\">\n\t\t\t\t\t\t<div class=\"sow-accordion-title sow-accordion-title-icon-left\">\n\t\t\t\t\t\t\t\t\t\t\t\t\t\tM\u00e5l for ordningen\t\t\t\t\t\t\t\t\t\t\t\t\t<\/div>\n\t\t\t\t\t\t<div class=\"sow-accordion-open-close-button\">\n\t\t\t\t\t\t\t<div class=\"sow-accordion-open-button\">\n\t\t\t\t\t\t\t\t<span class=\"sow-icon-ionicons\" data-sow-icon=\"&#xf218;\"\n\t\t \n\t\taria-hidden=\"true\"><\/span>\t\t\t\t\t\t\t<\/div>\n\t\t\t\t\t\t\t<div class=\"sow-accordion-close-button\">\n\t\t\t\t\t\t\t\t<span class=\"sow-icon-ionicons\" data-sow-icon=\"&#xf209;\"\n\t\t \n\t\taria-hidden=\"true\"><\/span>\t\t\t\t\t\t\t<\/div>\n\t\t\t\t\t\t<\/div>\n\t\t\t\t\t<\/div>\n\t\t\t\t<\/div>\n\n\t\t\t<div\n\t\t\t\tclass=\"sow-accordion-panel-content\"\n\t\t\t\trole=\"region\"\n\t\t\t\taria-labelledby=\"accordion-label-m%c3%a5l-for-ordningen\"\n\t\t\t\tid=\"accordion-content-m%c3%a5l-for-ordningen\"\n\t\t\t\tstyle=\"display: none;\"\t\t\t>\n\t\t\t\t<div class=\"sow-accordion-panel-border\">\n\t\t\t\t\t<p>DKS i L\u00f8renskog f\u00f8lger de nasjonale m\u00e5lene for skolesekken fra Meld. St. 18 (2021-2021),\u00a0<a href=\"https:\/\/www.regjeringen.no\/no\/dokumenter\/meld.-st.-18-20202021\/id2839455\/\" target=\"_blank\" rel=\"noreferrer noopener\">\u00abOppleve, skape, dele \u2014 Kunst og kultur for, med og av barn og unge\u00bb<\/a>. Disse m\u00e5lene sier at Den kulturelle skolesekken skal:<\/p>\n<ul class=\"wp-block-list\">\n<li><em>vere eit gratis tilbod for alle barn og unge i grunnskolen og vidareg\u00e5ande skole og skal tilbydast jamleg<\/em><\/li>\n<\/ul>\n<ul class=\"wp-block-list\">\n<li><em>sikre at barn og unge f\u00e5r eit likeverdig kunst- og kulturtilbod av h\u00f8g kvalitet, uavhengig av kvar dei bur, slik at dei kan gjere seg kjende med og utvikle forst\u00e5ing for eit variert spekter av kulturuttrykk<\/em><\/li>\n<\/ul>\n<ul class=\"wp-block-list\">\n<li><em>bidra til barn og unge si danning og utdanning, slik dette er formulert i overordna l\u00e6replanar i fag<\/em><\/li>\n<\/ul>\n<ul class=\"wp-block-list\">\n<li><em>formidle eit kulturtilbod som blir opplevd som relevant, og som representerer eit kulturelt mangfald av tilbod og ut\u00f8varar<\/em><\/li>\n<\/ul>\n<ul class=\"wp-block-list\">\n<li><em>vere eit samarbeid mellom kultursektoren og utdanningssektoren p\u00e5 alle niv\u00e5 for \u00e5 sikre god planlegging, forankring og tilrettelegging<\/em><\/li>\n<\/ul>\n<ul class=\"wp-block-list\">\n<li><em>bidra til \u00e5 styrkje norsk spr\u00e5k, dei samiske spr\u00e5ka, dei nasjonale minoritetsspr\u00e5ka og norsk teiknspr\u00e5k som grunnleggjande kulturberarar<\/em><\/li>\n<\/ul>\n<p>I forbindelse med ny overordnet plan for DKS i L\u00f8renskog, vedtatt 20. april 2022, ble det ogs\u00e5 vedtatt noen lokale m\u00e5l som sier at DKS skal:<\/p>\n<ul class=\"wp-block-list\">\n<li><em>bidra til oppf\u00f8lging av kommunens ungdomssatsing<\/em><\/li>\n<\/ul>\n<ul class=\"wp-block-list\">\n<li><em>bidra til \u00e5 gi barn og unge i L\u00f8renskog kjennskap til lokale ut\u00f8vere og kulturinstitusjoner<\/em><\/li>\n<\/ul>\n<ul class=\"wp-block-list\">\n<li><em>sikre at elevene f\u00e5r mulighet til medvirkning gjennom dialog, deltagelse og innflytelse, og dermed sikre at de f\u00e5r et eierskap til programmet<\/em><\/li>\n<\/ul>\n<p>Kulturtilbudene skal v\u00e6re av h\u00f8y kvalitet og vise hele bredden av kulturuttrykk. I l\u00f8pet av ti \u00e5rs skolegang vil alle skoleelever f\u00e5 kulturtilbud innen sjangrene scenekunst, billedkunst, arkitektur, dans, musikk, film, litteratur og kulturarv \u2013 og ogs\u00e5 kunstarter i samspill. Det er ogs\u00e5 viktig at kulturtilbudet oppleves som relevant.<\/p>\n\t\t\t\t<\/div>\n\t\t\t<\/div>\n\t\t<\/div>\n\t\t\t<div class=\"sow-accordion-panel\n\t\t\t\t\"\n\t\t\tdata-anchor-id=\"dks-lorenskog\">\n\t\t\t\t<div class=\"sow-accordion-panel-header-container\" role=\"heading\" aria-level=\"2\">\n\t\t\t\t\t<div class=\"sow-accordion-panel-header\" tabindex=\"0\" role=\"button\" id=\"accordion-label-dks-l%c3%b8renskog\" aria-controls=\"accordion-content-dks-l%c3%b8renskog\" aria-expanded=\"false\">\n\t\t\t\t\t\t<div class=\"sow-accordion-title sow-accordion-title-icon-left\">\n\t\t\t\t\t\t\t\t\t\t\t\t\t\tDKS L\u00f8renskog\t\t\t\t\t\t\t\t\t\t\t\t\t<\/div>\n\t\t\t\t\t\t<div class=\"sow-accordion-open-close-button\">\n\t\t\t\t\t\t\t<div class=\"sow-accordion-open-button\">\n\t\t\t\t\t\t\t\t<span class=\"sow-icon-ionicons\" data-sow-icon=\"&#xf218;\"\n\t\t \n\t\taria-hidden=\"true\"><\/span>\t\t\t\t\t\t\t<\/div>\n\t\t\t\t\t\t\t<div class=\"sow-accordion-close-button\">\n\t\t\t\t\t\t\t\t<span class=\"sow-icon-ionicons\" data-sow-icon=\"&#xf209;\"\n\t\t \n\t\taria-hidden=\"true\"><\/span>\t\t\t\t\t\t\t<\/div>\n\t\t\t\t\t\t<\/div>\n\t\t\t\t\t<\/div>\n\t\t\t\t<\/div>\n\n\t\t\t<div\n\t\t\t\tclass=\"sow-accordion-panel-content\"\n\t\t\t\trole=\"region\"\n\t\t\t\taria-labelledby=\"accordion-label-dks-l%c3%b8renskog\"\n\t\t\t\tid=\"accordion-content-dks-l%c3%b8renskog\"\n\t\t\t\tstyle=\"display: none;\"\t\t\t>\n\t\t\t\t<div class=\"sow-accordion-panel-border\">\n\t\t\t\t\t<p>L\u00f8renskog kommune er \u00e9n av \u00e5tte s\u00e5kalte direktekommuner, det vil si en kommune som mottar hele andelen av \u00f8remerkede, statlige midler direkte \u2013 og som selv s\u00f8rger for hele DKS-tilbudet til grunnskolene.<\/p>\n<p>DKS i L\u00f8renskog legger vekt p\u00e5 tilbud som gir kjennskap til lokal kultur, b\u00e5de i form av kulturhistorie og innsikt i nye L\u00f8renskog. Omtrent halvparten av tilbudene har en form for lokal tilknytning. L\u00f8renskog kommune er en av landets st\u00f8rste innvandringskommuner og har s\u00e5ledes en flerkulturell befolkning. DKS i L\u00f8renskog synes derfor det er spesielt viktig \u00e5 legge vekt p\u00e5 kulturelt mangfold i en del av tilbudene.<\/p>\n\t\t\t\t<\/div>\n\t\t\t<\/div>\n\t\t<\/div>\n\t\t\t<div class=\"sow-accordion-panel\n\t\t\t\t\"\n\t\t\tdata-anchor-id=\"overordnet-plan-for-dks-i-lorenskog\">\n\t\t\t\t<div class=\"sow-accordion-panel-header-container\" role=\"heading\" aria-level=\"2\">\n\t\t\t\t\t<div class=\"sow-accordion-panel-header\" tabindex=\"0\" role=\"button\" id=\"accordion-label-overordnet-plan-for-dks-i-l%c3%b8renskog\" aria-controls=\"accordion-content-overordnet-plan-for-dks-i-l%c3%b8renskog\" aria-expanded=\"false\">\n\t\t\t\t\t\t<div class=\"sow-accordion-title sow-accordion-title-icon-left\">\n\t\t\t\t\t\t\t\t\t\t\t\t\t\tOverordnet plan for DKS i L\u00f8renskog\t\t\t\t\t\t\t\t\t\t\t\t\t<\/div>\n\t\t\t\t\t\t<div class=\"sow-accordion-open-close-button\">\n\t\t\t\t\t\t\t<div class=\"sow-accordion-open-button\">\n\t\t\t\t\t\t\t\t<span class=\"sow-icon-ionicons\" data-sow-icon=\"&#xf218;\"\n\t\t \n\t\taria-hidden=\"true\"><\/span>\t\t\t\t\t\t\t<\/div>\n\t\t\t\t\t\t\t<div class=\"sow-accordion-close-button\">\n\t\t\t\t\t\t\t\t<span class=\"sow-icon-ionicons\" data-sow-icon=\"&#xf209;\"\n\t\t \n\t\taria-hidden=\"true\"><\/span>\t\t\t\t\t\t\t<\/div>\n\t\t\t\t\t\t<\/div>\n\t\t\t\t\t<\/div>\n\t\t\t\t<\/div>\n\n\t\t\t<div\n\t\t\t\tclass=\"sow-accordion-panel-content\"\n\t\t\t\trole=\"region\"\n\t\t\t\taria-labelledby=\"accordion-label-overordnet-plan-for-dks-i-l%c3%b8renskog\"\n\t\t\t\tid=\"accordion-content-overordnet-plan-for-dks-i-l%c3%b8renskog\"\n\t\t\t\tstyle=\"display: none;\"\t\t\t>\n\t\t\t\t<div class=\"sow-accordion-panel-border\">\n\t\t\t\t\t<p>Overordnet plan for Den kulturelle skolesekken i L\u00f8renskog kommune ble vedtatt i formannskapet 20. april 2022, sak 42\/22.<\/p>\n<p><a href=\"https:\/\/www.denkulturelleskolesekken.no\/lorenskog\/overordnet-plan-for-dks\/\">Her kan du lese planen.<\/a><\/p>\n\t\t\t\t<\/div>\n\t\t\t<\/div>\n\t\t<\/div>\n\t\t\t<div class=\"sow-accordion-panel\n\t\t\t\t\"\n\t\t\tdata-anchor-id=\"rapporter-for-de-siste-skolearene\">\n\t\t\t\t<div class=\"sow-accordion-panel-header-container\" role=\"heading\" aria-level=\"2\">\n\t\t\t\t\t<div class=\"sow-accordion-panel-header\" tabindex=\"0\" role=\"button\" id=\"accordion-label-rapporter-for-de-siste-skole%c3%a5rene\" aria-controls=\"accordion-content-rapporter-for-de-siste-skole%c3%a5rene\" aria-expanded=\"false\">\n\t\t\t\t\t\t<div class=\"sow-accordion-title sow-accordion-title-icon-left\">\n\t\t\t\t\t\t\t\t\t\t\t\t\t\tRapporter for de siste skole\u00e5rene\t\t\t\t\t\t\t\t\t\t\t\t\t<\/div>\n\t\t\t\t\t\t<div class=\"sow-accordion-open-close-button\">\n\t\t\t\t\t\t\t<div class=\"sow-accordion-open-button\">\n\t\t\t\t\t\t\t\t<span class=\"sow-icon-ionicons\" data-sow-icon=\"&#xf218;\"\n\t\t \n\t\taria-hidden=\"true\"><\/span>\t\t\t\t\t\t\t<\/div>\n\t\t\t\t\t\t\t<div class=\"sow-accordion-close-button\">\n\t\t\t\t\t\t\t\t<span class=\"sow-icon-ionicons\" data-sow-icon=\"&#xf209;\"\n\t\t \n\t\taria-hidden=\"true\"><\/span>\t\t\t\t\t\t\t<\/div>\n\t\t\t\t\t\t<\/div>\n\t\t\t\t\t<\/div>\n\t\t\t\t<\/div>\n\n\t\t\t<div\n\t\t\t\tclass=\"sow-accordion-panel-content\"\n\t\t\t\trole=\"region\"\n\t\t\t\taria-labelledby=\"accordion-label-rapporter-for-de-siste-skole%c3%a5rene\"\n\t\t\t\tid=\"accordion-content-rapporter-for-de-siste-skole%c3%a5rene\"\n\t\t\t\tstyle=\"display: none;\"\t\t\t>\n\t\t\t\t<div class=\"sow-accordion-panel-border\">\n\t\t\t\t\t<p><a href=\"https:\/\/cdn.denkulturelleskolesekken.no\/lorenskog\/28e0868d-rapport-for-den-kulturelle-skolesekken-2024-2025.pdf\" target=\"_blank\" rel=\"noopener\">Rapport for Den kulturelle skolesekken i L\u00f8renskog 2024-2025<\/a><\/p>\n<p><a href=\"https:\/\/cdn.denkulturelleskolesekken.no\/lorenskog\/0da5eeca-rapport-for-den-kulturelle-skolesekken-i-lorenskog-2023-2024.pdf\" target=\"_blank\" rel=\"noopener\">Rapport for Den kulturelle skolesekken i L\u00f8renskog 2023-2024<\/a><\/p>\n<p><a href=\"https:\/\/cdn.denkulturelleskolesekken.no\/lorenskog\/01553b55-rapport-for-den-kulturelle-skolesekken-i-lorenskog-2022-2023.pdf\" target=\"_blank\">Rapport for Den kulturelle skolesekken i L\u00f8renskog 2022-2023<\/a><\/p>\n<p><a href=\"https:\/\/cdn.denkulturelleskolesekken.no\/lorenskog\/a190f6e6-rapport-for-den-kulturelle-skolesekken-i-lorenskog-2021-2022.pdf\" target=\"_blank\">Rapport for Den kulturelle skolesekken i L\u00f8renskog 2021-2022<\/a><\/p>\n<p><a href=\"https:\/\/cdn.denkulturelleskolesekken.no\/lorenskog\/2df7dabb-rapport-for-den-kulturelle-skolesekken-i-lorenskog-2020-2021.pdf\" target=\"_blank\">Rapport for Den kulturelle skolesekken i L\u00f8renskog 2020-2021<\/a><\/p>\n<p><a href=\"https:\/\/cdn.denkulturelleskolesekken.no\/lorenskog\/714d3f98-rapport-for-den-kulturelle-skolesekken-2019-2020.pdf\" target=\"_blank\">Rapport for Den kulturelle skolesekken i L\u00f8renskog 2019-2020<\/a><\/p>\n<p><a href=\"https:\/\/cdn.denkulturelleskolesekken.no\/lorenskog\/2020\/04\/96306e98-rapport-for-den-kulturelle-skolesekken-2018-2019.pdf\" target=\"_blank\">Rapport for Den kulturelle skolesekken i L\u00f8renskog 2018-2019<\/a><\/p>\n\t\t\t\t<\/div>\n\t\t\t<\/div>\n\t\t<\/div>\n\t\t<\/div>\n<\/div>\n<\/div><\/div><\/div><\/div><\/div>\n\n\n<div style=\"height:50px\" aria-hidden=\"true\" class=\"wp-block-spacer\"><\/div>\n\n\n\n<p><\/p>\n","protected":false},"excerpt":{"rendered":"<p>Den kulturelle skolesekken (DKS) er en nasjonal satsing som skal bidra til at alle skoleelever i Norge f\u00e5r m\u00f8te profesjonell kunst og kultur av alle slag og av h\u00f8y kvalitet. Den kulturelle skolesekken er et samarbeidsprosjekt mellom kultursektoren og utdanningssektoren p\u00e5 statlig, fylkeskommunalt og kommunalt niv\u00e5. Det er bred politisk enighet om at barn og [&hellip;]<\/p>\n","protected":false},"author":7,"featured_media":736,"parent":0,"menu_order":0,"comment_status":"closed","ping_status":"closed","template":"","meta":{"footnotes":""},"class_list":["post-33","page","type-page","status-publish","has-post-thumbnail","hentry"],"_links":{"self":[{"href":"https:\/\/www.denkulturelleskolesekken.no\/lorenskog\/wp-json\/wp\/v2\/pages\/33","targetHints":{"allow":["GET"]}}],"collection":[{"href":"https:\/\/www.denkulturelleskolesekken.no\/lorenskog\/wp-json\/wp\/v2\/pages"}],"about":[{"href":"https:\/\/www.denkulturelleskolesekken.no\/lorenskog\/wp-json\/wp\/v2\/types\/page"}],"author":[{"embeddable":true,"href":"https:\/\/www.denkulturelleskolesekken.no\/lorenskog\/wp-json\/wp\/v2\/users\/7"}],"replies":[{"embeddable":true,"href":"https:\/\/www.denkulturelleskolesekken.no\/lorenskog\/wp-json\/wp\/v2\/comments?post=33"}],"version-history":[{"count":45,"href":"https:\/\/www.denkulturelleskolesekken.no\/lorenskog\/wp-json\/wp\/v2\/pages\/33\/revisions"}],"predecessor-version":[{"id":2343,"href":"https:\/\/www.denkulturelleskolesekken.no\/lorenskog\/wp-json\/wp\/v2\/pages\/33\/revisions\/2343"}],"wp:featuredmedia":[{"embeddable":true,"href":"https:\/\/www.denkulturelleskolesekken.no\/lorenskog\/wp-json\/wp\/v2\/media\/736"}],"wp:attachment":[{"href":"https:\/\/www.denkulturelleskolesekken.no\/lorenskog\/wp-json\/wp\/v2\/media?parent=33"}],"curies":[{"name":"wp","href":"https:\/\/api.w.org\/{rel}","templated":true}]}}