{"id":23,"date":"2019-10-31T13:50:15","date_gmt":"2019-10-31T13:50:15","guid":{"rendered":"https:\/\/viken.kulturtanken.app\/?page_id=23"},"modified":"2025-02-24T09:03:30","modified_gmt":"2025-02-24T09:03:30","slug":"dks-i-skolen","status":"publish","type":"page","link":"https:\/\/www.denkulturelleskolesekken.no\/lorenskog\/dks-i-skolen\/","title":{"rendered":"DKS i skolen"},"content":{"rendered":"\n<p>Den kulturelle skolesekken (DKS) er en nasjonal ordning som s\u00f8rger for at alle skoleelever i Norge f\u00e5r oppleve profesjonell kunst og kultur hvert \u00e5r. Ordningen har v\u00e6rt en del av regjeringens kulturpolitiske satsing for grunnskolen siden 2001, og er unik i verdenssammenheng.<\/p>\n\n\n\n<p>Kulturtilbudet skal v\u00e6re av h\u00f8y kvalitet, og vise hele bredden av de seks kulturuttrykkene: film, kulturarv, litteratur, musikk, scenekunst og visuell kunst.<\/p>\n\n\n\n<p>DKS kan sees i sammenheng med dannelsesoppdraget til skolen og skal st\u00f8tte opp under m\u00e5l fra l\u00e6replanverket. Det er viktig \u00e5 inkludere skoleledere, kulturkontakter, l\u00e6rere og elever som sentrale akt\u00f8rer i DKS-ordninga. Sammen skal vi videreutvikle et mangfoldig og relevant DKS-tilbud som samspiller med l\u00e6replanene i skolen.<\/p>\n\n\n\n<p>DKS er organisert p\u00e5 fylkes- og kommuneniv\u00e5, og nasjonalt er DKS forankret hos Kulturtanken. Kulturtanken \u00f8nsker at b\u00e5de skoleledere, l\u00e6rere og elever skal ha et eierforhold til DKS-ordningen. Produksjoner fra DKS kan styrke bevissthet om kunst og kultur i oppl\u00e6ringa. Slik kan DKS bidra som en ressurs for \u00e5 n\u00e5 m\u00e5lsettingene i skolen, b\u00e5de innenfor den overordnede delen av l\u00e6replanen og i kompetansem\u00e5lene for ulike fag.<\/p>\n\n\n\n<blockquote class=\"wp-block-quote is-layout-flow wp-block-quote-is-layout-flow\">\n<p><em><em>Arbeidet med Den kulturelle skulesekken skal skje i eit godt samarbeid mellom kultur- og oppl\u00e6ringssektoren p\u00e5 alle niv\u00e5. Det skal sikrast god forankring og tid til planlegging i skulen.<\/em><\/em><\/p>\n<cite>Fra&nbsp;<a href=\"https:\/\/www.regjeringen.no\/no\/dokumenter\/Stmeld-nr-8-2007-2008-\/id492761\/\">Stortingsmelding nr. 8 (2007-2008)&nbsp;<em>Kulturell skulesekk for framtida<\/em><\/a><\/cite><\/blockquote>\n\n\n\n<p><\/p>\n\n\n<div id=\"pl-gb23-69f398cd53674\"  class=\"panel-layout wp-block-siteorigin-panels-layout-block\" ><div id=\"pg-gb23-69f398cd53674-0\"  class=\"panel-grid panel-no-style\" ><div id=\"pgc-gb23-69f398cd53674-0-0\"  class=\"panel-grid-cell\" ><div id=\"panel-gb23-69f398cd53674-0-0-0\" class=\"so-panel widget widget_sow-accordion panel-first-child panel-last-child\" data-index=\"0\" ><div\n\t\t\t\n\t\t\tclass=\"so-widget-sow-accordion so-widget-sow-accordion-default-1cc21d1e4a61-23\"\n\t\t\t\n\t\t><div>\n\t<div class=\"sow-accordion\">\n\t\t\t<div class=\"sow-accordion-panel\n\t\t\t\t\"\n\t\t\tdata-anchor-id=\"mal-for-dks-ordningen\">\n\t\t\t\t<div class=\"sow-accordion-panel-header-container\" role=\"heading\" aria-level=\"2\">\n\t\t\t\t\t<div class=\"sow-accordion-panel-header\" tabindex=\"0\" role=\"button\" id=\"accordion-label-m%c3%a5l-for-dks-ordningen\" aria-controls=\"accordion-content-m%c3%a5l-for-dks-ordningen\" aria-expanded=\"false\">\n\t\t\t\t\t\t<div class=\"sow-accordion-title sow-accordion-title-icon-left\">\n\t\t\t\t\t\t\t\t\t\t\t\t\t\tM\u00e5l for DKS-ordningen \t\t\t\t\t\t\t\t\t\t\t\t\t<\/div>\n\t\t\t\t\t\t<div class=\"sow-accordion-open-close-button\">\n\t\t\t\t\t\t\t<div class=\"sow-accordion-open-button\">\n\t\t\t\t\t\t\t\t<span class=\"sow-icon-ionicons\" data-sow-icon=\"&#xf218;\"\n\t\t \n\t\taria-hidden=\"true\"><\/span>\t\t\t\t\t\t\t<\/div>\n\t\t\t\t\t\t\t<div class=\"sow-accordion-close-button\">\n\t\t\t\t\t\t\t\t<span class=\"sow-icon-ionicons\" data-sow-icon=\"&#xf209;\"\n\t\t \n\t\taria-hidden=\"true\"><\/span>\t\t\t\t\t\t\t<\/div>\n\t\t\t\t\t\t<\/div>\n\t\t\t\t\t<\/div>\n\t\t\t\t<\/div>\n\n\t\t\t<div\n\t\t\t\tclass=\"sow-accordion-panel-content\"\n\t\t\t\trole=\"region\"\n\t\t\t\taria-labelledby=\"accordion-label-m%c3%a5l-for-dks-ordningen\"\n\t\t\t\tid=\"accordion-content-m%c3%a5l-for-dks-ordningen\"\n\t\t\t\tstyle=\"display: none;\"\t\t\t>\n\t\t\t\t<div class=\"sow-accordion-panel-border\">\n\t\t\t\t\t<p>DKS i L\u00f8renskog f\u00f8lger de nasjonale m\u00e5lene for skolesekken fra Meld. St. 18 (2021-2021),\u00a0<a href=\"https:\/\/www.regjeringen.no\/no\/dokumenter\/meld.-st.-18-20202021\/id2839455\/\" target=\"_blank\" rel=\"noreferrer noopener\">\u00abOppleve, skape, dele \u2014 Kunst og kultur for, med og av barn og unge\u00bb<\/a>. Disse m\u00e5lene sier at Den kulturelle skolesekken skal:<\/p>\n<ul>\n<li><em>vere eit gratis tilbod for alle barn og unge i grunnskolen og vidareg\u00e5ande skole og skal tilbydast jamleg<\/em><\/li>\n<\/ul>\n<ul>\n<li><em>sikre at barn og unge f\u00e5r eit likeverdig kunst- og kulturtilbod av h\u00f8g kvalitet, uavhengig av kvar dei bur, slik at dei kan gjere seg kjende med og utvikle forst\u00e5ing for eit variert spekter av kulturuttrykk<\/em><\/li>\n<\/ul>\n<ul>\n<li><em>bidra til barn og unge si danning og utdanning, slik dette er formulert i overordna l\u00e6replanar i fag<\/em><\/li>\n<\/ul>\n<ul>\n<li><em>formidle eit kulturtilbod som blir opplevd som relevant, og som representerer eit kulturelt mangfald av tilbod og ut\u00f8varar<\/em><\/li>\n<\/ul>\n<ul>\n<li><em>vere eit samarbeid mellom kultursektoren og utdanningssektoren p\u00e5 alle niv\u00e5 for \u00e5 sikre god planlegging, forankring og tilrettelegging<\/em><\/li>\n<\/ul>\n<ul>\n<li><em>bidra til \u00e5 styrkje norsk spr\u00e5k, dei samiske spr\u00e5ka, dei nasjonale minoritetsspr\u00e5ka og norsk teiknspr\u00e5k som grunnleggjande kulturberarar<\/em><\/li>\n<\/ul>\n<p>Vi har ogs\u00e5 noen lokale m\u00e5l som sier at Den kulturelle skolesekken skal:<\/p>\n<ul>\n<li><em>bidra til oppf\u00f8lging av kommunens ungdomssatsing<\/em><\/li>\n<\/ul>\n<ul>\n<li><em>bidra til \u00e5 gi barn og unge i L\u00f8renskog kjennskap til lokale ut\u00f8vere og kulturinstitusjoner<\/em><\/li>\n<\/ul>\n<ul>\n<li><em>sikre at elevene f\u00e5r mulighet til medvirkning gjennom dialog, deltagelse og innflytelse, og dermed sikre at de f\u00e5r et eierskap til programmet<\/em><\/li>\n<\/ul>\n\t\t\t\t<\/div>\n\t\t\t<\/div>\n\t\t<\/div>\n\t\t\t<div class=\"sow-accordion-panel\n\t\t\t\t\"\n\t\t\tdata-anchor-id=\"prinsipper\">\n\t\t\t\t<div class=\"sow-accordion-panel-header-container\" role=\"heading\" aria-level=\"2\">\n\t\t\t\t\t<div class=\"sow-accordion-panel-header\" tabindex=\"0\" role=\"button\" id=\"accordion-label-prinsipper\" aria-controls=\"accordion-content-prinsipper\" aria-expanded=\"false\">\n\t\t\t\t\t\t<div class=\"sow-accordion-title sow-accordion-title-icon-left\">\n\t\t\t\t\t\t\t\t\t\t\t\t\t\tPrinsipper\t\t\t\t\t\t\t\t\t\t\t\t\t<\/div>\n\t\t\t\t\t\t<div class=\"sow-accordion-open-close-button\">\n\t\t\t\t\t\t\t<div class=\"sow-accordion-open-button\">\n\t\t\t\t\t\t\t\t<span class=\"sow-icon-ionicons\" data-sow-icon=\"&#xf218;\"\n\t\t \n\t\taria-hidden=\"true\"><\/span>\t\t\t\t\t\t\t<\/div>\n\t\t\t\t\t\t\t<div class=\"sow-accordion-close-button\">\n\t\t\t\t\t\t\t\t<span class=\"sow-icon-ionicons\" data-sow-icon=\"&#xf209;\"\n\t\t \n\t\taria-hidden=\"true\"><\/span>\t\t\t\t\t\t\t<\/div>\n\t\t\t\t\t\t<\/div>\n\t\t\t\t\t<\/div>\n\t\t\t\t<\/div>\n\n\t\t\t<div\n\t\t\t\tclass=\"sow-accordion-panel-content\"\n\t\t\t\trole=\"region\"\n\t\t\t\taria-labelledby=\"accordion-label-prinsipper\"\n\t\t\t\tid=\"accordion-content-prinsipper\"\n\t\t\t\tstyle=\"display: none;\"\t\t\t>\n\t\t\t\t<div class=\"sow-accordion-panel-border\">\n\t\t\t\t\t<p>Varig ordning: Den kulturelle skolesekken skal v\u00e6re en varig ordning for elever i skolen.<\/p>\n<p>For alle elever: Den kulturelle skolesekken skal favne om alle elevene i grunnskolen og den videreg\u00e5ende oppl\u00e6ringen, uavhengig av hvilken skole de g\u00e5r p\u00e5 og hvilken \u00f8konomisk, sosial, etnisk og religi\u00f8s bakgrunn de har.<\/p>\n<p>H\u00f8y kvalitet: Elevene skal m\u00f8te profesjonelle kunst- og kulturtilbud med h\u00f8y kunstnerisk kvalitet.<\/p>\n\t\t\t\t<\/div>\n\t\t\t<\/div>\n\t\t<\/div>\n\t\t\t<div class=\"sow-accordion-panel\n\t\t\t\t\"\n\t\t\tdata-anchor-id=\"samspill-med-laereplanene\">\n\t\t\t\t<div class=\"sow-accordion-panel-header-container\" role=\"heading\" aria-level=\"2\">\n\t\t\t\t\t<div class=\"sow-accordion-panel-header\" tabindex=\"0\" role=\"button\" id=\"accordion-label-samspill-med-l%c3%a6replanene\" aria-controls=\"accordion-content-samspill-med-l%c3%a6replanene\" aria-expanded=\"false\">\n\t\t\t\t\t\t<div class=\"sow-accordion-title sow-accordion-title-icon-left\">\n\t\t\t\t\t\t\t\t\t\t\t\t\t\tSamspill med l\u00e6replanene\t\t\t\t\t\t\t\t\t\t\t\t\t<\/div>\n\t\t\t\t\t\t<div class=\"sow-accordion-open-close-button\">\n\t\t\t\t\t\t\t<div class=\"sow-accordion-open-button\">\n\t\t\t\t\t\t\t\t<span class=\"sow-icon-ionicons\" data-sow-icon=\"&#xf218;\"\n\t\t \n\t\taria-hidden=\"true\"><\/span>\t\t\t\t\t\t\t<\/div>\n\t\t\t\t\t\t\t<div class=\"sow-accordion-close-button\">\n\t\t\t\t\t\t\t\t<span class=\"sow-icon-ionicons\" data-sow-icon=\"&#xf209;\"\n\t\t \n\t\taria-hidden=\"true\"><\/span>\t\t\t\t\t\t\t<\/div>\n\t\t\t\t\t\t<\/div>\n\t\t\t\t\t<\/div>\n\t\t\t\t<\/div>\n\n\t\t\t<div\n\t\t\t\tclass=\"sow-accordion-panel-content\"\n\t\t\t\trole=\"region\"\n\t\t\t\taria-labelledby=\"accordion-label-samspill-med-l%c3%a6replanene\"\n\t\t\t\tid=\"accordion-content-samspill-med-l%c3%a6replanene\"\n\t\t\t\tstyle=\"display: none;\"\t\t\t>\n\t\t\t\t<div class=\"sow-accordion-panel-border\">\n\t\t\t\t\t<p>Ved \u00e5 m\u00f8te profesjonelle ut\u00f8vere gjennom DKS, kan elevene bli inspirerte, utfordret og motiverte til kreativ probleml\u00f8sning. De kan l\u00e6re \u00e5 tenke nytt for \u00e5 l\u00f8se komplekse utfordringer og f\u00e5 kunnskap om innovasjon. Det er derfor viktig at skolen opplever at innholdet i DKS-ordningen samspiller med skolens l\u00e6replaner.<\/p>\n<p>Punkt 1.4 i den overordnede delen av l\u00e6replanen, <a href=\"https:\/\/www.udir.no\/lk20\/overordnet-del\/opplaringens-verdigrunnlag\/1.4-skaperglede-engasjement-og-utforskertrang\/\">Skaperglede, engasjement og utforskertrang<\/a>, sier at<\/p>\n<blockquote>\n<p><em>evnen til \u00e5 stille sp\u00f8rsm\u00e5l, utforske og eksperimentere er viktig for dybdel\u00e6ring\u00bb, og at \u00abkreative og skapende evner bidrar til \u00e5 berike samfunnet<\/em><\/p>\n<\/blockquote>\n<p>Videre st\u00e5r det \u00e5 lese at<\/p>\n<blockquote>\n<p><em>[k]unst og kultur omfatter mange skapende og kreative fagomr\u00e5der [\u2026] og v\u00e5r estetiske sans utvikles i m\u00f8te med ulike kulturelle uttrykk, og de bidrar til \u00e5 l\u00f8fte frem nye perspektiver. Kunst og kulturuttrykk har ogs\u00e5 betydning for den enkeltes personlige utvikling<\/em><\/p>\n<\/blockquote>\n<p>Ved \u00e5 gi et innblikk i verkene til profesjonelle ut\u00f8vere kan DKS v\u00e6re et viktig supplement for m\u00e5loppn\u00e5else b\u00e5de i overordnet del av l\u00e6replanen og i m\u00e5lene for de enkelte fagene.<\/p>\n<blockquote>\n<p><em>Kulturelle opplevelser har en egenverdi, og elevene skal f\u00e5 oppleve et variert spekter av kulturuttrykk gjennom sin tid i skolen.<\/em><\/p>\n<\/blockquote>\n\t\t\t\t<\/div>\n\t\t\t<\/div>\n\t\t<\/div>\n\t\t\t<div class=\"sow-accordion-panel\n\t\t\t\t\"\n\t\t\tdata-anchor-id=\"dks-og-skoleledere\">\n\t\t\t\t<div class=\"sow-accordion-panel-header-container\" role=\"heading\" aria-level=\"2\">\n\t\t\t\t\t<div class=\"sow-accordion-panel-header\" tabindex=\"0\" role=\"button\" id=\"accordion-label-dks-og-skoleledere\" aria-controls=\"accordion-content-dks-og-skoleledere\" aria-expanded=\"false\">\n\t\t\t\t\t\t<div class=\"sow-accordion-title sow-accordion-title-icon-left\">\n\t\t\t\t\t\t\t\t\t\t\t\t\t\tDKS og skoleledere\t\t\t\t\t\t\t\t\t\t\t\t\t<\/div>\n\t\t\t\t\t\t<div class=\"sow-accordion-open-close-button\">\n\t\t\t\t\t\t\t<div class=\"sow-accordion-open-button\">\n\t\t\t\t\t\t\t\t<span class=\"sow-icon-ionicons\" data-sow-icon=\"&#xf218;\"\n\t\t \n\t\taria-hidden=\"true\"><\/span>\t\t\t\t\t\t\t<\/div>\n\t\t\t\t\t\t\t<div class=\"sow-accordion-close-button\">\n\t\t\t\t\t\t\t\t<span class=\"sow-icon-ionicons\" data-sow-icon=\"&#xf209;\"\n\t\t \n\t\taria-hidden=\"true\"><\/span>\t\t\t\t\t\t\t<\/div>\n\t\t\t\t\t\t<\/div>\n\t\t\t\t\t<\/div>\n\t\t\t\t<\/div>\n\n\t\t\t<div\n\t\t\t\tclass=\"sow-accordion-panel-content\"\n\t\t\t\trole=\"region\"\n\t\t\t\taria-labelledby=\"accordion-label-dks-og-skoleledere\"\n\t\t\t\tid=\"accordion-content-dks-og-skoleledere\"\n\t\t\t\tstyle=\"display: none;\"\t\t\t>\n\t\t\t\t<div class=\"sow-accordion-panel-border\">\n\t\t\t\t\t<p>Skoleledere er sentrale for lokal forankring av DKS i skolene. Tilbakemeldinger fra ut\u00f8vere og kulturkontakter viser at en engasjert skoleleder styrker eierforholdet til DKS-tilbudet lokalt, og bidrar til at kunst og kultur i st\u00f8rre grad blir inkludert i planene til skolen. En skoleleder som ser DKS som et viktig verkt\u00f8y for m\u00e5loppn\u00e5else og tar ansvar for gjennomf\u00f8ringen, bidrar ogs\u00e5 til \u00e5 videreutvikle og forbedre tilbudet<\/p>\n\t\t\t\t<\/div>\n\t\t\t<\/div>\n\t\t<\/div>\n\t\t\t<div class=\"sow-accordion-panel\n\t\t\t\t\"\n\t\t\tdata-anchor-id=\"dks-og-laererens-rolle\">\n\t\t\t\t<div class=\"sow-accordion-panel-header-container\" role=\"heading\" aria-level=\"2\">\n\t\t\t\t\t<div class=\"sow-accordion-panel-header\" tabindex=\"0\" role=\"button\" id=\"accordion-label-dks-og-l%c3%a6rerens-rolle\" aria-controls=\"accordion-content-dks-og-l%c3%a6rerens-rolle\" aria-expanded=\"false\">\n\t\t\t\t\t\t<div class=\"sow-accordion-title sow-accordion-title-icon-left\">\n\t\t\t\t\t\t\t\t\t\t\t\t\t\tDKS og l\u00e6rerens rolle\t\t\t\t\t\t\t\t\t\t\t\t\t<\/div>\n\t\t\t\t\t\t<div class=\"sow-accordion-open-close-button\">\n\t\t\t\t\t\t\t<div class=\"sow-accordion-open-button\">\n\t\t\t\t\t\t\t\t<span class=\"sow-icon-ionicons\" data-sow-icon=\"&#xf218;\"\n\t\t \n\t\taria-hidden=\"true\"><\/span>\t\t\t\t\t\t\t<\/div>\n\t\t\t\t\t\t\t<div class=\"sow-accordion-close-button\">\n\t\t\t\t\t\t\t\t<span class=\"sow-icon-ionicons\" data-sow-icon=\"&#xf209;\"\n\t\t \n\t\taria-hidden=\"true\"><\/span>\t\t\t\t\t\t\t<\/div>\n\t\t\t\t\t\t<\/div>\n\t\t\t\t\t<\/div>\n\t\t\t\t<\/div>\n\n\t\t\t<div\n\t\t\t\tclass=\"sow-accordion-panel-content\"\n\t\t\t\trole=\"region\"\n\t\t\t\taria-labelledby=\"accordion-label-dks-og-l%c3%a6rerens-rolle\"\n\t\t\t\tid=\"accordion-content-dks-og-l%c3%a6rerens-rolle\"\n\t\t\t\tstyle=\"display: none;\"\t\t\t>\n\t\t\t\t<div class=\"sow-accordion-panel-border\">\n\t\t\t\t\t<p><a href=\"https:\/\/www.kulturdirektoratet.no\/documents\/10157\/105685\/Den+kulturelle+skolesekken+2013.pdf\">Rapporten <em>Den kulturelle skolesekken <\/em>(Breivik og Christophersen, 2013)<\/a> viser at elevene \u00f8nsker \u00e5 v\u00e6re forberedt p\u00e5 det de skal oppleve gjennom DKS, og at de \u00f8nsker en relevans til eget st\u00e5sted og livssituasjon. I tillegg \u00f8nsker de \u00e5 arbeide med opplevelsene i etterkant. Elevene sier at \u00e5 bli sett og h\u00f8rt og i tillegg f\u00e5 delta, vil gj\u00f8re opplevelsen bedre.<\/p>\n<p>For at eleven skal oppleve kunstm\u00f8tet som relevant, er l\u00e6reren viktig. L\u00e6reren kan hjelpe elevene til \u00e5 se sammenhenger med de andre l\u00e6ringsaktivitetene ved skolen, tolke og evaluere opplevelsen og i tillegg bidra til \u00e5 knytte opplevelsen til overordnede og fagspesifikke m\u00e5l i l\u00e6replanen.<\/p>\n<p>DKS-produksjoner skal samspille med l\u00e6replanene i skolen. Om l\u00e6reren knytter tilbudet til m\u00e5l fra l\u00e6replanen, kan elevene ogs\u00e5 oppleve tilbudet som mer relevant. Kunstformidlingen skal ikke erstatte ordin\u00e6r undervisning, men kan fungere som et supplement til de vanlige aktivitetene ved skolen. L\u00e6rere og skoleledere er en viktig ressurs som kan sette opplevelsen i en sammenheng og i relasjon til de andre aktivitetene i skolen.<\/p>\n\t\t\t\t<\/div>\n\t\t\t<\/div>\n\t\t<\/div>\n\t\t\t<div class=\"sow-accordion-panel\n\t\t\t\t\"\n\t\t\tdata-anchor-id=\"dks-og-kulturkontakten\">\n\t\t\t\t<div class=\"sow-accordion-panel-header-container\" role=\"heading\" aria-level=\"2\">\n\t\t\t\t\t<div class=\"sow-accordion-panel-header\" tabindex=\"0\" role=\"button\" id=\"accordion-label-dks-og-kulturkontakten\" aria-controls=\"accordion-content-dks-og-kulturkontakten\" aria-expanded=\"false\">\n\t\t\t\t\t\t<div class=\"sow-accordion-title sow-accordion-title-icon-left\">\n\t\t\t\t\t\t\t\t\t\t\t\t\t\tDKS og kulturkontakten\t\t\t\t\t\t\t\t\t\t\t\t\t<\/div>\n\t\t\t\t\t\t<div class=\"sow-accordion-open-close-button\">\n\t\t\t\t\t\t\t<div class=\"sow-accordion-open-button\">\n\t\t\t\t\t\t\t\t<span class=\"sow-icon-ionicons\" data-sow-icon=\"&#xf218;\"\n\t\t \n\t\taria-hidden=\"true\"><\/span>\t\t\t\t\t\t\t<\/div>\n\t\t\t\t\t\t\t<div class=\"sow-accordion-close-button\">\n\t\t\t\t\t\t\t\t<span class=\"sow-icon-ionicons\" data-sow-icon=\"&#xf209;\"\n\t\t \n\t\taria-hidden=\"true\"><\/span>\t\t\t\t\t\t\t<\/div>\n\t\t\t\t\t\t<\/div>\n\t\t\t\t\t<\/div>\n\t\t\t\t<\/div>\n\n\t\t\t<div\n\t\t\t\tclass=\"sow-accordion-panel-content\"\n\t\t\t\trole=\"region\"\n\t\t\t\taria-labelledby=\"accordion-label-dks-og-kulturkontakten\"\n\t\t\t\tid=\"accordion-content-dks-og-kulturkontakten\"\n\t\t\t\tstyle=\"display: none;\"\t\t\t>\n\t\t\t\t<div class=\"sow-accordion-panel-border\">\n\t\t\t\t\t<p>Kulturkontakten er et viktig bindeledd mellom skolen og DKS. Oppgaven til kulturkontakten er \u00e5 s\u00f8rge for tilrettelegging i forkant av, under og i etterkant av kunstbes\u00f8ket p\u00e5 skolen.<\/p>\n<p>En viktig del av kulturkontaktrollen er \u00e5 koordinere DKS-tilbud med andre planer i skolen, og s\u00f8rge for kommunikasjon mellom alle ledd, fra DKS-planleggere til skolens ledelse og l\u00e6rere. Langsiktig planlegging kan gj\u00f8re det enklere for l\u00e6rerne \u00e5 sette DKS-opplevelsen i sammenheng med de faglige m\u00e5lene i skolen. Slik kan opplevelsene samspille med l\u00e6replanene, og den skolefaglige relevansen blir tydeligere for b\u00e5de l\u00e6rere og elever.<\/p>\n<p>Kulturkontakten er ogs\u00e5 kontaktperson for kulturvertene ved skolen, og s\u00f8rger for relevant informasjon og delegerer oppgaver sammen med kulturvertene f\u00f8r hvert bes\u00f8k.<\/p>\n\t\t\t\t<\/div>\n\t\t\t<\/div>\n\t\t<\/div>\n\t\t\t<div class=\"sow-accordion-panel\n\t\t\t\t\"\n\t\t\tdata-anchor-id=\"dks-og-elevene\">\n\t\t\t\t<div class=\"sow-accordion-panel-header-container\" role=\"heading\" aria-level=\"2\">\n\t\t\t\t\t<div class=\"sow-accordion-panel-header\" tabindex=\"0\" role=\"button\" id=\"accordion-label-dks-og-elevene\" aria-controls=\"accordion-content-dks-og-elevene\" aria-expanded=\"false\">\n\t\t\t\t\t\t<div class=\"sow-accordion-title sow-accordion-title-icon-left\">\n\t\t\t\t\t\t\t\t\t\t\t\t\t\tDKS og elevene\t\t\t\t\t\t\t\t\t\t\t\t\t<\/div>\n\t\t\t\t\t\t<div class=\"sow-accordion-open-close-button\">\n\t\t\t\t\t\t\t<div class=\"sow-accordion-open-button\">\n\t\t\t\t\t\t\t\t<span class=\"sow-icon-ionicons\" data-sow-icon=\"&#xf218;\"\n\t\t \n\t\taria-hidden=\"true\"><\/span>\t\t\t\t\t\t\t<\/div>\n\t\t\t\t\t\t\t<div class=\"sow-accordion-close-button\">\n\t\t\t\t\t\t\t\t<span class=\"sow-icon-ionicons\" data-sow-icon=\"&#xf209;\"\n\t\t \n\t\taria-hidden=\"true\"><\/span>\t\t\t\t\t\t\t<\/div>\n\t\t\t\t\t\t<\/div>\n\t\t\t\t\t<\/div>\n\t\t\t\t<\/div>\n\n\t\t\t<div\n\t\t\t\tclass=\"sow-accordion-panel-content\"\n\t\t\t\trole=\"region\"\n\t\t\t\taria-labelledby=\"accordion-label-dks-og-elevene\"\n\t\t\t\tid=\"accordion-content-dks-og-elevene\"\n\t\t\t\tstyle=\"display: none;\"\t\t\t>\n\t\t\t\t<div class=\"sow-accordion-panel-border\">\n\t\t\t\t\t<p>Et sentralt premiss for ordningen er at elevene selv opplever tilbudet som relevant, og at eleven f\u00e5r spille en rolle i utforming og gjennomf\u00f8ring av tilbudet. Innholdet i DKS b\u00f8r ogs\u00e5 reflektere den medie- og teknologirike erfaringen barn og unge har.<\/p>\n<p>DKS er i stadig utvikling n\u00e5r det gjelder \u00e5 involvere elever. Elevmedvirkning kan skje i alle faser: planleggings-, programmerings- eller produksjonsfasen, i m\u00f8te med produksjonen og kunstnerne eller i ulike former for etterarbeid og evaluering.\u00a0B\u00e5de l\u00e6rere, kunstnere og\u00a0DKS-planleggere er viktige for \u00e5 n\u00e5 m\u00e5let om \u00e5 styrke elevmedvirkningen i DKS. M\u00e5let faller sammen med vektleggingen av demokrati og medvirkning i l\u00e6replanen.<\/p>\n<p>Kulturtanken har satt i gang flere ulike tiltak og piloter for \u00e5 \u00f8ke graden av elevmedvirkning i DKS. L\u00f8renskog kommune har deltatt i en pilot hvor elever fra Solheim skole fikk v\u00e6re medprodusenter i forestillingen \u00abMagiske hamskiftere\u00bb. Erfaringen fra piloten viser at elevene har bred kunnskap om virkemidler og hva som fenger m\u00e5lgruppen. Elevene er \u00abeksperter p\u00e5 egen m\u00e5lgruppe\u00bb.<\/p>\n<p>Punkt 1.6 i den overordnede delen av l\u00e6replanen, <a href=\"https:\/\/www.udir.no\/lk20\/overordnet-del\/opplaringens-verdigrunnlag\/1.6-demokrati-og-medvirkning\/\">Demokrati og medvirkning<\/a>, sier at:<\/p>\n<blockquote>\n<p><em>Elevene skal erfare at de blir lyttet til i skolehverdagen, at de har reell innflytelse og at de kan p\u00e5virke det som ang\u00e5r dem.<\/em><\/p>\n<\/blockquote>\n<p>Elevenes stemme skal komme tydeligere fram, og det er et m\u00e5l at de skal f\u00f8le eierskap til DKS-ordningen. Kulturelle opplevelser kan bidra til \u00e5 styrke forst\u00e5else for og kunnskap om verden vi lever i. DKS kan v\u00e6re en arena for b\u00e5de l\u00e6ring og dannelse, hvor elevene f\u00e5r innsikt i kulturelt og kunstnerisk mangfold og kulturelle og kunstneriske opplevelser.<\/p>\n\t\t\t\t<\/div>\n\t\t\t<\/div>\n\t\t<\/div>\n\t\t<\/div>\n<\/div>\n<\/div><\/div><\/div><\/div><\/div>\n\n\n<div style=\"height:50px\" aria-hidden=\"true\" class=\"wp-block-spacer\"><\/div>\n","protected":false},"excerpt":{"rendered":"<p>Den kulturelle skolesekken (DKS) er en nasjonal ordning som s\u00f8rger for at alle skoleelever i Norge f\u00e5r oppleve profesjonell kunst og kultur hvert \u00e5r. Ordningen har v\u00e6rt en del av regjeringens kulturpolitiske satsing for grunnskolen siden 2001, og er unik i verdenssammenheng. Kulturtilbudet skal v\u00e6re av h\u00f8y kvalitet, og vise hele bredden av de seks [&hellip;]<\/p>\n","protected":false},"author":7,"featured_media":913,"parent":0,"menu_order":0,"comment_status":"closed","ping_status":"closed","template":"custom-with-image.php","meta":{"footnotes":""},"class_list":["post-23","page","type-page","status-publish","has-post-thumbnail","hentry"],"_links":{"self":[{"href":"https:\/\/www.denkulturelleskolesekken.no\/lorenskog\/wp-json\/wp\/v2\/pages\/23","targetHints":{"allow":["GET"]}}],"collection":[{"href":"https:\/\/www.denkulturelleskolesekken.no\/lorenskog\/wp-json\/wp\/v2\/pages"}],"about":[{"href":"https:\/\/www.denkulturelleskolesekken.no\/lorenskog\/wp-json\/wp\/v2\/types\/page"}],"author":[{"embeddable":true,"href":"https:\/\/www.denkulturelleskolesekken.no\/lorenskog\/wp-json\/wp\/v2\/users\/7"}],"replies":[{"embeddable":true,"href":"https:\/\/www.denkulturelleskolesekken.no\/lorenskog\/wp-json\/wp\/v2\/comments?post=23"}],"version-history":[{"count":35,"href":"https:\/\/www.denkulturelleskolesekken.no\/lorenskog\/wp-json\/wp\/v2\/pages\/23\/revisions"}],"predecessor-version":[{"id":2165,"href":"https:\/\/www.denkulturelleskolesekken.no\/lorenskog\/wp-json\/wp\/v2\/pages\/23\/revisions\/2165"}],"wp:featuredmedia":[{"embeddable":true,"href":"https:\/\/www.denkulturelleskolesekken.no\/lorenskog\/wp-json\/wp\/v2\/media\/913"}],"wp:attachment":[{"href":"https:\/\/www.denkulturelleskolesekken.no\/lorenskog\/wp-json\/wp\/v2\/media?parent=23"}],"curies":[{"name":"wp","href":"https:\/\/api.w.org\/{rel}","templated":true}]}}