{"id":2088,"date":"2025-02-21T13:27:23","date_gmt":"2025-02-21T13:27:23","guid":{"rendered":"https:\/\/www.denkulturelleskolesekken.no\/lorenskog\/?page_id=2088"},"modified":"2026-04-16T09:55:40","modified_gmt":"2026-04-16T09:55:40","slug":"skal-du-ut-pa-turne","status":"publish","type":"page","link":"https:\/\/www.denkulturelleskolesekken.no\/lorenskog\/skal-du-ut-pa-turne\/","title":{"rendered":"Skal du ut p\u00e5 turn\u00e9?"},"content":{"rendered":"\n<p>Du har sikkert klart for deg hva som skal skje n\u00e5r du st\u00e5r p\u00e5 scenen, men f\u00f8r du kommer s\u00e5 langt, er det en del ting som m\u00e5 forberedes. <\/p>\n\n\n\n<p>Her har vi listet opp hva som er viktig \u00e5 vite og huske p\u00e5 f\u00f8r turn\u00e9start. Du finner ogs\u00e5 litt info om fakturering og annet etter endt turn\u00e9.<\/p>\n\n\n\n<p>Det er ogs\u00e5 laget en nasjonal <a href=\"https:\/\/www.denkulturelleskolesekken.no\/forside\/om-dks\/utover\/veileder\/\">veileder for oppdragstagere i DKS<\/a>. Den skal bidra til trygge og gode m\u00f8ter med skolene og elevene.<\/p>\n\n\n\n<h2 class=\"wp-block-heading\">F\u00f8r turn\u00e9<\/h2>\n\n\n<div id=\"pl-gb2088-69f398c9c6c19\"  class=\"panel-layout\" ><div id=\"pg-gb2088-69f398c9c6c19-0\"  class=\"panel-grid panel-no-style\" ><div id=\"pgc-gb2088-69f398c9c6c19-0-0\"  class=\"panel-grid-cell\" ><div id=\"panel-gb2088-69f398c9c6c19-0-0-0\" class=\"so-panel widget widget_sow-accordion panel-first-child panel-last-child\" data-index=\"0\" ><div\n\t\t\t\n\t\t\tclass=\"so-widget-sow-accordion so-widget-sow-accordion-default-41fc8f72837a-2088\"\n\t\t\t\n\t\t><div>\n\t<div class=\"sow-accordion\">\n\t\t\t<div class=\"sow-accordion-panel\n\t\t\t\t\"\n\t\t\tdata-anchor-id=\"folk-du-moter-i-dks\">\n\t\t\t\t<div class=\"sow-accordion-panel-header-container\" role=\"heading\" aria-level=\"2\">\n\t\t\t\t\t<div class=\"sow-accordion-panel-header\" tabindex=\"0\" role=\"button\" id=\"accordion-label-folk-du-m%c3%b8ter-i-dks\" aria-controls=\"accordion-content-folk-du-m%c3%b8ter-i-dks\" aria-expanded=\"false\">\n\t\t\t\t\t\t<div class=\"sow-accordion-title sow-accordion-title-icon-left\">\n\t\t\t\t\t\t\t\t\t\t\t\t\t\tFolk du m\u00f8ter i DKS\t\t\t\t\t\t\t\t\t\t\t\t\t<\/div>\n\t\t\t\t\t\t<div class=\"sow-accordion-open-close-button\">\n\t\t\t\t\t\t\t<div class=\"sow-accordion-open-button\">\n\t\t\t\t\t\t\t\t<span class=\"sow-icon-ionicons\" data-sow-icon=\"&#xf218;\"\n\t\t \n\t\taria-hidden=\"true\"><\/span>\t\t\t\t\t\t\t<\/div>\n\t\t\t\t\t\t\t<div class=\"sow-accordion-close-button\">\n\t\t\t\t\t\t\t\t<span class=\"sow-icon-ionicons\" data-sow-icon=\"&#xf209;\"\n\t\t \n\t\taria-hidden=\"true\"><\/span>\t\t\t\t\t\t\t<\/div>\n\t\t\t\t\t\t<\/div>\n\t\t\t\t\t<\/div>\n\t\t\t\t<\/div>\n\n\t\t\t<div\n\t\t\t\tclass=\"sow-accordion-panel-content\"\n\t\t\t\trole=\"region\"\n\t\t\t\taria-labelledby=\"accordion-label-folk-du-m%c3%b8ter-i-dks\"\n\t\t\t\tid=\"accordion-content-folk-du-m%c3%b8ter-i-dks\"\n\t\t\t\tstyle=\"display: none;\"\t\t\t>\n\t\t\t\t<div class=\"sow-accordion-panel-border\">\n\t\t\t\t\t<h4>DKS-koordinator<\/h4>\n<p>DKS-koordinatoren er fra administrasjonen til DKS L\u00f8renskog. En av oss vil ta kontakt med deg om alt det praktiske rundt turnen, eventuell tilpasning av produksjonen din, teknisk utstyr og lignende. DKS-koordinatoren vil svare p\u00e5 sp\u00f8rsm\u00e5l du m\u00e5tte ha om \u00e5 turnere i L\u00f8renskog.<\/p>\n<h4>Kulturkontakten<\/h4>\n<p>Det finnes en kulturkontakt p\u00e5 hver skole. Dette er DKS L\u00f8renskogs kontaktperson p\u00e5 skolen, som du kontakter i forkant av hvert bes\u00f8k. Kulturkontakten har ansvaret for det praktiske ved gjennomf\u00f8ring av DKS-produksjoner p\u00e5 skolene. De vil ogs\u00e5 informere l\u00e6rere og \u00f8vrige ansatte. Kulturkontakten er bindeleddet mellom DKS-koordinatoren, ut\u00f8veren og skolen. Kulturkontakten har ogs\u00e5 ansvar for \u00e5 organisere og f\u00f8lge opp kulturverter. <a href=\"https:\/\/www.denkulturelleskolesekken.no\/lorenskog\/er-du-kulturkontakt\/\" target=\"_blank\" rel=\"noopener\">Her kan du lese mer om kulturkontaktene<\/a>.<\/p>\n<h4>Kulturvertene<\/h4>\n<p>Kulturverter er utvalgte elever p\u00e5 skolene som tar imot bes\u00f8ket fra DKS og s\u00f8rger for at ut\u00f8verne finner frem og har det bra. \u00a0Involver dem gjerne i forberedelser og avvikling av arrangementet. En introduksjon fra en kulturvert kan v\u00e6re en fin start p\u00e5 en formidling. <a href=\"https:\/\/www.denkulturelleskolesekken.no\/lorenskog\/er-du-kulturvert\/\" target=\"_blank\" rel=\"noopener\">Her kan du lese mer om kulturvertene v\u00e5re<\/a>.<\/p>\n<h4>L\u00e6reren<\/h4>\n<p>L\u00e6reren har ansvaret for elevene i skoletiden og skal v\u00e6re sammen med elevene under DKS-bes\u00f8ket. Det er l\u00e6reren som skal h\u00e5ndtere eventuelle situasjoner. L\u00e6reren skal ha forberedt klassen p\u00e5 hvem som skal komme p\u00e5 bes\u00f8k. Det er lurt \u00e5 snakke med l\u00e6reren n\u00e5r du kommer til skolen for \u00e5 avklare hvilken rolle du \u00f8nsker l\u00e6reren skal ta.<\/p>\n\t\t\t\t<\/div>\n\t\t\t<\/div>\n\t\t<\/div>\n\t\t\t<div class=\"sow-accordion-panel\n\t\t\t\t\"\n\t\t\tdata-anchor-id=\"reise-diett-og-overnatting\">\n\t\t\t\t<div class=\"sow-accordion-panel-header-container\" role=\"heading\" aria-level=\"2\">\n\t\t\t\t\t<div class=\"sow-accordion-panel-header\" tabindex=\"0\" role=\"button\" id=\"accordion-label-reise-diett-og-overnatting\" aria-controls=\"accordion-content-reise-diett-og-overnatting\" aria-expanded=\"false\">\n\t\t\t\t\t\t<div class=\"sow-accordion-title sow-accordion-title-icon-left\">\n\t\t\t\t\t\t\t\t\t\t\t\t\t\tReise, diett og overnatting\t\t\t\t\t\t\t\t\t\t\t\t\t<\/div>\n\t\t\t\t\t\t<div class=\"sow-accordion-open-close-button\">\n\t\t\t\t\t\t\t<div class=\"sow-accordion-open-button\">\n\t\t\t\t\t\t\t\t<span class=\"sow-icon-ionicons\" data-sow-icon=\"&#xf218;\"\n\t\t \n\t\taria-hidden=\"true\"><\/span>\t\t\t\t\t\t\t<\/div>\n\t\t\t\t\t\t\t<div class=\"sow-accordion-close-button\">\n\t\t\t\t\t\t\t\t<span class=\"sow-icon-ionicons\" data-sow-icon=\"&#xf209;\"\n\t\t \n\t\taria-hidden=\"true\"><\/span>\t\t\t\t\t\t\t<\/div>\n\t\t\t\t\t\t<\/div>\n\t\t\t\t\t<\/div>\n\t\t\t\t<\/div>\n\n\t\t\t<div\n\t\t\t\tclass=\"sow-accordion-panel-content\"\n\t\t\t\trole=\"region\"\n\t\t\t\taria-labelledby=\"accordion-label-reise-diett-og-overnatting\"\n\t\t\t\tid=\"accordion-content-reise-diett-og-overnatting\"\n\t\t\t\tstyle=\"display: none;\"\t\t\t>\n\t\t\t\t<div class=\"sow-accordion-panel-border\">\n\t\t\t\t\t<h4>Reise til og fra turn\u00e9stedet<\/h4>\n<p>Reiserute og hvordan du best kommer deg til og fra turn\u00e9stedet avtales med DKS-koordinator. Eventuelle flybilletter bestilles av DKS-koordinator. Det tar ca. 20 minutter med kollektive transportmidler fra Oslo sentrum til L\u00f8renskog sentrum. L\u00f8renskog kommune har kompakt bebyggelse hvor skolene ligger tett.<\/p>\n<h4>Leiebil<\/h4>\n<p>Ved spesielle behov, som for eksempel frakt av mye utstyr, kan det v\u00e6re aktuelt med leiebil. Dette avtales med DKS-koordinator, som har egne avtaler p\u00e5 dette. Bilen skal kun benyttes i forbindelse med avtalt DKS-oppdrag.<\/p>\n<h4>Kj\u00f8regodtgj\u00f8relse<\/h4>\n<p>Ved bruk av egen bil benytter vi\u00a0<a href=\"https:\/\/www.skatteetaten.no\/satser\/bilgodtgjorelse-kilometergodtgjorelse\/\" target=\"_blank\" rel=\"noopener\">Statens satser for kj\u00f8regodtgj\u00f8relse.<\/a><\/p>\n<h4>Offentlig transport<\/h4>\n<p>Ta vare p\u00e5 alle kvitteringer for transportutgifter knyttet til din turn\u00e9, og legg dette ved n\u00e5r du fakturerer.<\/p>\n<h4>Diett<\/h4>\n<p>For reiser over henholdsvis 6 og 12 timer benyttes Statens satser for diett.<\/p>\n<h4>Overnatting<\/h4>\n<p>Der det er n\u00f8dvendig bestiller DKS-koordinator hotell gjennom L\u00f8renskog kommunes avtaler.<\/p>\n\t\t\t\t<\/div>\n\t\t\t<\/div>\n\t\t<\/div>\n\t\t\t<div class=\"sow-accordion-panel\n\t\t\t\t\"\n\t\t\tdata-anchor-id=\"teknisk-utstyr\">\n\t\t\t\t<div class=\"sow-accordion-panel-header-container\" role=\"heading\" aria-level=\"2\">\n\t\t\t\t\t<div class=\"sow-accordion-panel-header\" tabindex=\"0\" role=\"button\" id=\"accordion-label-teknisk-utstyr\" aria-controls=\"accordion-content-teknisk-utstyr\" aria-expanded=\"false\">\n\t\t\t\t\t\t<div class=\"sow-accordion-title sow-accordion-title-icon-left\">\n\t\t\t\t\t\t\t\t\t\t\t\t\t\tTeknisk utstyr\t\t\t\t\t\t\t\t\t\t\t\t\t<\/div>\n\t\t\t\t\t\t<div class=\"sow-accordion-open-close-button\">\n\t\t\t\t\t\t\t<div class=\"sow-accordion-open-button\">\n\t\t\t\t\t\t\t\t<span class=\"sow-icon-ionicons\" data-sow-icon=\"&#xf218;\"\n\t\t \n\t\taria-hidden=\"true\"><\/span>\t\t\t\t\t\t\t<\/div>\n\t\t\t\t\t\t\t<div class=\"sow-accordion-close-button\">\n\t\t\t\t\t\t\t\t<span class=\"sow-icon-ionicons\" data-sow-icon=\"&#xf209;\"\n\t\t \n\t\taria-hidden=\"true\"><\/span>\t\t\t\t\t\t\t<\/div>\n\t\t\t\t\t\t<\/div>\n\t\t\t\t\t<\/div>\n\t\t\t\t<\/div>\n\n\t\t\t<div\n\t\t\t\tclass=\"sow-accordion-panel-content\"\n\t\t\t\trole=\"region\"\n\t\t\t\taria-labelledby=\"accordion-label-teknisk-utstyr\"\n\t\t\t\tid=\"accordion-content-teknisk-utstyr\"\n\t\t\t\tstyle=\"display: none;\"\t\t\t>\n\t\t\t\t<div class=\"sow-accordion-panel-border\">\n\t\t\t\t\t<p>DKS L\u00f8renskog har noe teknisk utstyr som kan brukes p\u00e5 turn\u00e9, ta kontakt med DKS-koordinator om eventuell bruk av dette.<\/p>\n\t\t\t\t<\/div>\n\t\t\t<\/div>\n\t\t<\/div>\n\t\t\t<div class=\"sow-accordion-panel\n\t\t\t\t\"\n\t\t\tdata-anchor-id=\"promotering\">\n\t\t\t\t<div class=\"sow-accordion-panel-header-container\" role=\"heading\" aria-level=\"2\">\n\t\t\t\t\t<div class=\"sow-accordion-panel-header\" tabindex=\"0\" role=\"button\" id=\"accordion-label-promotering\" aria-controls=\"accordion-content-promotering\" aria-expanded=\"false\">\n\t\t\t\t\t\t<div class=\"sow-accordion-title sow-accordion-title-icon-left\">\n\t\t\t\t\t\t\t\t\t\t\t\t\t\tPromotering\t\t\t\t\t\t\t\t\t\t\t\t\t<\/div>\n\t\t\t\t\t\t<div class=\"sow-accordion-open-close-button\">\n\t\t\t\t\t\t\t<div class=\"sow-accordion-open-button\">\n\t\t\t\t\t\t\t\t<span class=\"sow-icon-ionicons\" data-sow-icon=\"&#xf218;\"\n\t\t \n\t\taria-hidden=\"true\"><\/span>\t\t\t\t\t\t\t<\/div>\n\t\t\t\t\t\t\t<div class=\"sow-accordion-close-button\">\n\t\t\t\t\t\t\t\t<span class=\"sow-icon-ionicons\" data-sow-icon=\"&#xf209;\"\n\t\t \n\t\taria-hidden=\"true\"><\/span>\t\t\t\t\t\t\t<\/div>\n\t\t\t\t\t\t<\/div>\n\t\t\t\t\t<\/div>\n\t\t\t\t<\/div>\n\n\t\t\t<div\n\t\t\t\tclass=\"sow-accordion-panel-content\"\n\t\t\t\trole=\"region\"\n\t\t\t\taria-labelledby=\"accordion-label-promotering\"\n\t\t\t\tid=\"accordion-content-promotering\"\n\t\t\t\tstyle=\"display: none;\"\t\t\t>\n\t\t\t\t<div class=\"sow-accordion-panel-border\">\n\t\t\t\t\t<p><span data-teams=\"true\">I L\u00f8renskog er vi opptatt av \u00e5 presentere produksjonene p\u00e5 en god m\u00e5te, og alle produksjonene presenteres med b\u00e5de tekst, foto og film. Det er vi som lager disse presentasjonene, men vi \u00f8nsker hjelp fra dere. For inspirasjon, sjekk <a href=\"https:\/\/www.denkulturelleskolesekken.no\/lorenskog\/utforsk-produksjoner-i-dks\/\" target=\"_blank\" rel=\"noopener\">\u00e5rets program<\/a>. Vi klipper og limer i det materialet vi f\u00e5r, og lager en flott produksjonsside. Og husk \u2013 jo mer materiale vi f\u00e5r fra deg\/dere, jo bedre.<\/span><\/p>\n<p><span data-teams=\"true\">NB! Frist for \u00e5 f\u00e5 inn materiale settes til<strong> 15. april<\/strong>.<\/span><\/p>\n<h4>Tekst<\/h4>\n<ul>\n<li>Kort tekst som skal beskrive og selge produksjonen.<\/li>\n<li>Tenk p\u00e5 mottaker \u2013 teksten skal forberede l\u00e6rere og elever slik at de vet hva som kommer.<\/li>\n<li>F\u00e5 med essensen om produksjon og ut\u00f8ver. Ikke tenk \u00abskryt\u00bb p\u00e5 samme m\u00e5te som i et forslag. N\u00e5 er du gjennom n\u00e5l\u00f8yet, s\u00e5 skolene vet at det som kommer er bra.<\/li>\n<li>Har du tanker om et undervisningsopplegg \u2013 forarbeid\/etterarbeid, er dette en kjempebonus!<\/li>\n<\/ul>\n<h4>Foto<\/h4>\n<ul>\n<li>Tenk et bilde som skal v\u00e6re selve plakaten til forestillingen.<\/li>\n<li>Send gjerne inn flere bilder, som viser flere sider\/aspekter ved produksjonen.<\/li>\n<li>Alle bilder m\u00e5 v\u00e6re liggende og med h\u00f8y oppl\u00f8sning. Formatet som blir brukt i portalen er 1440 x 720. Dette er et \u00abbanner-format\u00bb, som er litt bredere enn vanlig bildeformat. V\u00e6r obs p\u00e5 dette, da bunnen og toppen i et vanlig bilde vil bli kuttet. Ta kontakt hvis du lurer p\u00e5 noe eller trenger hjelp i forbindelse med dette!<\/li>\n<li>Husk \u00e5 f\u00e5 med navn p\u00e5 fotograf!<\/li>\n<li>Du\/vi m\u00e5 ha tillatelse til \u00e5 bruke bildene p\u00e5 produksjonssiden.<\/li>\n<\/ul>\n<h4>Video<\/h4>\n<ul>\n<li>En videohilsen\/teaser med egentlig samme funksjon som tekst, men gjerne med enda mer \u00absalgstriks\u00bb og wow-faktor. Den skal f\u00e5 l\u00e6rer og elev til \u00e5 glede seg til forestilling\/bes\u00f8k. En bonus om du\/dere nevner i videoen at dere gleder dere til \u00e5 bes\u00f8ke skolene i L\u00f8renskog.<\/li>\n<li>Du\/dere velger selv lengde, men vi anbefaler rundt ett minutt.<\/li>\n<li>Husk at filmformatet skal v\u00e6re liggende!<\/li>\n<li>Tenk at lyden p\u00e5 filmen er minst like viktig som filmen. Bruk gjerne mobil, men pass p\u00e5 at du filmer i stille omgivelser og at du er n\u00e6rme telefonen n\u00e5r du snakker.<\/li>\n<li>Filmen sendes til DKS-koordinator via fildelingstjenester som WeTransfer, Dropbox eller lignende.<\/li>\n<li>Har du tanker\/id\u00e9er til teaser-film som du trenger hjelp til \u00e5 realisere \u2013 ta kontakt s\u00e5 hjelper vi deg! Vi kan f.eks. klippe og lime sammen flere snutter du har, og ogs\u00e5 bidra p\u00e5 andre m\u00e5ter.<\/li>\n<\/ul>\n\t\t\t\t<\/div>\n\t\t\t<\/div>\n\t\t<\/div>\n\t\t\t<div class=\"sow-accordion-panel\n\t\t\t\t\"\n\t\t\tdata-anchor-id=\"kontrakt-honorering-forsikring\">\n\t\t\t\t<div class=\"sow-accordion-panel-header-container\" role=\"heading\" aria-level=\"2\">\n\t\t\t\t\t<div class=\"sow-accordion-panel-header\" tabindex=\"0\" role=\"button\" id=\"accordion-label-kontrakt-honorering-forsikring\" aria-controls=\"accordion-content-kontrakt-honorering-forsikring\" aria-expanded=\"false\">\n\t\t\t\t\t\t<div class=\"sow-accordion-title sow-accordion-title-icon-left\">\n\t\t\t\t\t\t\t\t\t\t\t\t\t\tKontrakt, honorering, forsikring\t\t\t\t\t\t\t\t\t\t\t\t\t<\/div>\n\t\t\t\t\t\t<div class=\"sow-accordion-open-close-button\">\n\t\t\t\t\t\t\t<div class=\"sow-accordion-open-button\">\n\t\t\t\t\t\t\t\t<span class=\"sow-icon-ionicons\" data-sow-icon=\"&#xf218;\"\n\t\t \n\t\taria-hidden=\"true\"><\/span>\t\t\t\t\t\t\t<\/div>\n\t\t\t\t\t\t\t<div class=\"sow-accordion-close-button\">\n\t\t\t\t\t\t\t\t<span class=\"sow-icon-ionicons\" data-sow-icon=\"&#xf209;\"\n\t\t \n\t\taria-hidden=\"true\"><\/span>\t\t\t\t\t\t\t<\/div>\n\t\t\t\t\t\t<\/div>\n\t\t\t\t\t<\/div>\n\t\t\t\t<\/div>\n\n\t\t\t<div\n\t\t\t\tclass=\"sow-accordion-panel-content\"\n\t\t\t\trole=\"region\"\n\t\t\t\taria-labelledby=\"accordion-label-kontrakt-honorering-forsikring\"\n\t\t\t\tid=\"accordion-content-kontrakt-honorering-forsikring\"\n\t\t\t\tstyle=\"display: none;\"\t\t\t>\n\t\t\t\t<div class=\"sow-accordion-panel-border\">\n\t\t\t\t\t<p>Vi sender deg kontrakt for den planlagte turneen i god tid f\u00f8r turn\u00e9start, normalt i juni\/begynnelsen av juli.<\/p>\n<p>Vi bruker vanligvis elektronisk signering, og du vil da motta en e-post fra L\u00f8renskog kommune via Posten Signering.<\/p>\n<p>Kontraktene lagres i kommunens arkivsystem.<\/p>\n<p>Er du forfatter og \u00f8nsker kontrakt gjennom Norsk forfattersentrum? Gi oss beskjed om det n\u00e5r vi avtaler turn\u00e9detaljene.<\/p>\n<p>DKS L\u00f8renskog f\u00f8lger den\u00a0<a href=\"https:\/\/www.ks.no\/fagomrader\/lonn-og-tariff\/ovrig-informasjon\/enighet-om-ny-rammeavtale-for-asa-4401\/\" target=\"_blank\" rel=\"noreferrer noopener\" data-type=\"URL\" data-id=\"https:\/\/www.ks.no\/fagomrader\/lonn-og-tariff\/ovrig-informasjon\/honorarsatser-den-kulturelle-skolesekken\/\">rammeavtalen som er fremforhandlet mellom KS og Creo (ASA 4401)<\/a>.<\/p>\n<p><span data-contrast=\"auto\">Vi \u00f8nsker \u00e5 gj\u00f8re ut\u00f8vere s\u00e6rskilt oppmerksomme p\u00e5 punkt 9 i rammeavtalen som omhandler forsikringer: \u00ab<\/span>Oppdragstaker er selv ansvarlig for \u00e5 anskaffe forsikringer som er n\u00f8dvendige for oppdraget, herunder forsikring av eget utstyr og ansvarsforsikringer\u00bb<i><span data-contrast=\"auto\">.\u00a0<\/span><\/i><span data-ccp-props=\"{&quot;201341983&quot;:0,&quot;335559739&quot;:160,&quot;335559740&quot;:259}\">\u00a0<\/span><\/p>\n\t\t\t\t<\/div>\n\t\t\t<\/div>\n\t\t<\/div>\n\t\t\t<div class=\"sow-accordion-panel\n\t\t\t\t\"\n\t\t\tdata-anchor-id=\"kontakt-med-skolene\">\n\t\t\t\t<div class=\"sow-accordion-panel-header-container\" role=\"heading\" aria-level=\"2\">\n\t\t\t\t\t<div class=\"sow-accordion-panel-header\" tabindex=\"0\" role=\"button\" id=\"accordion-label-kontakt-med-skolene\" aria-controls=\"accordion-content-kontakt-med-skolene\" aria-expanded=\"false\">\n\t\t\t\t\t\t<div class=\"sow-accordion-title sow-accordion-title-icon-left\">\n\t\t\t\t\t\t\t\t\t\t\t\t\t\tKontakt med skolene\t\t\t\t\t\t\t\t\t\t\t\t\t<\/div>\n\t\t\t\t\t\t<div class=\"sow-accordion-open-close-button\">\n\t\t\t\t\t\t\t<div class=\"sow-accordion-open-button\">\n\t\t\t\t\t\t\t\t<span class=\"sow-icon-ionicons\" data-sow-icon=\"&#xf218;\"\n\t\t \n\t\taria-hidden=\"true\"><\/span>\t\t\t\t\t\t\t<\/div>\n\t\t\t\t\t\t\t<div class=\"sow-accordion-close-button\">\n\t\t\t\t\t\t\t\t<span class=\"sow-icon-ionicons\" data-sow-icon=\"&#xf209;\"\n\t\t \n\t\taria-hidden=\"true\"><\/span>\t\t\t\t\t\t\t<\/div>\n\t\t\t\t\t\t<\/div>\n\t\t\t\t\t<\/div>\n\t\t\t\t<\/div>\n\n\t\t\t<div\n\t\t\t\tclass=\"sow-accordion-panel-content\"\n\t\t\t\trole=\"region\"\n\t\t\t\taria-labelledby=\"accordion-label-kontakt-med-skolene\"\n\t\t\t\tid=\"accordion-content-kontakt-med-skolene\"\n\t\t\t\tstyle=\"display: none;\"\t\t\t>\n\t\t\t\t<div class=\"sow-accordion-panel-border\">\n\t\t\t\t\t<p>N\u00e5r du skal turnere p\u00e5 skolene b\u00f8r du ringe kulturkontaktene senest en uke f\u00f8r du kommer p\u00e5 bes\u00f8k.<\/p>\n<p>Ved st\u00f8rre produksjoner med stor rigg, ta kontakt med skolene 2\u20133 uker i forkant slik at skolene har mulighet til \u00e5 forberede bes\u00f8ket. Husk at ikke alle skoler har like gode arealer, mulighet til blending og lignende.<\/p>\n<p>F\u00e5 bekreftelse p\u00e5 tidspunkt, antall elever og hvilket rom som skal benyttes.<\/p>\n<p>Avklar om det er andre kontaktpersoner du skal forholde deg til under bes\u00f8ket.<\/p>\n<p>Avtal parkering.<\/p>\n<p>Avtal eventuell b\u00e6rehjelp.<\/p>\n<p>Avtal med kulturkontakt\/l\u00e6rer om hvilket ansvar de skal ha under formidlingen.<\/p>\n<p>&nbsp;<\/p>\n\t\t\t\t<\/div>\n\t\t\t<\/div>\n\t\t<\/div>\n\t\t\t<div class=\"sow-accordion-panel\n\t\t\t\t\"\n\t\t\tdata-anchor-id=\"dks-app\">\n\t\t\t\t<div class=\"sow-accordion-panel-header-container\" role=\"heading\" aria-level=\"2\">\n\t\t\t\t\t<div class=\"sow-accordion-panel-header\" tabindex=\"0\" role=\"button\" id=\"accordion-label-dks-app\" aria-controls=\"accordion-content-dks-app\" aria-expanded=\"false\">\n\t\t\t\t\t\t<div class=\"sow-accordion-title sow-accordion-title-icon-left\">\n\t\t\t\t\t\t\t\t\t\t\t\t\t\tDKS-app\t\t\t\t\t\t\t\t\t\t\t\t\t<\/div>\n\t\t\t\t\t\t<div class=\"sow-accordion-open-close-button\">\n\t\t\t\t\t\t\t<div class=\"sow-accordion-open-button\">\n\t\t\t\t\t\t\t\t<span class=\"sow-icon-ionicons\" data-sow-icon=\"&#xf218;\"\n\t\t \n\t\taria-hidden=\"true\"><\/span>\t\t\t\t\t\t\t<\/div>\n\t\t\t\t\t\t\t<div class=\"sow-accordion-close-button\">\n\t\t\t\t\t\t\t\t<span class=\"sow-icon-ionicons\" data-sow-icon=\"&#xf209;\"\n\t\t \n\t\taria-hidden=\"true\"><\/span>\t\t\t\t\t\t\t<\/div>\n\t\t\t\t\t\t<\/div>\n\t\t\t\t\t<\/div>\n\t\t\t\t<\/div>\n\n\t\t\t<div\n\t\t\t\tclass=\"sow-accordion-panel-content\"\n\t\t\t\trole=\"region\"\n\t\t\t\taria-labelledby=\"accordion-label-dks-app\"\n\t\t\t\tid=\"accordion-content-dks-app\"\n\t\t\t\tstyle=\"display: none;\"\t\t\t>\n\t\t\t\t<div class=\"sow-accordion-panel-border\">\n\t\t\t\t\t<p>Det er laget en app for ut\u00f8vere og kulturinstitusjoner som kan lastes ned for\u00a0<a href=\"https:\/\/apps.apple.com\/no\/app\/dks-ut%C3%B8ver\/id1459957906?l=nb\" target=\"_blank\" rel=\"noreferrer noopener\" data-type=\"URL\" data-id=\"https:\/\/apps.apple.com\/no\/app\/dks-ut%C3%B8ver\/id1459957906?l=nb\">iPhone<\/a>\u00a0eller\u00a0<a href=\"https:\/\/play.google.com\/store\/apps\/details?id=no.netpower.kulturtanken.app&amp;hl=no\">Android<\/a><\/p>\n<p>I appen har du lett tilgang til dine forslag og relevant informasjon om turneen som tidsplaner, kart og kontaktinformasjon. Her vil du ogs\u00e5 finne kommunikasjonen du har med DKS-planleggere via meldingssystemet i portalen.<\/p>\n\t\t\t\t<\/div>\n\t\t\t<\/div>\n\t\t<\/div>\n\t\t\t<div class=\"sow-accordion-panel\n\t\t\t\t\"\n\t\t\tdata-anchor-id=\"reklamefri-skole\">\n\t\t\t\t<div class=\"sow-accordion-panel-header-container\" role=\"heading\" aria-level=\"2\">\n\t\t\t\t\t<div class=\"sow-accordion-panel-header\" tabindex=\"0\" role=\"button\" id=\"accordion-label-reklamefri-skole\" aria-controls=\"accordion-content-reklamefri-skole\" aria-expanded=\"false\">\n\t\t\t\t\t\t<div class=\"sow-accordion-title sow-accordion-title-icon-left\">\n\t\t\t\t\t\t\t\t\t\t\t\t\t\tReklamefri skole\t\t\t\t\t\t\t\t\t\t\t\t\t<\/div>\n\t\t\t\t\t\t<div class=\"sow-accordion-open-close-button\">\n\t\t\t\t\t\t\t<div class=\"sow-accordion-open-button\">\n\t\t\t\t\t\t\t\t<span class=\"sow-icon-ionicons\" data-sow-icon=\"&#xf218;\"\n\t\t \n\t\taria-hidden=\"true\"><\/span>\t\t\t\t\t\t\t<\/div>\n\t\t\t\t\t\t\t<div class=\"sow-accordion-close-button\">\n\t\t\t\t\t\t\t\t<span class=\"sow-icon-ionicons\" data-sow-icon=\"&#xf209;\"\n\t\t \n\t\taria-hidden=\"true\"><\/span>\t\t\t\t\t\t\t<\/div>\n\t\t\t\t\t\t<\/div>\n\t\t\t\t\t<\/div>\n\t\t\t\t<\/div>\n\n\t\t\t<div\n\t\t\t\tclass=\"sow-accordion-panel-content\"\n\t\t\t\trole=\"region\"\n\t\t\t\taria-labelledby=\"accordion-label-reklamefri-skole\"\n\t\t\t\tid=\"accordion-content-reklamefri-skole\"\n\t\t\t\tstyle=\"display: none;\"\t\t\t>\n\t\t\t\t<div class=\"sow-accordion-panel-border\">\n\t\t\t\t\t<p>Skoleeier plikter \u00e5 skjerme elevene for u\u00f8nsket p\u00e5virkning. Det skal derfor ikke vises reklame eller selges produkter i tilknytning til DKS.<\/p>\n\t\t\t\t<\/div>\n\t\t\t<\/div>\n\t\t<\/div>\n\t\t<\/div>\n<\/div>\n<\/div><\/div><\/div><\/div><\/div>\n\n\n<h2 class=\"wp-block-heading\">Ferdig med turn\u00e9<\/h2>\n\n\n<div id=\"pl-gb2088-69f398ca1b088\"  class=\"panel-layout\" ><div id=\"pg-gb2088-69f398ca1b088-0\"  class=\"panel-grid panel-no-style\" ><div id=\"pgc-gb2088-69f398ca1b088-0-0\"  class=\"panel-grid-cell\" ><div id=\"panel-gb2088-69f398ca1b088-0-0-0\" class=\"so-panel widget widget_sow-accordion panel-first-child panel-last-child\" data-index=\"0\" ><div\n\t\t\t\n\t\t\tclass=\"so-widget-sow-accordion so-widget-sow-accordion-default-41fc8f72837a-2088\"\n\t\t\t\n\t\t><div>\n\t<div class=\"sow-accordion\">\n\t\t\t<div class=\"sow-accordion-panel\n\t\t\t\t\"\n\t\t\tdata-anchor-id=\"fakturering\">\n\t\t\t\t<div class=\"sow-accordion-panel-header-container\" role=\"heading\" aria-level=\"2\">\n\t\t\t\t\t<div class=\"sow-accordion-panel-header\" tabindex=\"0\" role=\"button\" id=\"accordion-label-fakturering\" aria-controls=\"accordion-content-fakturering\" aria-expanded=\"false\">\n\t\t\t\t\t\t<div class=\"sow-accordion-title sow-accordion-title-icon-left\">\n\t\t\t\t\t\t\t\t\t\t\t\t\t\tFakturering\t\t\t\t\t\t\t\t\t\t\t\t\t<\/div>\n\t\t\t\t\t\t<div class=\"sow-accordion-open-close-button\">\n\t\t\t\t\t\t\t<div class=\"sow-accordion-open-button\">\n\t\t\t\t\t\t\t\t<span class=\"sow-icon-ionicons\" data-sow-icon=\"&#xf218;\"\n\t\t \n\t\taria-hidden=\"true\"><\/span>\t\t\t\t\t\t\t<\/div>\n\t\t\t\t\t\t\t<div class=\"sow-accordion-close-button\">\n\t\t\t\t\t\t\t\t<span class=\"sow-icon-ionicons\" data-sow-icon=\"&#xf209;\"\n\t\t \n\t\taria-hidden=\"true\"><\/span>\t\t\t\t\t\t\t<\/div>\n\t\t\t\t\t\t<\/div>\n\t\t\t\t\t<\/div>\n\t\t\t\t<\/div>\n\n\t\t\t<div\n\t\t\t\tclass=\"sow-accordion-panel-content\"\n\t\t\t\trole=\"region\"\n\t\t\t\taria-labelledby=\"accordion-label-fakturering\"\n\t\t\t\tid=\"accordion-content-fakturering\"\n\t\t\t\tstyle=\"display: none;\"\t\t\t>\n\t\t\t\t<div class=\"sow-accordion-panel-border\">\n\t\t\t\t\t<p>Faktura sendes som EHF (Elektronisk Handels Format) etter endt turn\u00e9periode. Fakturaen sendes innen 30 dager etter avsluttet turn\u00e9.<\/p>\n<p>Forfall tidligst 30 dager etter fakturadato.<\/p>\n<h4>Fakturaadresse<\/h4>\n<p>Fakturaen stiles til:<\/p>\n<p>L\u00f8renskog kommune<br \/>\nPostboks 304, 1471 L\u00f8renskog<br \/>\nOrganisasjonsnummer: 842 566 142<\/p>\n<p>Bestillingsnummer\/Ref.: 6110003<\/p>\n<h4>Informasjon som skal v\u00e6re med i fakturaen<\/h4>\n<ul>\n<li>Navn og adresse<\/li>\n<li>Ditt organisasjonsnummer<\/li>\n<li>Bestillingsnummer 6110003<\/li>\n<li>Fakturadato og forfallsdato<\/li>\n<li>Navn p\u00e5 produksjonen<\/li>\n<li>Periode for gjennomf\u00f8ringen<\/li>\n<li>Avtalt honorar x antall dager<\/li>\n<li>Totalbel\u00f8p<\/li>\n<\/ul>\n<h4>Betaling for reise og diett<\/h4>\n<p>Vi bruker statens satser for kilometergodtgj\u00f8relse. Reiseregning m\u00e5 inneholde:<\/p>\n<ul>\n<li>Dato<\/li>\n<li>Kj\u00f8restrekning tur-retur<\/li>\n<li>Antall kilometer<\/li>\n<li>Eventuelle bompenger<\/li>\n<\/ul>\n<p>Vi bruker statens satser for diettgodtgj\u00f8relse. Diett gis for reiser over 6 timer (regnes fra avreise hjemme til hjemkomst). Husk \u00e5 trekke fra eventuelle m\u00e5ltider som er inkludert i hotellopphold og hvis du blir tilbudt lunsj p\u00e5 turn\u00e9stedet.<\/p>\n<p>Har du avtalte utlegg? Legg ved kopi av kvitteringene.<\/p>\n<p>Har du sp\u00f8rsm\u00e5l om fakturering? Kontakt oss p\u00e5 <a href=\"mailto:sao@lorenskog.kommune.no\">sao@lorenskog.kommune.no<\/a><\/p>\n\t\t\t\t<\/div>\n\t\t\t<\/div>\n\t\t<\/div>\n\t\t\t<div class=\"sow-accordion-panel\n\t\t\t\t\"\n\t\t\tdata-anchor-id=\"bilder-og-sosiale-medier\">\n\t\t\t\t<div class=\"sow-accordion-panel-header-container\" role=\"heading\" aria-level=\"2\">\n\t\t\t\t\t<div class=\"sow-accordion-panel-header\" tabindex=\"0\" role=\"button\" id=\"accordion-label-bilder-og-sosiale-medier\" aria-controls=\"accordion-content-bilder-og-sosiale-medier\" aria-expanded=\"false\">\n\t\t\t\t\t\t<div class=\"sow-accordion-title sow-accordion-title-icon-left\">\n\t\t\t\t\t\t\t\t\t\t\t\t\t\tBilder og sosiale medier\t\t\t\t\t\t\t\t\t\t\t\t\t<\/div>\n\t\t\t\t\t\t<div class=\"sow-accordion-open-close-button\">\n\t\t\t\t\t\t\t<div class=\"sow-accordion-open-button\">\n\t\t\t\t\t\t\t\t<span class=\"sow-icon-ionicons\" data-sow-icon=\"&#xf218;\"\n\t\t \n\t\taria-hidden=\"true\"><\/span>\t\t\t\t\t\t\t<\/div>\n\t\t\t\t\t\t\t<div class=\"sow-accordion-close-button\">\n\t\t\t\t\t\t\t\t<span class=\"sow-icon-ionicons\" data-sow-icon=\"&#xf209;\"\n\t\t \n\t\taria-hidden=\"true\"><\/span>\t\t\t\t\t\t\t<\/div>\n\t\t\t\t\t\t<\/div>\n\t\t\t\t\t<\/div>\n\t\t\t\t<\/div>\n\n\t\t\t<div\n\t\t\t\tclass=\"sow-accordion-panel-content\"\n\t\t\t\trole=\"region\"\n\t\t\t\taria-labelledby=\"accordion-label-bilder-og-sosiale-medier\"\n\t\t\t\tid=\"accordion-content-bilder-og-sosiale-medier\"\n\t\t\t\tstyle=\"display: none;\"\t\t\t>\n\t\t\t\t<div class=\"sow-accordion-panel-border\">\n\t\t\t\t\t<p>Av personvernhensyn skal det ikke tas eller publiseres bilder av elever under 15 \u00e5r uten skolens og foresattes samtykke. Barn over 15 \u00e5r kan selv gi samtykke til bildebruk, men sp\u00f8r alltid f\u00f8rst!<\/p>\n<p>Vi bruker Facebook og Instagram for \u00e5 vise fram produksjoner vi har ute p\u00e5 turn\u00e9.<\/p>\n<p>Tagg oss gjerne om du publiserer noe selv.<\/p>\n<p>#dkslorenskog #dksnorge<\/p>\n\t\t\t\t<\/div>\n\t\t\t<\/div>\n\t\t<\/div>\n\t\t\t<div class=\"sow-accordion-panel\n\t\t\t\t\"\n\t\t\tdata-anchor-id=\"tilbakemelding-fra-utovere-som-har-vaert-pa-turne\">\n\t\t\t\t<div class=\"sow-accordion-panel-header-container\" role=\"heading\" aria-level=\"2\">\n\t\t\t\t\t<div class=\"sow-accordion-panel-header\" tabindex=\"0\" role=\"button\" id=\"accordion-label-tilbakemelding-fra-ut%c3%b8vere-som-har-v%c3%a6rt-p%c3%a5-turn%c3%a9\" aria-controls=\"accordion-content-tilbakemelding-fra-ut%c3%b8vere-som-har-v%c3%a6rt-p%c3%a5-turn%c3%a9\" aria-expanded=\"false\">\n\t\t\t\t\t\t<div class=\"sow-accordion-title sow-accordion-title-icon-left\">\n\t\t\t\t\t\t\t\t\t\t\t\t\t\tTilbakemelding fra ut\u00f8vere som har v\u00e6rt p\u00e5 turn\u00e9\t\t\t\t\t\t\t\t\t\t\t\t\t<\/div>\n\t\t\t\t\t\t<div class=\"sow-accordion-open-close-button\">\n\t\t\t\t\t\t\t<div class=\"sow-accordion-open-button\">\n\t\t\t\t\t\t\t\t<span class=\"sow-icon-ionicons\" data-sow-icon=\"&#xf218;\"\n\t\t \n\t\taria-hidden=\"true\"><\/span>\t\t\t\t\t\t\t<\/div>\n\t\t\t\t\t\t\t<div class=\"sow-accordion-close-button\">\n\t\t\t\t\t\t\t\t<span class=\"sow-icon-ionicons\" data-sow-icon=\"&#xf209;\"\n\t\t \n\t\taria-hidden=\"true\"><\/span>\t\t\t\t\t\t\t<\/div>\n\t\t\t\t\t\t<\/div>\n\t\t\t\t\t<\/div>\n\t\t\t\t<\/div>\n\n\t\t\t<div\n\t\t\t\tclass=\"sow-accordion-panel-content\"\n\t\t\t\trole=\"region\"\n\t\t\t\taria-labelledby=\"accordion-label-tilbakemelding-fra-ut%c3%b8vere-som-har-v%c3%a6rt-p%c3%a5-turn%c3%a9\"\n\t\t\t\tid=\"accordion-content-tilbakemelding-fra-ut%c3%b8vere-som-har-v%c3%a6rt-p%c3%a5-turn%c3%a9\"\n\t\t\t\tstyle=\"display: none;\"\t\t\t>\n\t\t\t\t<div class=\"sow-accordion-panel-border\">\n\t\t\t\t\t<p>DKS L\u00f8renskog vil gjerne at v\u00e5re ut\u00f8vere forteller om sine erfaringer fra turnering i L\u00f8renskog. Hvordan har det g\u00e5tt, hvordan var mottagelsen p\u00e5 skolene etc.<\/p>\n\t\t\t\t<\/div>\n\t\t\t<\/div>\n\t\t<\/div>\n\t\t<\/div>\n<\/div>\n<\/div><\/div><\/div><\/div><\/div>\n\n\n<h2 class=\"wp-block-heading\">Nasjonal veileder for deg som tar oppdrag i DKS<\/h2>\n\n\n\n<p>Her kan du lese hele <a href=\"https:\/\/www.denkulturelleskolesekken.no\/forside\/om-dks\/utover\/veileder\/\">veilederen for oppdragstagere i DKS<\/a>. Vi vil s\u00e6rlig presisere f\u00f8lgende punkter for \u00e5 sikre trygge og gode m\u00f8ter for b\u00e5de deg og elevene.<\/p>\n\n\n<div id=\"pl-gb2088-69f398ca1ba65\"  class=\"panel-layout\" ><div id=\"pg-gb2088-69f398ca1ba65-0\"  class=\"panel-grid panel-no-style\" ><div id=\"pgc-gb2088-69f398ca1ba65-0-0\"  class=\"panel-grid-cell\" ><div id=\"panel-gb2088-69f398ca1ba65-0-0-0\" class=\"so-panel widget widget_sow-accordion panel-first-child panel-last-child\" data-index=\"0\" ><div\n\t\t\t\n\t\t\tclass=\"so-widget-sow-accordion so-widget-sow-accordion-default-41fc8f72837a-2088\"\n\t\t\t\n\t\t><div>\n\t<div class=\"sow-accordion\">\n\t\t\t<div class=\"sow-accordion-panel\n\t\t\t\t\"\n\t\t\tdata-anchor-id=\"kunst-kan-vekke-sterke-folelser\">\n\t\t\t\t<div class=\"sow-accordion-panel-header-container\" role=\"heading\" aria-level=\"2\">\n\t\t\t\t\t<div class=\"sow-accordion-panel-header\" tabindex=\"0\" role=\"button\" id=\"accordion-label-kunst-kan-vekke-sterke-f%c3%b8lelser\" aria-controls=\"accordion-content-kunst-kan-vekke-sterke-f%c3%b8lelser\" aria-expanded=\"false\">\n\t\t\t\t\t\t<div class=\"sow-accordion-title sow-accordion-title-icon-left\">\n\t\t\t\t\t\t\t\t\t\t\t\t\t\tKunst kan vekke sterke f\u00f8lelser\t\t\t\t\t\t\t\t\t\t\t\t\t<\/div>\n\t\t\t\t\t\t<div class=\"sow-accordion-open-close-button\">\n\t\t\t\t\t\t\t<div class=\"sow-accordion-open-button\">\n\t\t\t\t\t\t\t\t<span class=\"sow-icon-ionicons\" data-sow-icon=\"&#xf218;\"\n\t\t \n\t\taria-hidden=\"true\"><\/span>\t\t\t\t\t\t\t<\/div>\n\t\t\t\t\t\t\t<div class=\"sow-accordion-close-button\">\n\t\t\t\t\t\t\t\t<span class=\"sow-icon-ionicons\" data-sow-icon=\"&#xf209;\"\n\t\t \n\t\taria-hidden=\"true\"><\/span>\t\t\t\t\t\t\t<\/div>\n\t\t\t\t\t\t<\/div>\n\t\t\t\t\t<\/div>\n\t\t\t\t<\/div>\n\n\t\t\t<div\n\t\t\t\tclass=\"sow-accordion-panel-content\"\n\t\t\t\trole=\"region\"\n\t\t\t\taria-labelledby=\"accordion-label-kunst-kan-vekke-sterke-f%c3%b8lelser\"\n\t\t\t\tid=\"accordion-content-kunst-kan-vekke-sterke-f%c3%b8lelser\"\n\t\t\t\tstyle=\"display: none;\"\t\t\t>\n\t\t\t\t<div class=\"sow-accordion-panel-border\">\n\t\t\t\t\t<p>Kunst kan vekke sterke f\u00f8lelser, skape kraftfulle reaksjoner og f\u00e5 oss til \u00e5 \u00e5pne oss om s\u00e5rbare erfaringer. N\u00e5r du reiser rundt med en DKS-produksjon som behandler et sensitivt tema, b\u00f8r du og oppdragsgiver sammen diskutere hvordan dere vil h\u00e5ndtere situasjoner som kan oppst\u00e5 i elevgrupper eller reaksjoner hos enkeltelev. Ut\u00f8ver b\u00f8r kontakte l\u00e6rer og oppdragsgiver dersom slike situasjoner oppst\u00e5r. Oppf\u00f8lging av elevene er skolens ansvar.<\/p>\n\t\t\t\t<\/div>\n\t\t\t<\/div>\n\t\t<\/div>\n\t\t\t<div class=\"sow-accordion-panel\n\t\t\t\t\"\n\t\t\tdata-anchor-id=\"elevdeltagelse-og-kontakt-med-elevene\">\n\t\t\t\t<div class=\"sow-accordion-panel-header-container\" role=\"heading\" aria-level=\"2\">\n\t\t\t\t\t<div class=\"sow-accordion-panel-header\" tabindex=\"0\" role=\"button\" id=\"accordion-label-elevdeltagelse-og-kontakt-med-elevene\" aria-controls=\"accordion-content-elevdeltagelse-og-kontakt-med-elevene\" aria-expanded=\"false\">\n\t\t\t\t\t\t<div class=\"sow-accordion-title sow-accordion-title-icon-left\">\n\t\t\t\t\t\t\t\t\t\t\t\t\t\tElevdeltagelse og kontakt med elevene\t\t\t\t\t\t\t\t\t\t\t\t\t<\/div>\n\t\t\t\t\t\t<div class=\"sow-accordion-open-close-button\">\n\t\t\t\t\t\t\t<div class=\"sow-accordion-open-button\">\n\t\t\t\t\t\t\t\t<span class=\"sow-icon-ionicons\" data-sow-icon=\"&#xf218;\"\n\t\t \n\t\taria-hidden=\"true\"><\/span>\t\t\t\t\t\t\t<\/div>\n\t\t\t\t\t\t\t<div class=\"sow-accordion-close-button\">\n\t\t\t\t\t\t\t\t<span class=\"sow-icon-ionicons\" data-sow-icon=\"&#xf209;\"\n\t\t \n\t\taria-hidden=\"true\"><\/span>\t\t\t\t\t\t\t<\/div>\n\t\t\t\t\t\t<\/div>\n\t\t\t\t\t<\/div>\n\t\t\t\t<\/div>\n\n\t\t\t<div\n\t\t\t\tclass=\"sow-accordion-panel-content\"\n\t\t\t\trole=\"region\"\n\t\t\t\taria-labelledby=\"accordion-label-elevdeltagelse-og-kontakt-med-elevene\"\n\t\t\t\tid=\"accordion-content-elevdeltagelse-og-kontakt-med-elevene\"\n\t\t\t\tstyle=\"display: none;\"\t\t\t>\n\t\t\t\t<div class=\"sow-accordion-panel-border\">\n\t\t\t\t\t<p>\u00c5 involvere og engasjere elevene gjennom aktiviteter og deltagelse er positivt! Men husk samtidig \u00e5 respektere elevenes integritet. Ikke still elevene i en vanskelig situasjon foran klassen.<\/p>\n<p>Som oppdragstaker i DKS skal du v\u00e6re bevisst din profesjonelle rolle i m\u00f8te med barn og unge. Ut\u00f8ver skal unng\u00e5 privat kontakt med elever utenfor rammene av DKS-bes\u00f8ket. Dialog med elever i tilknytning til selve bes\u00f8ket, for eksempel sp\u00f8rsm\u00e5l og korte samtaler f\u00f8r og etter forestilling eller workshop, skjer i samr\u00e5d med l\u00e6rer eller skole.<\/p>\n\t\t\t\t<\/div>\n\t\t\t<\/div>\n\t\t<\/div>\n\t\t\t<div class=\"sow-accordion-panel\n\t\t\t\t\"\n\t\t\tdata-anchor-id=\"hva-gjor-du-hvis-du-opplever-trakassering-eller-ubehagelige-hendelser\">\n\t\t\t\t<div class=\"sow-accordion-panel-header-container\" role=\"heading\" aria-level=\"2\">\n\t\t\t\t\t<div class=\"sow-accordion-panel-header\" tabindex=\"0\" role=\"button\" id=\"accordion-label-hva-gj%c3%b8r-du-hvis-du-opplever-trakassering-eller-ubehagelige-hendelser\" aria-controls=\"accordion-content-hva-gj%c3%b8r-du-hvis-du-opplever-trakassering-eller-ubehagelige-hendelser\" aria-expanded=\"false\">\n\t\t\t\t\t\t<div class=\"sow-accordion-title sow-accordion-title-icon-left\">\n\t\t\t\t\t\t\t\t\t\t\t\t\t\tHva gj\u00f8r du hvis du opplever trakassering eller ubehagelige hendelser?\t\t\t\t\t\t\t\t\t\t\t\t\t<\/div>\n\t\t\t\t\t\t<div class=\"sow-accordion-open-close-button\">\n\t\t\t\t\t\t\t<div class=\"sow-accordion-open-button\">\n\t\t\t\t\t\t\t\t<span class=\"sow-icon-ionicons\" data-sow-icon=\"&#xf218;\"\n\t\t \n\t\taria-hidden=\"true\"><\/span>\t\t\t\t\t\t\t<\/div>\n\t\t\t\t\t\t\t<div class=\"sow-accordion-close-button\">\n\t\t\t\t\t\t\t\t<span class=\"sow-icon-ionicons\" data-sow-icon=\"&#xf209;\"\n\t\t \n\t\taria-hidden=\"true\"><\/span>\t\t\t\t\t\t\t<\/div>\n\t\t\t\t\t\t<\/div>\n\t\t\t\t\t<\/div>\n\t\t\t\t<\/div>\n\n\t\t\t<div\n\t\t\t\tclass=\"sow-accordion-panel-content\"\n\t\t\t\trole=\"region\"\n\t\t\t\taria-labelledby=\"accordion-label-hva-gj%c3%b8r-du-hvis-du-opplever-trakassering-eller-ubehagelige-hendelser\"\n\t\t\t\tid=\"accordion-content-hva-gj%c3%b8r-du-hvis-du-opplever-trakassering-eller-ubehagelige-hendelser\"\n\t\t\t\tstyle=\"display: none;\"\t\t\t>\n\t\t\t\t<div class=\"sow-accordion-panel-border\">\n\t\t\t\t\t<p>Gi umiddelbart beskjed til l\u00e6rer og forklar hva som har oppst\u00e5tt.<\/p>\n<p>Snakk med din kontaktperson hos DKS, som vil f\u00f8lge opp hendelsen videre med de involverte partene. Du skal ikke st\u00e5 alene i ubehagelige situasjoner!<\/p>\n\t\t\t\t<\/div>\n\t\t\t<\/div>\n\t\t<\/div>\n\t\t\t<div class=\"sow-accordion-panel\n\t\t\t\t\"\n\t\t\tdata-anchor-id=\"dks-for-alle\">\n\t\t\t\t<div class=\"sow-accordion-panel-header-container\" role=\"heading\" aria-level=\"2\">\n\t\t\t\t\t<div class=\"sow-accordion-panel-header\" tabindex=\"0\" role=\"button\" id=\"accordion-label-dks-for-alle\" aria-controls=\"accordion-content-dks-for-alle\" aria-expanded=\"false\">\n\t\t\t\t\t\t<div class=\"sow-accordion-title sow-accordion-title-icon-left\">\n\t\t\t\t\t\t\t\t\t\t\t\t\t\tDKS for alle\t\t\t\t\t\t\t\t\t\t\t\t\t<\/div>\n\t\t\t\t\t\t<div class=\"sow-accordion-open-close-button\">\n\t\t\t\t\t\t\t<div class=\"sow-accordion-open-button\">\n\t\t\t\t\t\t\t\t<span class=\"sow-icon-ionicons\" data-sow-icon=\"&#xf218;\"\n\t\t \n\t\taria-hidden=\"true\"><\/span>\t\t\t\t\t\t\t<\/div>\n\t\t\t\t\t\t\t<div class=\"sow-accordion-close-button\">\n\t\t\t\t\t\t\t\t<span class=\"sow-icon-ionicons\" data-sow-icon=\"&#xf209;\"\n\t\t \n\t\taria-hidden=\"true\"><\/span>\t\t\t\t\t\t\t<\/div>\n\t\t\t\t\t\t<\/div>\n\t\t\t\t\t<\/div>\n\t\t\t\t<\/div>\n\n\t\t\t<div\n\t\t\t\tclass=\"sow-accordion-panel-content\"\n\t\t\t\trole=\"region\"\n\t\t\t\taria-labelledby=\"accordion-label-dks-for-alle\"\n\t\t\t\tid=\"accordion-content-dks-for-alle\"\n\t\t\t\tstyle=\"display: none;\"\t\t\t>\n\t\t\t\t<div class=\"sow-accordion-panel-border\">\n\t\t\t\t\t<p>DKS skal v\u00e6re et likeverdig tilbud for alle elever! DKS f\u00f8lger\u00a0<a href=\"https:\/\/www.udir.no\/lk20\/overordnet-del\/opplaringens-verdigrunnlag\/?lang=nob\" target=\"_blank\" rel=\"noopener\">skolens verdigrunnlag<\/a>\u00a0om \u00e5 fremme demokratiske verdier og holdninger som motvekt mot fordommer og diskriminering. P\u00e5 turn\u00e9 for DKS vil du m\u00f8te en mangfoldig gruppe med elever. Mangfold blant elever kan handle om at de har ulike meninger, holdninger, handlinger, interesser, v\u00e6rem\u00e5ter, opplevelser og erfaringer. Det kan ogs\u00e5 handle om ulik religi\u00f8sitet, sosio\u00f8konomisk bakgrunn, etnisitet, kj\u00f8nn, legning og funksjonsnedsettelser.<\/p>\n<p><strong>Derfor:<\/strong><\/p>\n<ul>\n<li>V\u00e6r oppmerksom p\u00e5 egen spr\u00e5kbruk og hvilke ord du velger i din formidling.<\/li>\n<li>Pass p\u00e5 at alle elever er inkludert i bes\u00f8ket, og unders\u00f8k med l\u00e6rer om det er forhold det b\u00f8r tas s\u00e6rlig hensyn til.<\/li>\n<li>V\u00e6r oppmerksom p\u00e5 at noen elever st\u00e5r i s\u00e5rbare livssituasjoner, og kan bli trigget av innholdet i kunst- og kulturopplevelser.<\/li>\n<\/ul>\n<p><em>Alle elever skal behandles likeverdig, og ingen elever skal utsettes for diskriminering.<\/em><\/p>\n\t\t\t\t<\/div>\n\t\t\t<\/div>\n\t\t<\/div>\n\t\t<\/div>\n<\/div>\n<\/div><\/div><\/div><\/div><\/div>\n\n\n<div style=\"height:50px\" aria-hidden=\"true\" class=\"wp-block-spacer\"><\/div>\n\n\n\n<p><\/p>\n","protected":false},"excerpt":{"rendered":"<p>Du har sikkert klart for deg hva som skal skje n\u00e5r du st\u00e5r p\u00e5 scenen, men f\u00f8r du kommer s\u00e5 langt, er det en del ting som m\u00e5 forberedes. Her har vi listet opp hva som er viktig \u00e5 vite og huske p\u00e5 f\u00f8r turn\u00e9start. Du finner ogs\u00e5 litt info om fakturering og annet etter [&hellip;]<\/p>\n","protected":false},"author":7,"featured_media":2096,"parent":0,"menu_order":0,"comment_status":"closed","ping_status":"closed","template":"","meta":{"footnotes":""},"class_list":["post-2088","page","type-page","status-publish","has-post-thumbnail","hentry"],"_links":{"self":[{"href":"https:\/\/www.denkulturelleskolesekken.no\/lorenskog\/wp-json\/wp\/v2\/pages\/2088","targetHints":{"allow":["GET"]}}],"collection":[{"href":"https:\/\/www.denkulturelleskolesekken.no\/lorenskog\/wp-json\/wp\/v2\/pages"}],"about":[{"href":"https:\/\/www.denkulturelleskolesekken.no\/lorenskog\/wp-json\/wp\/v2\/types\/page"}],"author":[{"embeddable":true,"href":"https:\/\/www.denkulturelleskolesekken.no\/lorenskog\/wp-json\/wp\/v2\/users\/7"}],"replies":[{"embeddable":true,"href":"https:\/\/www.denkulturelleskolesekken.no\/lorenskog\/wp-json\/wp\/v2\/comments?post=2088"}],"version-history":[{"count":52,"href":"https:\/\/www.denkulturelleskolesekken.no\/lorenskog\/wp-json\/wp\/v2\/pages\/2088\/revisions"}],"predecessor-version":[{"id":2367,"href":"https:\/\/www.denkulturelleskolesekken.no\/lorenskog\/wp-json\/wp\/v2\/pages\/2088\/revisions\/2367"}],"wp:featuredmedia":[{"embeddable":true,"href":"https:\/\/www.denkulturelleskolesekken.no\/lorenskog\/wp-json\/wp\/v2\/media\/2096"}],"wp:attachment":[{"href":"https:\/\/www.denkulturelleskolesekken.no\/lorenskog\/wp-json\/wp\/v2\/media?parent=2088"}],"curies":[{"name":"wp","href":"https:\/\/api.w.org\/{rel}","templated":true}]}}