{"id":2084,"date":"2025-02-21T13:28:40","date_gmt":"2025-02-21T13:28:40","guid":{"rendered":"https:\/\/www.denkulturelleskolesekken.no\/lorenskog\/?page_id=2084"},"modified":"2025-07-09T11:50:49","modified_gmt":"2025-07-09T11:50:49","slug":"vil-du-turnere-i-lorenskog","status":"publish","type":"page","link":"https:\/\/www.denkulturelleskolesekken.no\/lorenskog\/vil-du-turnere-i-lorenskog\/","title":{"rendered":"Vil du turnere i L\u00f8renskog?"},"content":{"rendered":"\n<h2 class=\"wp-block-heading\">Innsending av s\u00f8knad<\/h2>\n\n\n\n<p>DKS L\u00f8renskog tar gjerne imot s\u00f8knader fra ut\u00f8vere som har en spennende produksjon som kan egne seg i v\u00e5r skolesekk. Vi har s\u00f8knadsfrist\u00a0<strong>1. oktober kl. 23.59 <\/strong>for p\u00e5f\u00f8lgende skole\u00e5r.<\/p>\n\n\n\n<p>Innmelding av produksjoner for skole\u00e5ret 2026\/2027 gj\u00f8res via <a href=\"https:\/\/www.denkulturelleskolesekken.no\/forside\/om-dks\/utover\/\" target=\"_blank\" rel=\"noreferrer noopener\">den sentrale DKS-portalen p\u00e5 denkulturelleskolesekken.no<\/a>. Portalen \u00e5pner 1. september.<\/p>\n\n\n\n<p><strong>NB!<\/strong>&nbsp;<strong>Det er kun produksjoner for grunnskolen (1.\u201310. trinn) som er av interesse for oss.&nbsp;<\/strong><br>Produksjoner for videreg\u00e5ende skoler m\u00e5 sendes Akershus fylkeskommune fordi videreg\u00e5ende skoler er fylkeskommunale. <a href=\"https:\/\/www.denkulturelleskolesekken.no\/akershus\/\" target=\"_blank\" rel=\"noreferrer noopener\">Se nettsidene til DKS Akershus<\/a>. <\/p>\n\n\n\n<h2 class=\"wp-block-heading\">Viktig info om DKS L\u00f8renskog og hva vi forventer<\/h2>\n\n\n<div id=\"pl-gb2084-69f398ca90c63\"  class=\"panel-layout\" ><div id=\"pg-gb2084-69f398ca90c63-0\"  class=\"panel-grid panel-no-style\" ><div id=\"pgc-gb2084-69f398ca90c63-0-0\"  class=\"panel-grid-cell\" ><div id=\"panel-gb2084-69f398ca90c63-0-0-0\" class=\"so-panel widget widget_sow-accordion panel-first-child panel-last-child\" data-index=\"0\" ><div\n\t\t\t\n\t\t\tclass=\"so-widget-sow-accordion so-widget-sow-accordion-default-41fc8f72837a-2084\"\n\t\t\t\n\t\t><div>\n\t<div class=\"sow-accordion\">\n\t\t\t<div class=\"sow-accordion-panel\n\t\t\t\t\"\n\t\t\tdata-anchor-id=\"program-og-malgruppe\">\n\t\t\t\t<div class=\"sow-accordion-panel-header-container\" role=\"heading\" aria-level=\"2\">\n\t\t\t\t\t<div class=\"sow-accordion-panel-header\" tabindex=\"0\" role=\"button\" id=\"accordion-label-program-og-m%c3%a5lgruppe\" aria-controls=\"accordion-content-program-og-m%c3%a5lgruppe\" aria-expanded=\"false\">\n\t\t\t\t\t\t<div class=\"sow-accordion-title sow-accordion-title-icon-left\">\n\t\t\t\t\t\t\t\t\t\t\t\t\t\tProgram og m\u00e5lgruppe\t\t\t\t\t\t\t\t\t\t\t\t\t<\/div>\n\t\t\t\t\t\t<div class=\"sow-accordion-open-close-button\">\n\t\t\t\t\t\t\t<div class=\"sow-accordion-open-button\">\n\t\t\t\t\t\t\t\t<span class=\"sow-icon-ionicons\" data-sow-icon=\"&#xf218;\"\n\t\t \n\t\taria-hidden=\"true\"><\/span>\t\t\t\t\t\t\t<\/div>\n\t\t\t\t\t\t\t<div class=\"sow-accordion-close-button\">\n\t\t\t\t\t\t\t\t<span class=\"sow-icon-ionicons\" data-sow-icon=\"&#xf209;\"\n\t\t \n\t\taria-hidden=\"true\"><\/span>\t\t\t\t\t\t\t<\/div>\n\t\t\t\t\t\t<\/div>\n\t\t\t\t\t<\/div>\n\t\t\t\t<\/div>\n\n\t\t\t<div\n\t\t\t\tclass=\"sow-accordion-panel-content\"\n\t\t\t\trole=\"region\"\n\t\t\t\taria-labelledby=\"accordion-label-program-og-m%c3%a5lgruppe\"\n\t\t\t\tid=\"accordion-content-program-og-m%c3%a5lgruppe\"\n\t\t\t\tstyle=\"display: none;\"\t\t\t>\n\t\t\t\t<div class=\"sow-accordion-panel-border\">\n\t\t\t\t\t<p>DKS L\u00f8renskog har en trinnvis ordning. Det vil si at en produksjon ofte bare er for ett trinn \u2013 men hele trinnet skal f\u00e5 produksjonen.<\/p>\n<p>Enhver forestilling\/verksted m\u00e5 minst v\u00e6re for en hel klasse av gangen \u2013 det vil si <strong>opptil 32 elever<\/strong>. Vi foretrekker at kapasiteten er minst to klasser. Det vil si at opplegg som kun tar 15\u201320 elever av gangen, normalt ikke vil bli vurdert.<\/p>\n<p>Vi henter hvert \u00e5r inn flere nye produksjoner fra forslagene i portalen. Noen produksjoner som fungerer godt i L\u00f8renskog, kan g\u00e5 i flere \u00e5r f\u00f8r de blir erstattet. DKS L\u00f8renskog lager ogs\u00e5 noen egne nyproduksjoner.<\/p>\n<p>Produksjonene i v\u00e5r skolesekk skal dekke alle kunstfelt \u2013 kulturarv, visuell kunst, scenekunst, film, litteratur og musikk. <strong>Vi programmer for 1.\u201310. trinn. <\/strong>Forslag som kun er for barnehager eller videreg\u00e5ende skole blir ikke vurdert.<\/p>\n\t\t\t\t<\/div>\n\t\t\t<\/div>\n\t\t<\/div>\n\t\t\t<div class=\"sow-accordion-panel\n\t\t\t\t\"\n\t\t\tdata-anchor-id=\"turne-og-reise\">\n\t\t\t\t<div class=\"sow-accordion-panel-header-container\" role=\"heading\" aria-level=\"2\">\n\t\t\t\t\t<div class=\"sow-accordion-panel-header\" tabindex=\"0\" role=\"button\" id=\"accordion-label-turn%c3%a9-og-reise\" aria-controls=\"accordion-content-turn%c3%a9-og-reise\" aria-expanded=\"false\">\n\t\t\t\t\t\t<div class=\"sow-accordion-title sow-accordion-title-icon-left\">\n\t\t\t\t\t\t\t\t\t\t\t\t\t\tTurn\u00e9 og reise\t\t\t\t\t\t\t\t\t\t\t\t\t<\/div>\n\t\t\t\t\t\t<div class=\"sow-accordion-open-close-button\">\n\t\t\t\t\t\t\t<div class=\"sow-accordion-open-button\">\n\t\t\t\t\t\t\t\t<span class=\"sow-icon-ionicons\" data-sow-icon=\"&#xf218;\"\n\t\t \n\t\taria-hidden=\"true\"><\/span>\t\t\t\t\t\t\t<\/div>\n\t\t\t\t\t\t\t<div class=\"sow-accordion-close-button\">\n\t\t\t\t\t\t\t\t<span class=\"sow-icon-ionicons\" data-sow-icon=\"&#xf209;\"\n\t\t \n\t\taria-hidden=\"true\"><\/span>\t\t\t\t\t\t\t<\/div>\n\t\t\t\t\t\t<\/div>\n\t\t\t\t\t<\/div>\n\t\t\t\t<\/div>\n\n\t\t\t<div\n\t\t\t\tclass=\"sow-accordion-panel-content\"\n\t\t\t\trole=\"region\"\n\t\t\t\taria-labelledby=\"accordion-label-turn%c3%a9-og-reise\"\n\t\t\t\tid=\"accordion-content-turn%c3%a9-og-reise\"\n\t\t\t\tstyle=\"display: none;\"\t\t\t>\n\t\t\t\t<div class=\"sow-accordion-panel-border\">\n\t\t\t\t\t<p>L\u00f8renskog kommune har kompakt bebyggelse hvor skolene ligger tett. Vi vil derfor normalt forvente at produksjonen kan foreta et flytt mellom skoler i l\u00f8pet av en dag, hvis det er behov for det.<\/p>\n<p>Det tar ca. 20 minutter med kollektive transportmidler fra Oslo sentrum til L\u00f8renskog sentrum. Hvis det er mye utstyr som skal fraktes, s\u00e5 kan vi stille med leiebil. Behovet m\u00e5 meldes inn ved s\u00f8knad i portalen.<\/p>\n\t\t\t\t<\/div>\n\t\t\t<\/div>\n\t\t<\/div>\n\t\t\t<div class=\"sow-accordion-panel\n\t\t\t\t\"\n\t\t\tdata-anchor-id=\"dokumentasjon\">\n\t\t\t\t<div class=\"sow-accordion-panel-header-container\" role=\"heading\" aria-level=\"2\">\n\t\t\t\t\t<div class=\"sow-accordion-panel-header\" tabindex=\"0\" role=\"button\" id=\"accordion-label-dokumentasjon\" aria-controls=\"accordion-content-dokumentasjon\" aria-expanded=\"false\">\n\t\t\t\t\t\t<div class=\"sow-accordion-title sow-accordion-title-icon-left\">\n\t\t\t\t\t\t\t\t\t\t\t\t\t\tDokumentasjon\t\t\t\t\t\t\t\t\t\t\t\t\t<\/div>\n\t\t\t\t\t\t<div class=\"sow-accordion-open-close-button\">\n\t\t\t\t\t\t\t<div class=\"sow-accordion-open-button\">\n\t\t\t\t\t\t\t\t<span class=\"sow-icon-ionicons\" data-sow-icon=\"&#xf218;\"\n\t\t \n\t\taria-hidden=\"true\"><\/span>\t\t\t\t\t\t\t<\/div>\n\t\t\t\t\t\t\t<div class=\"sow-accordion-close-button\">\n\t\t\t\t\t\t\t\t<span class=\"sow-icon-ionicons\" data-sow-icon=\"&#xf209;\"\n\t\t \n\t\taria-hidden=\"true\"><\/span>\t\t\t\t\t\t\t<\/div>\n\t\t\t\t\t\t<\/div>\n\t\t\t\t\t<\/div>\n\t\t\t\t<\/div>\n\n\t\t\t<div\n\t\t\t\tclass=\"sow-accordion-panel-content\"\n\t\t\t\trole=\"region\"\n\t\t\t\taria-labelledby=\"accordion-label-dokumentasjon\"\n\t\t\t\tid=\"accordion-content-dokumentasjon\"\n\t\t\t\tstyle=\"display: none;\"\t\t\t>\n\t\t\t\t<div class=\"sow-accordion-panel-border\">\n\t\t\t\t\t<p>DKS L\u00f8renskog mottar hvert \u00e5r sv\u00e6rt mange forslag og vi m\u00e5 gj\u00f8re strenge prioriteringer. Forslag som er mangelfullt dokumentert, vil derfor bli nedprioritert.<\/p>\n<p>Det er viktig \u00e5 synliggj\u00f8re formidlingskvalitet. Vi \u00f8nsker derfor at det legges ved en video, gjerne med publikum i rett m\u00e5lgruppe.<\/p>\n<p>Legg gjerne ved bilder og lenker til portef\u00f8lje eller nettsted. Forfattere b\u00f8r legge ved egne tekster.<\/p>\n<p>Det skal legges ved CV p\u00e5 alle de medvirkende.<\/p>\n<p>Hvis produksjonen blir valgt, kommer vi til \u00e5 ettersp\u00f8rre en videohilsen til skolene. Det vil da ogs\u00e5 v\u00e6re behov for bilder av produksjonen\/ut\u00f8verne i breddeformat for nettsidene.<\/p>\n<p>Benyttes det verk hvor det skal betales vederlag til TONO, BONO eller Kopinor, s\u00e5 m\u00e5 de aktuelle verkene registreres i portalen. Ut\u00f8ver legger inn dette n\u00e5r produksjonen er antatt og programmert inn i DKS.<\/p>\n\t\t\t\t<\/div>\n\t\t\t<\/div>\n\t\t<\/div>\n\t\t<\/div>\n<\/div>\n<\/div><\/div><\/div><\/div><\/div>\n\n\n<h2 class=\"wp-block-heading\">Viktig \u00e5 f\u00e5 med i s\u00f8knaden<\/h2>\n\n\n<div id=\"pl-gb2084-69f398cadac96\"  class=\"panel-layout\" ><div id=\"pg-gb2084-69f398cadac96-0\"  class=\"panel-grid panel-no-style\" ><div id=\"pgc-gb2084-69f398cadac96-0-0\"  class=\"panel-grid-cell\" ><div id=\"panel-gb2084-69f398cadac96-0-0-0\" class=\"so-panel widget widget_sow-accordion panel-first-child panel-last-child\" data-index=\"0\" ><div\n\t\t\t\n\t\t\tclass=\"so-widget-sow-accordion so-widget-sow-accordion-default-41fc8f72837a-2084\"\n\t\t\t\n\t\t><div>\n\t<div class=\"sow-accordion\">\n\t\t\t<div class=\"sow-accordion-panel\n\t\t\t\t\"\n\t\t\tdata-anchor-id=\"sjanger\">\n\t\t\t\t<div class=\"sow-accordion-panel-header-container\" role=\"heading\" aria-level=\"2\">\n\t\t\t\t\t<div class=\"sow-accordion-panel-header\" tabindex=\"0\" role=\"button\" id=\"accordion-label-sjanger\" aria-controls=\"accordion-content-sjanger\" aria-expanded=\"false\">\n\t\t\t\t\t\t<div class=\"sow-accordion-title sow-accordion-title-icon-left\">\n\t\t\t\t\t\t\t\t\t\t\t\t\t\tSjanger\t\t\t\t\t\t\t\t\t\t\t\t\t<\/div>\n\t\t\t\t\t\t<div class=\"sow-accordion-open-close-button\">\n\t\t\t\t\t\t\t<div class=\"sow-accordion-open-button\">\n\t\t\t\t\t\t\t\t<span class=\"sow-icon-ionicons\" data-sow-icon=\"&#xf218;\"\n\t\t \n\t\taria-hidden=\"true\"><\/span>\t\t\t\t\t\t\t<\/div>\n\t\t\t\t\t\t\t<div class=\"sow-accordion-close-button\">\n\t\t\t\t\t\t\t\t<span class=\"sow-icon-ionicons\" data-sow-icon=\"&#xf209;\"\n\t\t \n\t\taria-hidden=\"true\"><\/span>\t\t\t\t\t\t\t<\/div>\n\t\t\t\t\t\t<\/div>\n\t\t\t\t\t<\/div>\n\t\t\t\t<\/div>\n\n\t\t\t<div\n\t\t\t\tclass=\"sow-accordion-panel-content\"\n\t\t\t\trole=\"region\"\n\t\t\t\taria-labelledby=\"accordion-label-sjanger\"\n\t\t\t\tid=\"accordion-content-sjanger\"\n\t\t\t\tstyle=\"display: none;\"\t\t\t>\n\t\t\t\t<div class=\"sow-accordion-panel-border\">\n\t\t\t\t\t<p>Det m\u00e5 g\u00e5 klart frem av s\u00f8knaden hvilket kulturfelt dette gjelder, ogs\u00e5 n\u00e5r det er kunstarter i samspill. Unng\u00e5 \u00e5 krysse av for alt.<\/p>\n\t\t\t\t<\/div>\n\t\t\t<\/div>\n\t\t<\/div>\n\t\t\t<div class=\"sow-accordion-panel\n\t\t\t\t\"\n\t\t\tdata-anchor-id=\"god-beskrivelse-av-produksjonen\">\n\t\t\t\t<div class=\"sow-accordion-panel-header-container\" role=\"heading\" aria-level=\"2\">\n\t\t\t\t\t<div class=\"sow-accordion-panel-header\" tabindex=\"0\" role=\"button\" id=\"accordion-label-god-beskrivelse-av-produksjonen\" aria-controls=\"accordion-content-god-beskrivelse-av-produksjonen\" aria-expanded=\"false\">\n\t\t\t\t\t\t<div class=\"sow-accordion-title sow-accordion-title-icon-left\">\n\t\t\t\t\t\t\t\t\t\t\t\t\t\tGod beskrivelse av produksjonen\t\t\t\t\t\t\t\t\t\t\t\t\t<\/div>\n\t\t\t\t\t\t<div class=\"sow-accordion-open-close-button\">\n\t\t\t\t\t\t\t<div class=\"sow-accordion-open-button\">\n\t\t\t\t\t\t\t\t<span class=\"sow-icon-ionicons\" data-sow-icon=\"&#xf218;\"\n\t\t \n\t\taria-hidden=\"true\"><\/span>\t\t\t\t\t\t\t<\/div>\n\t\t\t\t\t\t\t<div class=\"sow-accordion-close-button\">\n\t\t\t\t\t\t\t\t<span class=\"sow-icon-ionicons\" data-sow-icon=\"&#xf209;\"\n\t\t \n\t\taria-hidden=\"true\"><\/span>\t\t\t\t\t\t\t<\/div>\n\t\t\t\t\t\t<\/div>\n\t\t\t\t\t<\/div>\n\t\t\t\t<\/div>\n\n\t\t\t<div\n\t\t\t\tclass=\"sow-accordion-panel-content\"\n\t\t\t\trole=\"region\"\n\t\t\t\taria-labelledby=\"accordion-label-god-beskrivelse-av-produksjonen\"\n\t\t\t\tid=\"accordion-content-god-beskrivelse-av-produksjonen\"\n\t\t\t\tstyle=\"display: none;\"\t\t\t>\n\t\t\t\t<div class=\"sow-accordion-panel-border\">\n\t\t\t\t\t<p>Gi et kort og tydelig sammendrag.<\/p>\n<p>Beskriv kort den kunstneriske ideen for produksjonen.<\/p>\n<p>Svar p\u00e5 f\u00f8lgende:<\/p>\n<ul>\n<li><strong>Hvem<\/strong> skal reise p\u00e5 turn\u00e9?<\/li>\n<li><strong>Hva<\/strong> slags aktivitet? Forestilling, verksted, utstilling etc. Hvilken sjanger? Ny id\u00e9 eller ferdig produksjon?<\/li>\n<li><strong>For hvem?<\/strong> Hvilke klassetrinn passer produksjonen for?<\/li>\n<li><strong>Hvordan<\/strong> skal det gjennomf\u00f8res? Hva skjer i m\u00f8tet med elevene? I hvilke rom?<\/li>\n<\/ul>\n<p>Legg ved dokumentasjon, se punkt om dette under hva vi forventer.<\/p>\n\t\t\t\t<\/div>\n\t\t\t<\/div>\n\t\t<\/div>\n\t\t\t<div class=\"sow-accordion-panel\n\t\t\t\t\"\n\t\t\tdata-anchor-id=\"hvem-skal-pa-turne\">\n\t\t\t\t<div class=\"sow-accordion-panel-header-container\" role=\"heading\" aria-level=\"2\">\n\t\t\t\t\t<div class=\"sow-accordion-panel-header\" tabindex=\"0\" role=\"button\" id=\"accordion-label-hvem-skal-p%c3%a5-turn%c3%a9\" aria-controls=\"accordion-content-hvem-skal-p%c3%a5-turn%c3%a9\" aria-expanded=\"false\">\n\t\t\t\t\t\t<div class=\"sow-accordion-title sow-accordion-title-icon-left\">\n\t\t\t\t\t\t\t\t\t\t\t\t\t\tHvem skal p\u00e5 turn\u00e9?\t\t\t\t\t\t\t\t\t\t\t\t\t<\/div>\n\t\t\t\t\t\t<div class=\"sow-accordion-open-close-button\">\n\t\t\t\t\t\t\t<div class=\"sow-accordion-open-button\">\n\t\t\t\t\t\t\t\t<span class=\"sow-icon-ionicons\" data-sow-icon=\"&#xf218;\"\n\t\t \n\t\taria-hidden=\"true\"><\/span>\t\t\t\t\t\t\t<\/div>\n\t\t\t\t\t\t\t<div class=\"sow-accordion-close-button\">\n\t\t\t\t\t\t\t\t<span class=\"sow-icon-ionicons\" data-sow-icon=\"&#xf209;\"\n\t\t \n\t\taria-hidden=\"true\"><\/span>\t\t\t\t\t\t\t<\/div>\n\t\t\t\t\t\t<\/div>\n\t\t\t\t\t<\/div>\n\t\t\t\t<\/div>\n\n\t\t\t<div\n\t\t\t\tclass=\"sow-accordion-panel-content\"\n\t\t\t\trole=\"region\"\n\t\t\t\taria-labelledby=\"accordion-label-hvem-skal-p%c3%a5-turn%c3%a9\"\n\t\t\t\tid=\"accordion-content-hvem-skal-p%c3%a5-turn%c3%a9\"\n\t\t\t\tstyle=\"display: none;\"\t\t\t>\n\t\t\t\t<div class=\"sow-accordion-panel-border\">\n\t\t\t\t\t<ul>\n<li>Antall ut\u00f8vere som skal p\u00e5 turn\u00e9<\/li>\n<li>Navn, beskrivelse og rolle<\/li>\n<li>Husk \u00e5 legge ved CV<\/li>\n<\/ul>\n\t\t\t\t<\/div>\n\t\t\t<\/div>\n\t\t<\/div>\n\t\t\t<div class=\"sow-accordion-panel\n\t\t\t\t\"\n\t\t\tdata-anchor-id=\"malgruppe\">\n\t\t\t\t<div class=\"sow-accordion-panel-header-container\" role=\"heading\" aria-level=\"2\">\n\t\t\t\t\t<div class=\"sow-accordion-panel-header\" tabindex=\"0\" role=\"button\" id=\"accordion-label-m%c3%a5lgruppe\" aria-controls=\"accordion-content-m%c3%a5lgruppe\" aria-expanded=\"false\">\n\t\t\t\t\t\t<div class=\"sow-accordion-title sow-accordion-title-icon-left\">\n\t\t\t\t\t\t\t\t\t\t\t\t\t\tM\u00e5lgruppe\t\t\t\t\t\t\t\t\t\t\t\t\t<\/div>\n\t\t\t\t\t\t<div class=\"sow-accordion-open-close-button\">\n\t\t\t\t\t\t\t<div class=\"sow-accordion-open-button\">\n\t\t\t\t\t\t\t\t<span class=\"sow-icon-ionicons\" data-sow-icon=\"&#xf218;\"\n\t\t \n\t\taria-hidden=\"true\"><\/span>\t\t\t\t\t\t\t<\/div>\n\t\t\t\t\t\t\t<div class=\"sow-accordion-close-button\">\n\t\t\t\t\t\t\t\t<span class=\"sow-icon-ionicons\" data-sow-icon=\"&#xf209;\"\n\t\t \n\t\taria-hidden=\"true\"><\/span>\t\t\t\t\t\t\t<\/div>\n\t\t\t\t\t\t<\/div>\n\t\t\t\t\t<\/div>\n\t\t\t\t<\/div>\n\n\t\t\t<div\n\t\t\t\tclass=\"sow-accordion-panel-content\"\n\t\t\t\trole=\"region\"\n\t\t\t\taria-labelledby=\"accordion-label-m%c3%a5lgruppe\"\n\t\t\t\tid=\"accordion-content-m%c3%a5lgruppe\"\n\t\t\t\tstyle=\"display: none;\"\t\t\t>\n\t\t\t\t<div class=\"sow-accordion-panel-border\">\n\t\t\t\t\t<p>Hvilke klassetrinn produksjonen er beregnet for\/egnet for? Hvis produksjonen kan tilpasses ulike m\u00e5lgrupper eller formater, lag gjerne egne forslag for hvert og beskriv i forslaget hvordan tilpasningen til m\u00e5lgruppen skal gj\u00f8res.<\/p>\n<p>Hvor mange elever av gangen? Enhver forestilling\/verksted m\u00e5 minst v\u00e6re for en hel klasse (inntil 32 elever) av gangen for \u00e5 bli vurdert.<\/p>\n\t\t\t\t<\/div>\n\t\t\t<\/div>\n\t\t<\/div>\n\t\t\t<div class=\"sow-accordion-panel\n\t\t\t\t\"\n\t\t\tdata-anchor-id=\"praktisk-gjennomforing\">\n\t\t\t\t<div class=\"sow-accordion-panel-header-container\" role=\"heading\" aria-level=\"2\">\n\t\t\t\t\t<div class=\"sow-accordion-panel-header\" tabindex=\"0\" role=\"button\" id=\"accordion-label-praktisk-gjennomf%c3%b8ring\" aria-controls=\"accordion-content-praktisk-gjennomf%c3%b8ring\" aria-expanded=\"false\">\n\t\t\t\t\t\t<div class=\"sow-accordion-title sow-accordion-title-icon-left\">\n\t\t\t\t\t\t\t\t\t\t\t\t\t\tPraktisk gjennomf\u00f8ring\t\t\t\t\t\t\t\t\t\t\t\t\t<\/div>\n\t\t\t\t\t\t<div class=\"sow-accordion-open-close-button\">\n\t\t\t\t\t\t\t<div class=\"sow-accordion-open-button\">\n\t\t\t\t\t\t\t\t<span class=\"sow-icon-ionicons\" data-sow-icon=\"&#xf218;\"\n\t\t \n\t\taria-hidden=\"true\"><\/span>\t\t\t\t\t\t\t<\/div>\n\t\t\t\t\t\t\t<div class=\"sow-accordion-close-button\">\n\t\t\t\t\t\t\t\t<span class=\"sow-icon-ionicons\" data-sow-icon=\"&#xf209;\"\n\t\t \n\t\taria-hidden=\"true\"><\/span>\t\t\t\t\t\t\t<\/div>\n\t\t\t\t\t\t<\/div>\n\t\t\t\t\t<\/div>\n\t\t\t\t<\/div>\n\n\t\t\t<div\n\t\t\t\tclass=\"sow-accordion-panel-content\"\n\t\t\t\trole=\"region\"\n\t\t\t\taria-labelledby=\"accordion-label-praktisk-gjennomf%c3%b8ring\"\n\t\t\t\tid=\"accordion-content-praktisk-gjennomf%c3%b8ring\"\n\t\t\t\tstyle=\"display: none;\"\t\t\t>\n\t\t\t\t<div class=\"sow-accordion-panel-border\">\n\t\t\t\t\t<p>Lengde p\u00e5 programmet samt tid for opprigg og nedrigg.<\/p>\n<p>Hvor mange forestillinger per dag? For korte forestillinger (inntil en time) ser vi helst at det gjennomf\u00f8res tre forestillinger per dag. Se for \u00f8vrig <a href=\"https:\/\/www.ks.no\/contentassets\/115a040cc1c34b1e8ada71b4710fb717\/protokoll-og-avtaletekst-pr-01.08.2025-31.07.2027-dks.pdf\" target=\"_blank\" rel=\"noopener\">rammeavtalen<\/a> for detaljerte rammebetingelser og unntak.<\/p>\n<p>Kan dere flytte mellom skoler\/arenaer i l\u00f8pet av en dag? Da vi har korte avstander, forventer vi normalt at produksjonen kan foreta et flytt ved behov.<\/p>\n<p>Spesielle behov n\u00e5r det gjelder arena. Vi gj\u00f8r oppmerksom p\u00e5 at ikke alle skoler har like gode fasiliteter n\u00e5r det gjelder blendingsgardiner, plass, akustikk etc.<\/p>\n\t\t\t\t<\/div>\n\t\t\t<\/div>\n\t\t<\/div>\n\t\t\t<div class=\"sow-accordion-panel\n\t\t\t\t\"\n\t\t\tdata-anchor-id=\"pris-budsjett\">\n\t\t\t\t<div class=\"sow-accordion-panel-header-container\" role=\"heading\" aria-level=\"2\">\n\t\t\t\t\t<div class=\"sow-accordion-panel-header\" tabindex=\"0\" role=\"button\" id=\"accordion-label-pris-budsjett\" aria-controls=\"accordion-content-pris-budsjett\" aria-expanded=\"false\">\n\t\t\t\t\t\t<div class=\"sow-accordion-title sow-accordion-title-icon-left\">\n\t\t\t\t\t\t\t\t\t\t\t\t\t\tPris \/ budsjett\t\t\t\t\t\t\t\t\t\t\t\t\t<\/div>\n\t\t\t\t\t\t<div class=\"sow-accordion-open-close-button\">\n\t\t\t\t\t\t\t<div class=\"sow-accordion-open-button\">\n\t\t\t\t\t\t\t\t<span class=\"sow-icon-ionicons\" data-sow-icon=\"&#xf218;\"\n\t\t \n\t\taria-hidden=\"true\"><\/span>\t\t\t\t\t\t\t<\/div>\n\t\t\t\t\t\t\t<div class=\"sow-accordion-close-button\">\n\t\t\t\t\t\t\t\t<span class=\"sow-icon-ionicons\" data-sow-icon=\"&#xf209;\"\n\t\t \n\t\taria-hidden=\"true\"><\/span>\t\t\t\t\t\t\t<\/div>\n\t\t\t\t\t\t<\/div>\n\t\t\t\t\t<\/div>\n\t\t\t\t<\/div>\n\n\t\t\t<div\n\t\t\t\tclass=\"sow-accordion-panel-content\"\n\t\t\t\trole=\"region\"\n\t\t\t\taria-labelledby=\"accordion-label-pris-budsjett\"\n\t\t\t\tid=\"accordion-content-pris-budsjett\"\n\t\t\t\tstyle=\"display: none;\"\t\t\t>\n\t\t\t\t<div class=\"sow-accordion-panel-border\">\n\t\t\t\t\t<p>Alle kostnader i forbindelse med produksjonen m\u00e5 beskrives, inkludert materialkostnader, leie av utstyr, behov for leiebil etc.<\/p>\n<p>Det m\u00e5 ogs\u00e5 fremg\u00e5 om det skal beregnes vanlige dagshonorarer eller om det er en form for pakkepris, f.eks. satsene til Scenekunstbruket.<\/p>\n<p>DKS L\u00f8renskog f\u00f8lger den <a href=\"https:\/\/www.ks.no\/contentassets\/115a040cc1c34b1e8ada71b4710fb717\/protokoll-og-avtaletekst-pr-01.08.2025-31.07.2027-dks.pdf\" target=\"_blank\" rel=\"noopener\">rammeavtalen<\/a> som er fremforhandlet mellom KS og Creo (ASA 4401).<\/p>\n<p>Benyttes det verk hvor det skal betales vederlag til TONO, BONO eller Kopinor, s\u00e5 m\u00e5 de aktuelle verkene registreres i portalen. DKS L\u00f8renskog har vederlagsavtale gjennom Kulturtanken. Ut\u00f8ver legger inn dette n\u00e5r produksjonen er antatt og programmert inn i DKS.<\/p>\n\t\t\t\t<\/div>\n\t\t\t<\/div>\n\t\t<\/div>\n\t\t<\/div>\n<\/div>\n<\/div><\/div><\/div><\/div><\/div>\n\n\n<h2 class=\"wp-block-heading\">Gode r\u00e5d f\u00f8r du starter<\/h2>\n\n\n<div id=\"pl-gb2084-69f398cadb14b\"  class=\"panel-layout\" ><div id=\"pg-gb2084-69f398cadb14b-0\"  class=\"panel-grid panel-no-style\" ><div id=\"pgc-gb2084-69f398cadb14b-0-0\"  class=\"panel-grid-cell\" ><div id=\"panel-gb2084-69f398cadb14b-0-0-0\" class=\"so-panel widget widget_sow-accordion panel-first-child panel-last-child\" data-index=\"0\" ><div\n\t\t\t\n\t\t\tclass=\"so-widget-sow-accordion so-widget-sow-accordion-default-41fc8f72837a-2084\"\n\t\t\t\n\t\t><div>\n\t<div class=\"sow-accordion\">\n\t\t\t<div class=\"sow-accordion-panel\n\t\t\t\t\"\n\t\t\tdata-anchor-id=\"elevperspektivet\">\n\t\t\t\t<div class=\"sow-accordion-panel-header-container\" role=\"heading\" aria-level=\"2\">\n\t\t\t\t\t<div class=\"sow-accordion-panel-header\" tabindex=\"0\" role=\"button\" id=\"accordion-label-elevperspektivet\" aria-controls=\"accordion-content-elevperspektivet\" aria-expanded=\"false\">\n\t\t\t\t\t\t<div class=\"sow-accordion-title sow-accordion-title-icon-left\">\n\t\t\t\t\t\t\t\t\t\t\t\t\t\tElevperspektivet\t\t\t\t\t\t\t\t\t\t\t\t\t<\/div>\n\t\t\t\t\t\t<div class=\"sow-accordion-open-close-button\">\n\t\t\t\t\t\t\t<div class=\"sow-accordion-open-button\">\n\t\t\t\t\t\t\t\t<span class=\"sow-icon-ionicons\" data-sow-icon=\"&#xf218;\"\n\t\t \n\t\taria-hidden=\"true\"><\/span>\t\t\t\t\t\t\t<\/div>\n\t\t\t\t\t\t\t<div class=\"sow-accordion-close-button\">\n\t\t\t\t\t\t\t\t<span class=\"sow-icon-ionicons\" data-sow-icon=\"&#xf209;\"\n\t\t \n\t\taria-hidden=\"true\"><\/span>\t\t\t\t\t\t\t<\/div>\n\t\t\t\t\t\t<\/div>\n\t\t\t\t\t<\/div>\n\t\t\t\t<\/div>\n\n\t\t\t<div\n\t\t\t\tclass=\"sow-accordion-panel-content\"\n\t\t\t\trole=\"region\"\n\t\t\t\taria-labelledby=\"accordion-label-elevperspektivet\"\n\t\t\t\tid=\"accordion-content-elevperspektivet\"\n\t\t\t\tstyle=\"display: none;\"\t\t\t>\n\t\t\t\t<div class=\"sow-accordion-panel-border\">\n\t\t\t\t\t<p>Hvilken rolle f\u00e5r elevene i m\u00f8tet med kunsten? Deltakelse kan v\u00e6re skapende, sanselig, kroppslig, undrende, observerende \u2013 eller en kombinasjon.<\/p>\n\t\t\t\t<\/div>\n\t\t\t<\/div>\n\t\t<\/div>\n\t\t\t<div class=\"sow-accordion-panel\n\t\t\t\t\"\n\t\t\tdata-anchor-id=\"skill-deg-ut\">\n\t\t\t\t<div class=\"sow-accordion-panel-header-container\" role=\"heading\" aria-level=\"2\">\n\t\t\t\t\t<div class=\"sow-accordion-panel-header\" tabindex=\"0\" role=\"button\" id=\"accordion-label-skill-deg-ut\" aria-controls=\"accordion-content-skill-deg-ut\" aria-expanded=\"false\">\n\t\t\t\t\t\t<div class=\"sow-accordion-title sow-accordion-title-icon-left\">\n\t\t\t\t\t\t\t\t\t\t\t\t\t\tSkill deg ut!\t\t\t\t\t\t\t\t\t\t\t\t\t<\/div>\n\t\t\t\t\t\t<div class=\"sow-accordion-open-close-button\">\n\t\t\t\t\t\t\t<div class=\"sow-accordion-open-button\">\n\t\t\t\t\t\t\t\t<span class=\"sow-icon-ionicons\" data-sow-icon=\"&#xf218;\"\n\t\t \n\t\taria-hidden=\"true\"><\/span>\t\t\t\t\t\t\t<\/div>\n\t\t\t\t\t\t\t<div class=\"sow-accordion-close-button\">\n\t\t\t\t\t\t\t\t<span class=\"sow-icon-ionicons\" data-sow-icon=\"&#xf209;\"\n\t\t \n\t\taria-hidden=\"true\"><\/span>\t\t\t\t\t\t\t<\/div>\n\t\t\t\t\t\t<\/div>\n\t\t\t\t\t<\/div>\n\t\t\t\t<\/div>\n\n\t\t\t<div\n\t\t\t\tclass=\"sow-accordion-panel-content\"\n\t\t\t\trole=\"region\"\n\t\t\t\taria-labelledby=\"accordion-label-skill-deg-ut\"\n\t\t\t\tid=\"accordion-content-skill-deg-ut\"\n\t\t\t\tstyle=\"display: none;\"\t\t\t>\n\t\t\t\t<div class=\"sow-accordion-panel-border\">\n\t\t\t\t\t<p>Hva gj\u00f8r produksjonen unik og egnet for DKS? Hva tilf\u00f8rer den som elevene ellers ikke m\u00f8ter i skolen?<\/p>\n\t\t\t\t<\/div>\n\t\t\t<\/div>\n\t\t<\/div>\n\t\t\t<div class=\"sow-accordion-panel\n\t\t\t\t\"\n\t\t\tdata-anchor-id=\"kjenn-ditt-felt\">\n\t\t\t\t<div class=\"sow-accordion-panel-header-container\" role=\"heading\" aria-level=\"2\">\n\t\t\t\t\t<div class=\"sow-accordion-panel-header\" tabindex=\"0\" role=\"button\" id=\"accordion-label-kjenn-ditt-felt\" aria-controls=\"accordion-content-kjenn-ditt-felt\" aria-expanded=\"false\">\n\t\t\t\t\t\t<div class=\"sow-accordion-title sow-accordion-title-icon-left\">\n\t\t\t\t\t\t\t\t\t\t\t\t\t\tKjenn ditt felt\t\t\t\t\t\t\t\t\t\t\t\t\t<\/div>\n\t\t\t\t\t\t<div class=\"sow-accordion-open-close-button\">\n\t\t\t\t\t\t\t<div class=\"sow-accordion-open-button\">\n\t\t\t\t\t\t\t\t<span class=\"sow-icon-ionicons\" data-sow-icon=\"&#xf218;\"\n\t\t \n\t\taria-hidden=\"true\"><\/span>\t\t\t\t\t\t\t<\/div>\n\t\t\t\t\t\t\t<div class=\"sow-accordion-close-button\">\n\t\t\t\t\t\t\t\t<span class=\"sow-icon-ionicons\" data-sow-icon=\"&#xf209;\"\n\t\t \n\t\taria-hidden=\"true\"><\/span>\t\t\t\t\t\t\t<\/div>\n\t\t\t\t\t\t<\/div>\n\t\t\t\t\t<\/div>\n\t\t\t\t<\/div>\n\n\t\t\t<div\n\t\t\t\tclass=\"sow-accordion-panel-content\"\n\t\t\t\trole=\"region\"\n\t\t\t\taria-labelledby=\"accordion-label-kjenn-ditt-felt\"\n\t\t\t\tid=\"accordion-content-kjenn-ditt-felt\"\n\t\t\t\tstyle=\"display: none;\"\t\t\t>\n\t\t\t\t<div class=\"sow-accordion-panel-border\">\n\t\t\t\t\t<p>Sjekk eksisterende produksjoner i DKS-portalen for \u00e5 se hvordan andre har l\u00f8st det \u2013 og hvordan ditt prosjekt skiller seg ut.<\/p>\n\t\t\t\t<\/div>\n\t\t\t<\/div>\n\t\t<\/div>\n\t\t<\/div>\n<\/div>\n<\/div><\/div><\/div><\/div><\/div>\n\n\n<h2 class=\"wp-block-heading\">S\u00f8knadsprosessen<\/h2>\n\n\n<div id=\"pl-gb2084-69f398cadb478\"  class=\"panel-layout\" ><div id=\"pg-gb2084-69f398cadb478-0\"  class=\"panel-grid panel-no-style\" ><div id=\"pgc-gb2084-69f398cadb478-0-0\"  class=\"panel-grid-cell\" ><div id=\"panel-gb2084-69f398cadb478-0-0-0\" class=\"so-panel widget widget_sow-accordion panel-first-child panel-last-child\" data-index=\"0\" ><div\n\t\t\t\n\t\t\tclass=\"so-widget-sow-accordion so-widget-sow-accordion-default-41fc8f72837a-2084\"\n\t\t\t\n\t\t><div>\n\t<div class=\"sow-accordion\">\n\t\t\t<div class=\"sow-accordion-panel\n\t\t\t\t\"\n\t\t\tdata-anchor-id=\"fremdrift\">\n\t\t\t\t<div class=\"sow-accordion-panel-header-container\" role=\"heading\" aria-level=\"2\">\n\t\t\t\t\t<div class=\"sow-accordion-panel-header\" tabindex=\"0\" role=\"button\" id=\"accordion-label-fremdrift\" aria-controls=\"accordion-content-fremdrift\" aria-expanded=\"false\">\n\t\t\t\t\t\t<div class=\"sow-accordion-title sow-accordion-title-icon-left\">\n\t\t\t\t\t\t\t\t\t\t\t\t\t\tFremdrift\t\t\t\t\t\t\t\t\t\t\t\t\t<\/div>\n\t\t\t\t\t\t<div class=\"sow-accordion-open-close-button\">\n\t\t\t\t\t\t\t<div class=\"sow-accordion-open-button\">\n\t\t\t\t\t\t\t\t<span class=\"sow-icon-ionicons\" data-sow-icon=\"&#xf218;\"\n\t\t \n\t\taria-hidden=\"true\"><\/span>\t\t\t\t\t\t\t<\/div>\n\t\t\t\t\t\t\t<div class=\"sow-accordion-close-button\">\n\t\t\t\t\t\t\t\t<span class=\"sow-icon-ionicons\" data-sow-icon=\"&#xf209;\"\n\t\t \n\t\taria-hidden=\"true\"><\/span>\t\t\t\t\t\t\t<\/div>\n\t\t\t\t\t\t<\/div>\n\t\t\t\t\t<\/div>\n\t\t\t\t<\/div>\n\n\t\t\t<div\n\t\t\t\tclass=\"sow-accordion-panel-content\"\n\t\t\t\trole=\"region\"\n\t\t\t\taria-labelledby=\"accordion-label-fremdrift\"\n\t\t\t\tid=\"accordion-content-fremdrift\"\n\t\t\t\tstyle=\"display: none;\"\t\t\t>\n\t\t\t\t<div class=\"sow-accordion-panel-border\">\n\t\t\t\t\t<ul class=\"wp-block-list\">\n<li>1. september: <a href=\"https:\/\/www.denkulturelleskolesekken.no\/forside\/om-dks\/utover\/\" target=\"_blank\" rel=\"noopener\">S\u00f8knadsportalen<\/a> \u00e5pnes<\/li>\n<li>1. oktober: Innmeldingsfrist<\/li>\n<li>Oktober\u2013januar: Forslagsbehandling<\/li>\n<li>Desember\u2013februar: Programinnstilling og avgj\u00f8relse<\/li>\n<li>Ca. 15. mars: Svar til ut\u00f8ver<\/li>\n<\/ul>\n\t\t\t\t<\/div>\n\t\t\t<\/div>\n\t\t<\/div>\n\t\t\t<div class=\"sow-accordion-panel\n\t\t\t\t\"\n\t\t\tdata-anchor-id=\"forslagsbehandling\">\n\t\t\t\t<div class=\"sow-accordion-panel-header-container\" role=\"heading\" aria-level=\"2\">\n\t\t\t\t\t<div class=\"sow-accordion-panel-header\" tabindex=\"0\" role=\"button\" id=\"accordion-label-forslagsbehandling\" aria-controls=\"accordion-content-forslagsbehandling\" aria-expanded=\"false\">\n\t\t\t\t\t\t<div class=\"sow-accordion-title sow-accordion-title-icon-left\">\n\t\t\t\t\t\t\t\t\t\t\t\t\t\tForslagsbehandling\t\t\t\t\t\t\t\t\t\t\t\t\t<\/div>\n\t\t\t\t\t\t<div class=\"sow-accordion-open-close-button\">\n\t\t\t\t\t\t\t<div class=\"sow-accordion-open-button\">\n\t\t\t\t\t\t\t\t<span class=\"sow-icon-ionicons\" data-sow-icon=\"&#xf218;\"\n\t\t \n\t\taria-hidden=\"true\"><\/span>\t\t\t\t\t\t\t<\/div>\n\t\t\t\t\t\t\t<div class=\"sow-accordion-close-button\">\n\t\t\t\t\t\t\t\t<span class=\"sow-icon-ionicons\" data-sow-icon=\"&#xf209;\"\n\t\t \n\t\taria-hidden=\"true\"><\/span>\t\t\t\t\t\t\t<\/div>\n\t\t\t\t\t\t<\/div>\n\t\t\t\t\t<\/div>\n\t\t\t\t<\/div>\n\n\t\t\t<div\n\t\t\t\tclass=\"sow-accordion-panel-content\"\n\t\t\t\trole=\"region\"\n\t\t\t\taria-labelledby=\"accordion-label-forslagsbehandling\"\n\t\t\t\tid=\"accordion-content-forslagsbehandling\"\n\t\t\t\tstyle=\"display: none;\"\t\t\t>\n\t\t\t\t<div class=\"sow-accordion-panel-border\">\n\t\t\t\t\t<p>Innmeldte forslag vurderes og grovsorteres av DKS L\u00f8renskog og eksterne kunstfaglige konsulenter.<\/p>\n<p>Et utvalg produksjoner innen hver sjanger presenteres for et fagr\u00e5d med b\u00e5de kunstfaglige representanter og representanter for barne- og ungdomsskolene. Et ungdomsr\u00e5d f\u00e5r ogs\u00e5 bidra med vurderinger av forslag. Det endelige programmet godkjennes av styringsgruppa for DKS i L\u00f8renskog.<\/p>\n<p>I grovsorteringen av forslagene vurderer vi blant annet f\u00f8lgende:<\/p>\n<ul class=\"wp-block-list\">\n<li>Den kunstneriske kvaliteten<\/li>\n<li>Hvordan skapes det en opplevelse for elevene?<\/li>\n<li>Er forslaget klart og tydelig presentert og dokumentert?<\/li>\n<li>\u00d8konomi og gjennomf\u00f8rbarhet<\/li>\n<li>Sjangerbredde og variasjon i programmet<\/li>\n<\/ul>\n\t\t\t\t<\/div>\n\t\t\t<\/div>\n\t\t<\/div>\n\t\t\t<div class=\"sow-accordion-panel\n\t\t\t\t\"\n\t\t\tdata-anchor-id=\"svar-til-utovere\">\n\t\t\t\t<div class=\"sow-accordion-panel-header-container\" role=\"heading\" aria-level=\"2\">\n\t\t\t\t\t<div class=\"sow-accordion-panel-header\" tabindex=\"0\" role=\"button\" id=\"accordion-label-svar-til-ut%c3%b8vere\" aria-controls=\"accordion-content-svar-til-ut%c3%b8vere\" aria-expanded=\"false\">\n\t\t\t\t\t\t<div class=\"sow-accordion-title sow-accordion-title-icon-left\">\n\t\t\t\t\t\t\t\t\t\t\t\t\t\tSvar til ut\u00f8vere\t\t\t\t\t\t\t\t\t\t\t\t\t<\/div>\n\t\t\t\t\t\t<div class=\"sow-accordion-open-close-button\">\n\t\t\t\t\t\t\t<div class=\"sow-accordion-open-button\">\n\t\t\t\t\t\t\t\t<span class=\"sow-icon-ionicons\" data-sow-icon=\"&#xf218;\"\n\t\t \n\t\taria-hidden=\"true\"><\/span>\t\t\t\t\t\t\t<\/div>\n\t\t\t\t\t\t\t<div class=\"sow-accordion-close-button\">\n\t\t\t\t\t\t\t\t<span class=\"sow-icon-ionicons\" data-sow-icon=\"&#xf209;\"\n\t\t \n\t\taria-hidden=\"true\"><\/span>\t\t\t\t\t\t\t<\/div>\n\t\t\t\t\t\t<\/div>\n\t\t\t\t\t<\/div>\n\t\t\t\t<\/div>\n\n\t\t\t<div\n\t\t\t\tclass=\"sow-accordion-panel-content\"\n\t\t\t\trole=\"region\"\n\t\t\t\taria-labelledby=\"accordion-label-svar-til-ut%c3%b8vere\"\n\t\t\t\tid=\"accordion-content-svar-til-ut%c3%b8vere\"\n\t\t\t\tstyle=\"display: none;\"\t\t\t>\n\t\t\t\t<div class=\"sow-accordion-panel-border\">\n\t\t\t\t\t<p>Alle f\u00e5r et generelt svar om avslag eller tilslag i portalen. Forslagsstillere som f\u00e5r avslag, vil f\u00e5 et avslagsbrev i portalen.<\/p>\n<p>DKS L\u00f8renskog tar kontakt med de ut\u00f8verne som f\u00e5r tilslag, om gjennomf\u00f8ring, datoer og annet.<\/p>\n<p>DKS L\u00f8renskog vil skrive og sende kontrakt. Det brukes normalt e-signering. Kontraktene lagres i kommunens arkivsystem.<\/p>\n\t\t\t\t<\/div>\n\t\t\t<\/div>\n\t\t<\/div>\n\t\t\t<div class=\"sow-accordion-panel\n\t\t\t\t\"\n\t\t\tdata-anchor-id=\"klageadgang\">\n\t\t\t\t<div class=\"sow-accordion-panel-header-container\" role=\"heading\" aria-level=\"2\">\n\t\t\t\t\t<div class=\"sow-accordion-panel-header\" tabindex=\"0\" role=\"button\" id=\"accordion-label-klageadgang\" aria-controls=\"accordion-content-klageadgang\" aria-expanded=\"false\">\n\t\t\t\t\t\t<div class=\"sow-accordion-title sow-accordion-title-icon-left\">\n\t\t\t\t\t\t\t\t\t\t\t\t\t\tKlageadgang\t\t\t\t\t\t\t\t\t\t\t\t\t<\/div>\n\t\t\t\t\t\t<div class=\"sow-accordion-open-close-button\">\n\t\t\t\t\t\t\t<div class=\"sow-accordion-open-button\">\n\t\t\t\t\t\t\t\t<span class=\"sow-icon-ionicons\" data-sow-icon=\"&#xf218;\"\n\t\t \n\t\taria-hidden=\"true\"><\/span>\t\t\t\t\t\t\t<\/div>\n\t\t\t\t\t\t\t<div class=\"sow-accordion-close-button\">\n\t\t\t\t\t\t\t\t<span class=\"sow-icon-ionicons\" data-sow-icon=\"&#xf209;\"\n\t\t \n\t\taria-hidden=\"true\"><\/span>\t\t\t\t\t\t\t<\/div>\n\t\t\t\t\t\t<\/div>\n\t\t\t\t\t<\/div>\n\t\t\t\t<\/div>\n\n\t\t\t<div\n\t\t\t\tclass=\"sow-accordion-panel-content\"\n\t\t\t\trole=\"region\"\n\t\t\t\taria-labelledby=\"accordion-label-klageadgang\"\n\t\t\t\tid=\"accordion-content-klageadgang\"\n\t\t\t\tstyle=\"display: none;\"\t\t\t>\n\t\t\t\t<div class=\"sow-accordion-panel-border\">\n\t\t\t\t\t<p>Forslagsstiller kan klage p\u00e5 feil eller mangler i saksbehandlingen. Klagefristen er tre uker fra underretting om vedtaket er mottatt. Se mer informasjon i avslagsbrevet.<\/p>\n\t\t\t\t<\/div>\n\t\t\t<\/div>\n\t\t<\/div>\n\t\t<\/div>\n<\/div>\n<\/div><\/div><\/div><\/div><\/div>\n\n\n<div style=\"height:50px\" aria-hidden=\"true\" class=\"wp-block-spacer\"><\/div>\n\n\n\n<div style=\"height:50px\" aria-hidden=\"true\" class=\"wp-block-spacer\"><\/div>\n","protected":false},"excerpt":{"rendered":"<p>Innsending av s\u00f8knad DKS L\u00f8renskog tar gjerne imot s\u00f8knader fra ut\u00f8vere som har en spennende produksjon som kan egne seg i v\u00e5r skolesekk. Vi har s\u00f8knadsfrist\u00a01. oktober kl. 23.59 for p\u00e5f\u00f8lgende skole\u00e5r. Innmelding av produksjoner for skole\u00e5ret 2026\/2027 gj\u00f8res via den sentrale DKS-portalen p\u00e5 denkulturelleskolesekken.no. Portalen \u00e5pner 1. september. NB!&nbsp;Det er kun produksjoner for grunnskolen [&hellip;]<\/p>\n","protected":false},"author":7,"featured_media":1998,"parent":0,"menu_order":0,"comment_status":"closed","ping_status":"closed","template":"","meta":{"footnotes":""},"class_list":["post-2084","page","type-page","status-publish","has-post-thumbnail","hentry"],"_links":{"self":[{"href":"https:\/\/www.denkulturelleskolesekken.no\/lorenskog\/wp-json\/wp\/v2\/pages\/2084","targetHints":{"allow":["GET"]}}],"collection":[{"href":"https:\/\/www.denkulturelleskolesekken.no\/lorenskog\/wp-json\/wp\/v2\/pages"}],"about":[{"href":"https:\/\/www.denkulturelleskolesekken.no\/lorenskog\/wp-json\/wp\/v2\/types\/page"}],"author":[{"embeddable":true,"href":"https:\/\/www.denkulturelleskolesekken.no\/lorenskog\/wp-json\/wp\/v2\/users\/7"}],"replies":[{"embeddable":true,"href":"https:\/\/www.denkulturelleskolesekken.no\/lorenskog\/wp-json\/wp\/v2\/comments?post=2084"}],"version-history":[{"count":8,"href":"https:\/\/www.denkulturelleskolesekken.no\/lorenskog\/wp-json\/wp\/v2\/pages\/2084\/revisions"}],"predecessor-version":[{"id":2311,"href":"https:\/\/www.denkulturelleskolesekken.no\/lorenskog\/wp-json\/wp\/v2\/pages\/2084\/revisions\/2311"}],"wp:featuredmedia":[{"embeddable":true,"href":"https:\/\/www.denkulturelleskolesekken.no\/lorenskog\/wp-json\/wp\/v2\/media\/1998"}],"wp:attachment":[{"href":"https:\/\/www.denkulturelleskolesekken.no\/lorenskog\/wp-json\/wp\/v2\/media?parent=2084"}],"curies":[{"name":"wp","href":"https:\/\/api.w.org\/{rel}","templated":true}]}}