{"id":125,"date":"2019-12-10T12:22:29","date_gmt":"2019-12-10T12:22:29","guid":{"rendered":"https:\/\/viken.kulturtanken.app\/?page_id=125"},"modified":"2025-04-08T11:08:07","modified_gmt":"2025-04-08T11:08:07","slug":"er-du-laerer","status":"publish","type":"page","link":"https:\/\/www.denkulturelleskolesekken.no\/lorenskog\/er-du-laerer\/","title":{"rendered":"Er du l\u00e6rer?"},"content":{"rendered":"\n<h2 class=\"wp-block-heading\">L\u00e6rerens rolle<\/h2>\n\n\n\n<p>L\u00e6rerens tilstedev\u00e6relse og engasjement kan v\u00e6re avgj\u00f8rende for at elevene skal f\u00e5 mest mulig ut av bes\u00f8ket fra Den kulturelle skolesekken. <\/p>\n\n\n\n<p>N\u00e5r det gjelder \u00e5 utnytte bes\u00f8kene, vil det alltid v\u00e6re snakk om hva man har tid til \u00e5 prioritere i en travel skolehverdag. Det aller viktigste er \u00e5 forberede klassen p\u00e5 hvem som skal komme, passe p\u00e5 at alt ligger til rette for bes\u00f8ket og gi kunstneren eller ut\u00f8veren en varm velkomst. L\u00e6rere er elevenes forbilder, og det er derfor viktig at l\u00e6rere bidrar til \u00e5 skape gode forventninger hos elevene. <\/p>\n\n\n\n<p>Produksjonene fra DKS henviser ofte til l\u00e6replanene, og det er derfor optimalt hvis det undervises i relaterte temaer i perioden med bes\u00f8k fra skolesekken. Derfor oppfordrer vi dere til \u00e5 bruke nettsidene og samordne undervisningen med bes\u00f8ket fra Den kulturelle skolesekken \u2013 der dette er mulig.<\/p>\n\n\n\n<p>Har du sp\u00f8rsm\u00e5l om en produksjon som skal komme til din klasse? Ikke n\u00f8l med \u00e5 ta kontakt med kulturkontakten p\u00e5 din skole, eller den som st\u00e5r som kontaktperson p\u00e5 denne produksjonen! <\/p>\n\n\n\n<p>DKS L\u00f8renskog setter veldig stor pris p\u00e5 tilbakemeldinger p\u00e5 hvordan de ulike produksjonene har fungert. Send gjerne en e-post i etterkant, om det er ris eller ros eller forslag til forbedring.<\/p>\n\n\n\n<p>Alle l\u00e6rere er kulturformidlere, og kunst og kultur kan formidles i alle fag! Kunst og kultur gj\u00f8r elevene bedre! <\/p>\n\n\n<div\n\t\t\t\n\t\t\tclass=\"so-widget-sow-button so-widget-sow-button-flat-2cdff9244315\"\n\t\t\t\n\t\t><div class=\"ow-button-base ow-button-align-left\"\n>\n\t\t\t<a\n\t\t\t\t\thref=\"https:\/\/dkskommer.no\/\"\n\t\t\t\t\tclass=\"sowb-button ow-icon-placement-left ow-button-hover\" target=\"_blank\" rel=\"noopener noreferrer\" \t>\n\t\t<span>\n\t\t\t\n\t\t\tKulturtankens ressursside for l\u00e6rere\t\t<\/span>\n\t\t\t<\/a>\n\t<\/div>\n<\/div>\n\n\n<div style=\"height:50px\" aria-hidden=\"true\" class=\"wp-block-spacer\"><\/div>\n\n\n\n<p><\/p>\n","protected":false},"excerpt":{"rendered":"<p>L\u00e6rerens rolle L\u00e6rerens tilstedev\u00e6relse og engasjement kan v\u00e6re avgj\u00f8rende for at elevene skal f\u00e5 mest mulig ut av bes\u00f8ket fra Den kulturelle skolesekken. N\u00e5r det gjelder \u00e5 utnytte bes\u00f8kene, vil det alltid v\u00e6re snakk om hva man har tid til \u00e5 prioritere i en travel skolehverdag. Det aller viktigste er \u00e5 forberede klassen p\u00e5 hvem [&hellip;]<\/p>\n","protected":false},"author":4,"featured_media":1168,"parent":0,"menu_order":0,"comment_status":"closed","ping_status":"closed","template":"","meta":{"footnotes":""},"class_list":["post-125","page","type-page","status-publish","has-post-thumbnail","hentry"],"_links":{"self":[{"href":"https:\/\/www.denkulturelleskolesekken.no\/lorenskog\/wp-json\/wp\/v2\/pages\/125","targetHints":{"allow":["GET"]}}],"collection":[{"href":"https:\/\/www.denkulturelleskolesekken.no\/lorenskog\/wp-json\/wp\/v2\/pages"}],"about":[{"href":"https:\/\/www.denkulturelleskolesekken.no\/lorenskog\/wp-json\/wp\/v2\/types\/page"}],"author":[{"embeddable":true,"href":"https:\/\/www.denkulturelleskolesekken.no\/lorenskog\/wp-json\/wp\/v2\/users\/4"}],"replies":[{"embeddable":true,"href":"https:\/\/www.denkulturelleskolesekken.no\/lorenskog\/wp-json\/wp\/v2\/comments?post=125"}],"version-history":[{"count":29,"href":"https:\/\/www.denkulturelleskolesekken.no\/lorenskog\/wp-json\/wp\/v2\/pages\/125\/revisions"}],"predecessor-version":[{"id":2238,"href":"https:\/\/www.denkulturelleskolesekken.no\/lorenskog\/wp-json\/wp\/v2\/pages\/125\/revisions\/2238"}],"wp:featuredmedia":[{"embeddable":true,"href":"https:\/\/www.denkulturelleskolesekken.no\/lorenskog\/wp-json\/wp\/v2\/media\/1168"}],"wp:attachment":[{"href":"https:\/\/www.denkulturelleskolesekken.no\/lorenskog\/wp-json\/wp\/v2\/media?parent=125"}],"curies":[{"name":"wp","href":"https:\/\/api.w.org\/{rel}","templated":true}]}}