{"id":11,"date":"2019-10-31T13:31:37","date_gmt":"2019-10-31T13:31:37","guid":{"rendered":"https:\/\/viken.kulturtanken.app\/?page_id=11"},"modified":"2025-07-10T07:35:54","modified_gmt":"2025-07-10T07:35:54","slug":"forside","status":"publish","type":"page","link":"https:\/\/www.denkulturelleskolesekken.no\/lorenskog\/","title":{"rendered":"Forside"},"content":{"rendered":"<div id=\"pl-gb11-69f38aedcddc2\"  class=\"panel-layout wp-block-siteorigin-panels-layout-block\" ><div id=\"pg-gb11-69f38aedcddc2-0\"  class=\"panel-grid panel-no-style\" ><div id=\"pgc-gb11-69f38aedcddc2-0-0\"  class=\"panel-grid-cell\" >            <section class=\"kt-headline-three-articles\">\n                <article class=\"kt-headline-article-main\" tabIndex=\"0\">\n                    <div class=\"kt-headline-article-image\" style=\"background-image: url(https:\/\/cdn.denkulturelleskolesekken.no\/lorenskog\/552f1a4c-dsc00515.jpg); background-position: center center\">\n                        <a href=https:\/\/www.denkulturelleskolesekken.no\/lorenskog\/utforsk-produksjoner-i-dks\/ ><\/a>\n                    <\/div>\n                                            <div class=\"kt-headline-article-card primary-bg\">\n                         <div>\n                                                            <h1><a tabIndex=\"-1\" href=\"https:\/\/www.denkulturelleskolesekken.no\/lorenskog\/utforsk-produksjoner-i-dks\/\">DKS-programmet<\/a><\/h1>\n                                                    <\/div>\n                                            <\/div>\n                                    <\/article>\n                <article class=\"kt-headline-article-small\" tabIndex=\"0\">\n                <div class=\"kt-headline-article-image\" style=\"background-image: url(https:\/\/cdn.denkulturelleskolesekken.no\/lorenskog\/51f473f7-2842b8af5df21dcaaeca09f1eaaea763.jpg); background-position: center center\">\n                    <a href=https:\/\/www.denkulturelleskolesekken.no\/lorenskog\/2025\/06\/12\/programfilm-2025-2026\/ ><\/a>\n                <\/div>\n                                    <div class=\"kt-headline-article-card secondary-bg\">\n                    <div>\n                        <h2><a tabIndex=\"-1\" href=\"https:\/\/www.denkulturelleskolesekken.no\/lorenskog\/2025\/06\/12\/programfilm-2025-2026\/\">Programfilm for 2025-2026<\/a><\/h2>\n                        <\/div>\n                    <\/div>\n                                    <\/article>\n                <article class=\"kt-headline-article-small\"  tabIndex=\"0\">\n                <div class=\"kt-headline-article-image\" style=\"background-image: url(https:\/\/cdn.denkulturelleskolesekken.no\/lorenskog\/a3f745b8-colourbox30294223-c.jpg); background-position: center center\">\n                    <a href=https:\/\/www.denkulturelleskolesekken.no\/lorenskog\/er-du-utover\/ ><\/a>    \n                <\/div>\n                                        <div class=\"kt-headline-article-card kulturuttrykk-scenekunst\">\n                        <div>\n                            <h2><a tabIndex=\"-1\" href=\"https:\/\/www.denkulturelleskolesekken.no\/lorenskog\/er-du-utover\/\">Informasjon til ut\u00f8vere<\/a><\/h2>\n                        <\/div>\n                    <\/div>\n                                    <\/article>\n            <\/section>\n        <\/div><\/div><div id=\"pg-gb11-69f38aedcddc2-1\"  class=\"panel-grid panel-no-style\" ><div id=\"pgc-gb11-69f38aedcddc2-1-0\"  class=\"panel-grid-cell\" >\n        <section class=\"kt-sticky-posts\">\n            <div class=\"kt-indent-74\">\n                <div class=\"kt-section-header\">\n                    <h2>Aktuelt<\/h2>\n                    <p><\/p>\n                <\/div>\n                <div class=\"kt-sticky-posts-list\">\n                                            <div tabIndex=\"0\" class=\"kt-post\">\n                            <img decoding=\"async\" src=\"https:\/\/cdn.denkulturelleskolesekken.no\/lorenskog\/b628ae8e-dks-lab-2026-gronn-logo.png\" alt=\"Logo med teksten DKS-LAB 2026\"\/>\n                            <div class=\"kt-post-bg theme-colors\">\n                                <h3><a tabIndex=\"-1\" href=\"https:\/\/www.denkulturelleskolesekken.no\/lorenskog\/2026\/02\/24\/utlysning-dks-lab-2026\/\">Utlysning: DKS-LAB 2026<\/a><\/h3>\n                                <i class=\"material-icons md-48\">arrow_forward_ios<\/i>\n                            <\/div>\n                        <\/div>\n                                            <div tabIndex=\"0\" class=\"kt-post\">\n                            <img decoding=\"async\" src=\"https:\/\/cdn.denkulturelleskolesekken.no\/lorenskog\/0c402a51-dsc01738.jpg\" alt=\"\"\/>\n                            <div class=\"kt-post-bg theme-colors\">\n                                <h3><a tabIndex=\"-1\" href=\"https:\/\/www.denkulturelleskolesekken.no\/lorenskog\/2025\/10\/17\/rapport-fra-2024-2025\/\">Rapport fra 2024\u20132025<\/a><\/h3>\n                                <i class=\"material-icons md-48\">arrow_forward_ios<\/i>\n                            <\/div>\n                        <\/div>\n                                            <div tabIndex=\"0\" class=\"kt-post\">\n                            <img decoding=\"async\" src=\"https:\/\/cdn.denkulturelleskolesekken.no\/lorenskog\/10a0da7d-colourbox55065659-b.jpg\" alt=\"Barn som er publikummere\"\/>\n                            <div class=\"kt-post-bg theme-colors\">\n                                <h3><a tabIndex=\"-1\" href=\"https:\/\/www.denkulturelleskolesekken.no\/lorenskog\/2025\/07\/09\/vil-du-bidra-i-dks-skolearet-2026-27\/\">Vil du bidra i DKS skole\u00e5ret 2026\u20132027?<\/a><\/h3>\n                                <i class=\"material-icons md-48\">arrow_forward_ios<\/i>\n                            <\/div>\n                        <\/div>\n                                            <div tabIndex=\"0\" class=\"kt-post\">\n                            <img decoding=\"async\" src=\"https:\/\/cdn.denkulturelleskolesekken.no\/lorenskog\/51f473f7-2842b8af5df21dcaaeca09f1eaaea763.jpg\" alt=\"Tre personer som st\u00e5r p\u00e5 hendene\"\/>\n                            <div class=\"kt-post-bg theme-colors\">\n                                <h3><a tabIndex=\"-1\" href=\"https:\/\/www.denkulturelleskolesekken.no\/lorenskog\/2025\/06\/12\/programfilm-2025-2026\/\">Programfilm for 2025-2026<\/a><\/h3>\n                                <i class=\"material-icons md-48\">arrow_forward_ios<\/i>\n                            <\/div>\n                        <\/div>\n                                            <div tabIndex=\"0\" class=\"kt-post\">\n                            <img decoding=\"async\" src=\"https:\/\/cdn.denkulturelleskolesekken.no\/lorenskog\/fe8f9c87-dks_lab_2025_logo-hvit-bakgrunn.png\" alt=\"Logo DKS-LAB\"\/>\n                            <div class=\"kt-post-bg theme-colors\">\n                                <h3><a tabIndex=\"-1\" href=\"https:\/\/www.denkulturelleskolesekken.no\/lorenskog\/2025\/02\/19\/utlysning-dks-lab-2025\/\">Utlysning: DKS-LAB 2025<\/a><\/h3>\n                                <i class=\"material-icons md-48\">arrow_forward_ios<\/i>\n                            <\/div>\n                        <\/div>\n                                            <div tabIndex=\"0\" class=\"kt-post\">\n                            <img decoding=\"async\" src=\"https:\/\/cdn.denkulturelleskolesekken.no\/lorenskog\/9a87db4e-img_0398.jpg\" alt=\"Vinter p\u00e5 Sk\u00e5rer g\u00e5rd, juletre\"\/>\n                            <div class=\"kt-post-bg theme-colors\">\n                                <h3><a tabIndex=\"-1\" href=\"https:\/\/www.denkulturelleskolesekken.no\/lorenskog\/2024\/12\/19\/god-jul-og-godt-nytt-ar\/\">God jul og godt nytt \u00e5r!<\/a><\/h3>\n                                <i class=\"material-icons md-48\">arrow_forward_ios<\/i>\n                            <\/div>\n                        <\/div>\n                                    <\/div>\n                    <a class=\"kt-read-more\"\n                        href=\"https:\/\/www.denkulturelleskolesekken.no\/lorenskog\/category\/aktuelt\/\"\n                    >\n                        Se alle nyheter                    <\/a>\n            <\/div>\n        <\/section>\n        <script type=\"text\/javascript\">\n            \/* Fix object-fit issue on IE, Edge *\/\n            var ieEdgeImageCorrection = function () {\n                var isMobileScreen = jQuery(window).width() <= 768;\n                if (!isMobileScreen) {\n                    jQuery('.kt-sticky-posts-list a .kt-post-image-overlay').remove();\n                } else if (document.documentMode || \/Edge\/.test(window.navigator.userAgent)) {\n                    jQuery('.kt-sticky-posts-list img').each(function () {\n                        var t = jQuery(this),\n                            s = 'url(' + t.attr('src') + ')',\n                            p = t.parent(),\n                            d = jQuery('<div class=\"kt-post-image-overlay\"><\/div>');\n                        p.css('position', 'relative');\n                        p.append(d);\n                        d.css({\n                            'position': 'absolute',\n                            'top': '0',\n                            'left': '0',\n                            'bottom': '48px',\n                            'width': '100%',\n                            'background-size': 'cover',\n                            'background-repeat': 'no-repeat',\n                            'background-position': 'center',\n                            'background-image': s\n                        });\n                        \/\/ t.hide();\n                    });\n                }\n            }\n            window.addEventListener('load', ieEdgeImageCorrection);\n            window.addEventListener('resize', ieEdgeImageCorrection);\n        <\/script>\n        <\/div><\/div><div id=\"pg-gb11-69f38aedcddc2-2\"  class=\"panel-grid panel-no-style\" ><div id=\"pgc-gb11-69f38aedcddc2-2-0\"  class=\"panel-grid-cell panel-grid-cell-empty\" ><\/div><\/div><div id=\"pg-gb11-69f38aedcddc2-3\"  class=\"panel-grid panel-no-style\" ><div id=\"pgc-gb11-69f38aedcddc2-3-0\"  class=\"panel-grid-cell panel-grid-cell-empty\" ><\/div><div id=\"pgc-gb11-69f38aedcddc2-3-1\"  class=\"panel-grid-cell panel-grid-cell-empty panel-grid-cell-mobile-last\" ><\/div><div id=\"pgc-gb11-69f38aedcddc2-3-2\"  class=\"panel-grid-cell panel-grid-cell-empty\" ><\/div><\/div><\/div>","protected":false},"excerpt":{"rendered":"","protected":false},"author":2,"featured_media":0,"parent":0,"menu_order":0,"comment_status":"closed","ping_status":"closed","template":"","meta":{"footnotes":""},"class_list":["post-11","page","type-page","status-publish","hentry"],"_links":{"self":[{"href":"https:\/\/www.denkulturelleskolesekken.no\/lorenskog\/wp-json\/wp\/v2\/pages\/11","targetHints":{"allow":["GET"]}}],"collection":[{"href":"https:\/\/www.denkulturelleskolesekken.no\/lorenskog\/wp-json\/wp\/v2\/pages"}],"about":[{"href":"https:\/\/www.denkulturelleskolesekken.no\/lorenskog\/wp-json\/wp\/v2\/types\/page"}],"author":[{"embeddable":true,"href":"https:\/\/www.denkulturelleskolesekken.no\/lorenskog\/wp-json\/wp\/v2\/users\/2"}],"replies":[{"embeddable":true,"href":"https:\/\/www.denkulturelleskolesekken.no\/lorenskog\/wp-json\/wp\/v2\/comments?post=11"}],"version-history":[{"count":92,"href":"https:\/\/www.denkulturelleskolesekken.no\/lorenskog\/wp-json\/wp\/v2\/pages\/11\/revisions"}],"predecessor-version":[{"id":2322,"href":"https:\/\/www.denkulturelleskolesekken.no\/lorenskog\/wp-json\/wp\/v2\/pages\/11\/revisions\/2322"}],"wp:attachment":[{"href":"https:\/\/www.denkulturelleskolesekken.no\/lorenskog\/wp-json\/wp\/v2\/media?parent=11"}],"curies":[{"name":"wp","href":"https:\/\/api.w.org\/{rel}","templated":true}]}}