{"id":3421,"date":"2025-09-08T08:24:35","date_gmt":"2025-09-08T08:24:35","guid":{"rendered":"https:\/\/www.denkulturelleskolesekken.no\/innlandet\/?page_id=3421"},"modified":"2026-01-19T11:13:00","modified_gmt":"2026-01-19T11:13:00","slug":"for-utovere","status":"publish","type":"page","link":"https:\/\/www.denkulturelleskolesekken.no\/innlandet\/for-utovere\/","title":{"rendered":"Innmelding av produksjon &#8211; jobb for oss"},"content":{"rendered":"\n<p><strong>For \u00e5 f\u00e5 muligheten til \u00e5 turnere for oss anbefaler vi at du s\u00f8ker om turne i DKS Portalen. Det er s\u00f8knadsfrist 1. oktober. Her kan du ogs\u00e5 s\u00f8ke om \u00e5 turnere for Den kulturelle skolesekken i flere fylker.<\/strong><\/p>\n\n\n\n<p>Merk at hvert fylke har sin egen utlysningstekst n\u00e5r du s\u00f8ker i portalen. Vi anbefaler alle \u00e5 sette seg godt inn i disse. Nedenfor finner du Innlandets utlysningsingstekst.<\/p>\n\n\n<div\n\t\t\t\n\t\t\tclass=\"so-widget-sow-accordion so-widget-sow-accordion-default-d9295f5bfa93\"\n\t\t\t\n\t\t><div>\n\t<div class=\"sow-accordion\">\n\t\t\t<div class=\"sow-accordion-panel\n\t\t\t\t\"\n\t\t\tdata-anchor-id=\"utlysningstekst-dks-innlandet\">\n\t\t\t\t<div class=\"sow-accordion-panel-header-container\" role=\"heading\" aria-level=\"2\">\n\t\t\t\t\t<div class=\"sow-accordion-panel-header\" tabindex=\"0\" role=\"button\" id=\"accordion-label-utlysningstekst-dks-innlandet\" aria-controls=\"accordion-content-utlysningstekst-dks-innlandet\" aria-expanded=\"false\">\n\t\t\t\t\t\t<div class=\"sow-accordion-title sow-accordion-title-icon-left\">\n\t\t\t\t\t\t\t\t\t\t\t\t\t\tUtlysningstekst DKS Innlandet \t\t\t\t\t\t\t\t\t\t\t\t\t<\/div>\n\t\t\t\t\t\t<div class=\"sow-accordion-open-close-button\">\n\t\t\t\t\t\t\t<div class=\"sow-accordion-open-button\">\n\t\t\t\t\t\t\t\t<span class=\"sow-icon-ionicons\" data-sow-icon=\"&#xf218;\"\n\t\t \n\t\taria-hidden=\"true\"><\/span>\t\t\t\t\t\t\t<\/div>\n\t\t\t\t\t\t\t<div class=\"sow-accordion-close-button\">\n\t\t\t\t\t\t\t\t<span class=\"sow-icon-ionicons\" data-sow-icon=\"&#xf209;\"\n\t\t \n\t\taria-hidden=\"true\"><\/span>\t\t\t\t\t\t\t<\/div>\n\t\t\t\t\t\t<\/div>\n\t\t\t\t\t<\/div>\n\t\t\t\t<\/div>\n\n\t\t\t<div\n\t\t\t\tclass=\"sow-accordion-panel-content\"\n\t\t\t\trole=\"region\"\n\t\t\t\taria-labelledby=\"accordion-label-utlysningstekst-dks-innlandet\"\n\t\t\t\tid=\"accordion-content-utlysningstekst-dks-innlandet\"\n\t\t\t\tstyle=\"display: none;\"\t\t\t>\n\t\t\t\t<div class=\"sow-accordion-panel-border\">\n\t\t\t\t\t<p style=\"font-weight: 400\">DKS Innlandet ser frem til \u00e5 motta forslag for skole\u00e5ret 26\/27, og ber forslagsstillere v\u00e6re oppmerksomme p\u00e5 f\u00f8lgende:<\/p>\n<ul style=\"font-weight: 400\">\n<li>Slik Rammeavtalen for Den kulturelle skolesekken legger opp til, forventer vi inntil tre visninger pr. dag der dette er praktisk mulig.<\/li>\n<li>Forslag som g\u00e5r utover en dag prioriteres ikke.<\/li>\n<li>Forslaget blir vurdert av produsent for hoveduttrykket som er valgt for forslaget.<\/li>\n<li>DKS Innlandet programmerer ikke for barnehage skole\u00e5ret 26\/27.<\/li>\n<li><em>DKS Innlandet gj\u00f8r oppmerksom p\u00e5 at alle ut\u00f8vere kan bli bedt om \u00e5 legge frem politiattest f\u00f8r avtale om turn\u00e9 for skole\u00e5ret 2026\/2027 inng\u00e5s.\u00a0<\/em><\/li>\n<\/ul>\n<p style=\"font-weight: 400\">For alle kunstuttrykk: det er \u00f8nskelig med en kort videopresentasjon av ide og produksjon, maks 5 min. Det m\u00e5 legges ved CV.<\/p>\n<p style=\"font-weight: 400\"><strong>\u00a0<\/strong><strong>Scenekunst: <\/strong>Det m\u00e5 vedlegges videoopptak av hele forestillingen. Utsnittet b\u00f8r v\u00e6re i totalbilde og opptaket b\u00f8r v\u00e6re uredigert. Forslag med riggetid over 2 timer prioriteres ikke. Produksjoner som kan flytte mellom to skoler i l\u00f8pet av en skoledag anbefales \u00e5 legge inn forslag.<\/p>\n<p style=\"font-weight: 400\"><strong>Musikk: <\/strong>Det m\u00e5 vedlegges videoopptak av hele forestillingen. For nye forestillinger eller ideer kreves relevante lydfiler eller video. Merk at ut\u00f8vere jfr. Rammeavtalen benytter egne instrumenter\/backline uten ekstra honorar.<\/p>\n<p style=\"font-weight: 400\"><strong>\u00a0<\/strong><strong>Visuell kunst:<\/strong><br \/>For skole\u00e5ret 26\/27 er det spesielt \u00f8nskelig med forslag og ideer til produksjoner for et st\u00f8rre publikum\/elevgruppe b\u00e5de for barnetrinn, ungdomstrinn og VGS (i tillegg til klassevise produksjoner).<\/p>\n<p style=\"font-weight: 400\">Formidlingskvalitet m\u00e5 synliggj\u00f8res ved:<\/p>\n<ul style=\"font-weight: 400\">\n<li>Kort videopresentasjon av kunstnerskap og\/eller prosjektid\u00e9 (maks 5 min).<\/li>\n<li>Video, lyd- eller bildepresentasjon fra iscenesettelse eller testing av forslaget\/produksjonen eller fra tidligere produksjoner.<\/li>\n<li>CV for alle involverte. Husk \u00e5 inkludere formidlingserfaring. (Gjelder ogs\u00e5 for institusjoner og visningssteder)<\/li>\n<\/ul>\n<p style=\"font-weight: 400\">Gode r\u00e5d for s\u00f8knaden: <a href=\"https:\/\/eur06.safelinks.protection.outlook.com\/?url=https%3A%2F%2Fcdn.denkulturelleskolesekken.no%2Fnational%2F782942eb-veileder-innmelding-dks-visuell-kunst_100625_utarbeidet-av-arbeidsgruppe-produsentnettverk.pdf&amp;data=05%7C02%7Cthokva%40innlandetfylke.no%7C8a7a995f58e64500086508dde94b8d40%7C1b6bba496f354d829fca4827d417cd3e%7C0%7C0%7C638923232889164409%7CUnknown%7CTWFpbGZsb3d8eyJFbXB0eU1hcGkiOnRydWUsIlYiOiIwLjAuMDAwMCIsIlAiOiJXaW4zMiIsIkFOIjoiTWFpbCIsIldUIjoyfQ%3D%3D%7C0%7C%7C%7C&amp;sdata=37eRgh80fkvCqYa9S7P6oZScbMSqOC4qYtpksvDe80g%3D&amp;reserved=0\" data-outlook-id=\"10fcd6de-fdd7-43fc-8260-2c6b947e14b5\"><strong>Visuell kunst &#8211; <span data-markjs=\"true\">veileder<\/span> for innmelding av forslag i DKS<\/strong><\/a><\/p>\n<p style=\"font-weight: 400\"><strong>Kulturarv: <\/strong>Formidlingskvalitet m\u00e5 synliggj\u00f8res ved:<\/p>\n<ul style=\"font-weight: 400\">\n<li>Kort videopresentasjon av kunstnerskap og\/eller prosjektid\u00e9 (maks 5 min).<\/li>\n<li>Video, lyd- eller bildepresentasjon fra testing av forslaget\/produksjonen eller fra tidligere produksjoner.<\/li>\n<li>CV for alle involverte. Husk \u00e5 inkludere formidlingserfaring. (Gjelder ogs\u00e5 for institusjoner og visningssteder)<\/li>\n<\/ul>\n<p style=\"font-weight: 400\"><strong>\u00a0<\/strong><strong>Film: <\/strong>Det m\u00e5 legges ved p\u00e5synslenke til filmen dersom opplegget inneholder filmvisning. Ut\u00f8vere med filmfaglig bakgrunn prioriteres.<\/p>\n<p><strong>Litteratur: <\/strong>Legg ved et utdrag av boka\/b\u00f8kene. Og det er \u00f8nskelig med en kort videopresentasjon av id\u00e9 og produksjon, maks 5 min.<\/p>\n\t\t\t\t<\/div>\n\t\t\t<\/div>\n\t\t<\/div>\n\t\t<\/div>\n<\/div>\n<\/div>\n\n\n<p>Nedenfor finner du viktig informasjon om s\u00f8keprosessen fra Kulturtanken. <\/p>\n\n\n<div\n\t\t\t\n\t\t\tclass=\"so-widget-sow-accordion so-widget-sow-accordion-default-d9295f5bfa93\"\n\t\t\t\n\t\t><div>\n\t<div class=\"sow-accordion\">\n\t\t\t<div class=\"sow-accordion-panel\n\t\t\t\t\"\n\t\t\tdata-anchor-id=\"veiliedere-for-innmelding-av-forslag\">\n\t\t\t\t<div class=\"sow-accordion-panel-header-container\" role=\"heading\" aria-level=\"2\">\n\t\t\t\t\t<div class=\"sow-accordion-panel-header\" tabindex=\"0\" role=\"button\" id=\"accordion-label-veiliedere-for-innmelding-av-forslag\" aria-controls=\"accordion-content-veiliedere-for-innmelding-av-forslag\" aria-expanded=\"false\">\n\t\t\t\t\t\t<div class=\"sow-accordion-title sow-accordion-title-icon-left\">\n\t\t\t\t\t\t\t\t\t\t\t\t\t\tVeiliedere for innmelding av forslag\t\t\t\t\t\t\t\t\t\t\t\t\t<\/div>\n\t\t\t\t\t\t<div class=\"sow-accordion-open-close-button\">\n\t\t\t\t\t\t\t<div class=\"sow-accordion-open-button\">\n\t\t\t\t\t\t\t\t<span class=\"sow-icon-ionicons\" data-sow-icon=\"&#xf218;\"\n\t\t \n\t\taria-hidden=\"true\"><\/span>\t\t\t\t\t\t\t<\/div>\n\t\t\t\t\t\t\t<div class=\"sow-accordion-close-button\">\n\t\t\t\t\t\t\t\t<span class=\"sow-icon-ionicons\" data-sow-icon=\"&#xf209;\"\n\t\t \n\t\taria-hidden=\"true\"><\/span>\t\t\t\t\t\t\t<\/div>\n\t\t\t\t\t\t<\/div>\n\t\t\t\t\t<\/div>\n\t\t\t\t<\/div>\n\n\t\t\t<div\n\t\t\t\tclass=\"sow-accordion-panel-content\"\n\t\t\t\trole=\"region\"\n\t\t\t\taria-labelledby=\"accordion-label-veiliedere-for-innmelding-av-forslag\"\n\t\t\t\tid=\"accordion-content-veiliedere-for-innmelding-av-forslag\"\n\t\t\t\tstyle=\"display: none;\"\t\t\t>\n\t\t\t\t<div class=\"sow-accordion-panel-border\">\n\t\t\t\t\t<h5><a href=\"https:\/\/www.denkulturelleskolesekken.no\/forside\/om-dks\/utover\/\" aria-current=\"page\">Generell info<\/a><\/h5>\n<h5><a href=\"https:\/\/www.denkulturelleskolesekken.no\/forside\/om-dks\/utover\/film\/\">Film<\/a><\/h5>\n<h5><a href=\"https:\/\/www.denkulturelleskolesekken.no\/forside\/om-dks\/utover\/kulturarv\/\">Kulturarv<\/a><\/h5>\n<h5><a href=\"https:\/\/www.denkulturelleskolesekken.no\/forside\/om-dks\/utover\/litteratur\/\">Litteratur<\/a><\/h5>\n<h5><a href=\"https:\/\/www.denkulturelleskolesekken.no\/forside\/om-dks\/utover\/musikk\/\">Musikk<\/a><\/h5>\n<h5><a href=\"https:\/\/www.denkulturelleskolesekken.no\/forside\/om-dks\/utover\/scenekunst\/\">Scenekunst<\/a><\/h5>\n<h5><a href=\"https:\/\/www.denkulturelleskolesekken.no\/forside\/om-dks\/utover\/visuell-kunst\/\">Visuell kunst<\/a><\/h5>\n<h5><a href=\"https:\/\/www.denkulturelleskolesekken.no\/ofte-stilte-sporsmal\/\">Ofte stilte sp\u00f8rsm\u00e5l<\/a><\/h5>\n\t\t\t\t<\/div>\n\t\t\t<\/div>\n\t\t<\/div>\n\t\t<\/div>\n<\/div>\n<\/div>\n\n\n<p> Hvert uttrykk i DKS har sine egne visningsarenaer. P\u00e5 disse arenaene kan du vise frem dine produksjoner og utvide ditt nettverk av kunstnere og ansatte i DKS. <\/p>\n\n\n<div\n\t\t\t\n\t\t\tclass=\"so-widget-sow-accordion so-widget-sow-accordion-default-d9295f5bfa93\"\n\t\t\t\n\t\t><div>\n\t<div class=\"sow-accordion\">\n\t\t\t<div class=\"sow-accordion-panel\n\t\t\t\t\"\n\t\t\tdata-anchor-id=\"visningsarenaer-for-dks\">\n\t\t\t\t<div class=\"sow-accordion-panel-header-container\" role=\"heading\" aria-level=\"2\">\n\t\t\t\t\t<div class=\"sow-accordion-panel-header\" tabindex=\"0\" role=\"button\" id=\"accordion-label-visningsarenaer-for-dks\" aria-controls=\"accordion-content-visningsarenaer-for-dks\" aria-expanded=\"false\">\n\t\t\t\t\t\t<div class=\"sow-accordion-title sow-accordion-title-icon-left\">\n\t\t\t\t\t\t\t\t\t\t\t\t\t\tVisningsarenaer for DKS \t\t\t\t\t\t\t\t\t\t\t\t\t<\/div>\n\t\t\t\t\t\t<div class=\"sow-accordion-open-close-button\">\n\t\t\t\t\t\t\t<div class=\"sow-accordion-open-button\">\n\t\t\t\t\t\t\t\t<span class=\"sow-icon-ionicons\" data-sow-icon=\"&#xf218;\"\n\t\t \n\t\taria-hidden=\"true\"><\/span>\t\t\t\t\t\t\t<\/div>\n\t\t\t\t\t\t\t<div class=\"sow-accordion-close-button\">\n\t\t\t\t\t\t\t\t<span class=\"sow-icon-ionicons\" data-sow-icon=\"&#xf209;\"\n\t\t \n\t\taria-hidden=\"true\"><\/span>\t\t\t\t\t\t\t<\/div>\n\t\t\t\t\t\t<\/div>\n\t\t\t\t\t<\/div>\n\t\t\t\t<\/div>\n\n\t\t\t<div\n\t\t\t\tclass=\"sow-accordion-panel-content\"\n\t\t\t\trole=\"region\"\n\t\t\t\taria-labelledby=\"accordion-label-visningsarenaer-for-dks\"\n\t\t\t\tid=\"accordion-content-visningsarenaer-for-dks\"\n\t\t\t\tstyle=\"display: none;\"\t\t\t>\n\t\t\t\t<div class=\"sow-accordion-panel-border\">\n\t\t\t\t\t<p><a href=\"https:\/\/www.kulturtanken.no\/den-kulturelle-skolesekken\/film\/arena-film\/\">Arena Film\u00a0<\/a><\/p>\n<p><a href=\"https:\/\/komtilkomma.no\/\">KOMMA<\/a> &#8211; Litteratur<\/p>\n<p><a href=\"https:\/\/www.markedformusikk.no\/\">Marked for musikk\u00a0<\/a><\/p>\n<p><a href=\"https:\/\/www.markedet.org\/\">Marked for scenekunst<\/a><\/p>\n<p><a href=\"https:\/\/www.kulturtanken.no\/den-kulturelle-skolesekken\/kulturarv\/spor-arena-for-kulturarv-i-dks\/\">Spor\u00a0<\/a> &#8211; Kulturarv<\/p>\n<p><a href=\"https:\/\/www.kulturtanken.no\/den-kulturelle-skolesekken\/visuell-kunst\/oyepa\/\">\u00d8yeP\u00e5<\/a> &#8211; Visuell kunst<\/p>\n<p>\u00a0<\/p>\n<p>\u00a0<\/p>\n\t\t\t\t<\/div>\n\t\t\t<\/div>\n\t\t<\/div>\n\t\t<\/div>\n<\/div>\n<\/div>\n\n\n<p>Vi anbefaler ogs\u00e5 kunstnere, ut\u00f8vere og institusjoner om \u00e5 kontakte oss gjennom \u00e5ret med ideer, tilbakemeldinger og innspill.<\/p>\n\n\n\n<p>Kulturtanken har ogs\u00e5 samlet info for ut\u00f8vere p\u00e5 en egen side som vi anbefaler dere \u00e5 se p\u00e5. Her finnes det ogs\u00e5 egne veiledere for de forskjellige kunstartene. Her er det link til \u00e5 s\u00f8ke om turne i DKS via DKS Portalen.<\/p>\n\n\n<div\n\t\t\t\n\t\t\tclass=\"so-widget-sow-button so-widget-sow-button-flat-61bb47762591\"\n\t\t\t\n\t\t><div class=\"ow-button-base ow-button-align-left\"\n>\n\t\t\t<a\n\t\t\t\t\thref=\"https:\/\/www.denkulturelleskolesekken.no\/forside\/om-dks\/utover\/\"\n\t\t\t\t\tclass=\"sowb-button ow-icon-placement-left ow-button-hover\" \t>\n\t\t<span>\n\t\t\t\n\t\t\tKulturtankens side for ut\u00f8vere\t\t<\/span>\n\t\t\t<\/a>\n\t<\/div>\n<\/div>\n\n\n<p>.<\/p>\n\n\n<div\n\t\t\t\n\t\t\tclass=\"so-widget-sow-button so-widget-sow-button-flat-61bb47762591\"\n\t\t\t\n\t\t><div class=\"ow-button-base ow-button-align-left\"\n>\n\t\t\t<a\n\t\t\t\t\thref=\"https:\/\/www.denkulturelleskolesekken.no\/innlandet\/vilkar-satser-lonn-og-faktura\/\"\n\t\t\t\t\tclass=\"sowb-button ow-icon-placement-left ow-button-hover\" \t>\n\t\t<span>\n\t\t\t\n\t\t\tMer om vilk\u00e5r DKS Innlandet\t\t<\/span>\n\t\t\t<\/a>\n\t<\/div>\n<\/div>\n\n\n<p>.<\/p>\n","protected":false},"excerpt":{"rendered":"<p>For \u00e5 f\u00e5 muligheten til \u00e5 turnere for oss anbefaler vi at du s\u00f8ker om turne i DKS Portalen. Det er s\u00f8knadsfrist 1. oktober. Her kan du ogs\u00e5 s\u00f8ke om \u00e5 turnere for Den kulturelle skolesekken i flere fylker. Merk at hvert fylke har sin egen utlysningstekst n\u00e5r du s\u00f8ker i portalen. Vi anbefaler alle [&hellip;]<\/p>\n","protected":false},"author":14,"featured_media":2563,"parent":0,"menu_order":0,"comment_status":"closed","ping_status":"closed","template":"","meta":{"footnotes":""},"class_list":["post-3421","page","type-page","status-publish","has-post-thumbnail","hentry"],"_links":{"self":[{"href":"https:\/\/www.denkulturelleskolesekken.no\/innlandet\/wp-json\/wp\/v2\/pages\/3421","targetHints":{"allow":["GET"]}}],"collection":[{"href":"https:\/\/www.denkulturelleskolesekken.no\/innlandet\/wp-json\/wp\/v2\/pages"}],"about":[{"href":"https:\/\/www.denkulturelleskolesekken.no\/innlandet\/wp-json\/wp\/v2\/types\/page"}],"author":[{"embeddable":true,"href":"https:\/\/www.denkulturelleskolesekken.no\/innlandet\/wp-json\/wp\/v2\/users\/14"}],"replies":[{"embeddable":true,"href":"https:\/\/www.denkulturelleskolesekken.no\/innlandet\/wp-json\/wp\/v2\/comments?post=3421"}],"version-history":[{"count":19,"href":"https:\/\/www.denkulturelleskolesekken.no\/innlandet\/wp-json\/wp\/v2\/pages\/3421\/revisions"}],"predecessor-version":[{"id":3721,"href":"https:\/\/www.denkulturelleskolesekken.no\/innlandet\/wp-json\/wp\/v2\/pages\/3421\/revisions\/3721"}],"wp:featuredmedia":[{"embeddable":true,"href":"https:\/\/www.denkulturelleskolesekken.no\/innlandet\/wp-json\/wp\/v2\/media\/2563"}],"wp:attachment":[{"href":"https:\/\/www.denkulturelleskolesekken.no\/innlandet\/wp-json\/wp\/v2\/media?parent=3421"}],"curies":[{"name":"wp","href":"https:\/\/api.w.org\/{rel}","templated":true}]}}