{"id":31,"date":"2019-10-31T13:54:44","date_gmt":"2019-10-31T13:54:44","guid":{"rendered":"https:\/\/viken.kulturtanken.app\/?page_id=31"},"modified":"2026-01-19T11:01:26","modified_gmt":"2026-01-19T11:01:26","slug":"er-du-utover","status":"publish","type":"page","link":"https:\/\/www.denkulturelleskolesekken.no\/innlandet\/er-du-utover\/","title":{"rendered":"For ut\u00f8vere"},"content":{"rendered":"\n<p>Nedenfor har vi samlet aktuell informasjon for ut\u00f8vere som vil eller skal p\u00e5 turne i Den kulturelle skolesekken Innlandet.<\/p>\n\n\n\n<div class=\"wp-block-group\"><div class=\"wp-block-group__inner-container is-layout-constrained wp-block-group-is-layout-constrained\">\n<div class=\"wp-block-columns is-layout-flex wp-container-core-columns-is-layout-9d6595d7 wp-block-columns-is-layout-flex\">\n<div class=\"wp-block-column is-layout-flow wp-block-column-is-layout-flow\" style=\"flex-basis:100%\"><\/div>\n<\/div>\n<\/div><\/div>\n\n\n<div id=\"pl-gb31-69f2c944c3b71\"  class=\"panel-layout\" ><div id=\"pg-gb31-69f2c944c3b71-0\"  class=\"panel-grid panel-no-style\" ><div id=\"pgc-gb31-69f2c944c3b71-0-0\"  class=\"panel-grid-cell\" ><div id=\"panel-gb31-69f2c944c3b71-0-0-0\" class=\"so-panel widget widget_sow-blog panel-first-child panel-last-child\" data-index=\"0\" ><div\n\t\t\t\n\t\t\tclass=\"so-widget-sow-blog so-widget-sow-blog-grid-e473d06d4fb7-31\"\n\t\t\t\n\t\t>\t\t<div\n\t\tclass=\"sow-blog sow-blog-layout-grid\"\n\t\tdata-template=\"grid\"\n\t\tdata-settings=\"{&quot;columns&quot;:3,&quot;featured_image&quot;:true,&quot;featured_image_empty&quot;:true,&quot;featured_image_size&quot;:&quot;sow-blog-grid&quot;,&quot;featured_image_size_width&quot;:&quot;&quot;,&quot;featured_image_size_height&quot;:&quot;&quot;,&quot;tag&quot;:&quot;h2&quot;,&quot;content&quot;:&quot;excerpt&quot;,&quot;read_more&quot;:true,&quot;excerpt_length&quot;:25,&quot;filter_categories&quot;:false,&quot;so_field_container_state&quot;:&quot;open&quot;,&quot;trim_manual_excerpt&quot;:&quot;&quot;,&quot;date&quot;:&quot;&quot;,&quot;author&quot;:&quot;&quot;,&quot;categories&quot;:&quot;&quot;,&quot;tags&quot;:&quot;&quot;,&quot;comment_count&quot;:&quot;&quot;,&quot;template&quot;:&quot;grid&quot;}\"\n\t\tdata-paged=\"1\"\n\t\tdata-paging-id=\"e473d06d4fb7\"\n\t\tdata-total-pages=\"1\"\n\t\tdata-hash=\"74df44e0\"\n\t>\n\t\t\n\t\t\t\t\t\t\t<div class=\"sow-blog-posts\">\n\t\t\t\t<article id=\"post-3510\" class=\"post-3510 page type-page status-publish has-post-thumbnail hentry\" style=\"margin: 0 0 30px;\">\n\t\t\t\t\t<div class=\"sow-entry-thumbnail\">\n\t\t\t\t\t\t\t\t\t\t<a href=\"https:\/\/www.denkulturelleskolesekken.no\/innlandet\/pa-turne-med-dks-innlandet-steg-for-steg\/\">\n\t\t\t\t\t\t<img loading=\"lazy\" decoding=\"async\" width=\"720\" height=\"480\" src=\"https:\/\/cdn.denkulturelleskolesekken.no\/innlandet\/73663094-kritikerklassenlarvik2023.jpeg\" class=\"attachment-sow-blog-grid size-sow-blog-grid wp-post-image wp-stateless-item\" alt=\"\" data-image-size=\"sow-blog-grid\" data-stateless-media-bucket=\"kulturtanken-wordpress-cdn\" data-stateless-media-name=\"innlandet\/73663094-kritikerklassenlarvik2023.jpeg\" \/>\t\t\t\t\t<\/a>\n\t\t\t\t<\/div>\n\t\t\t\t\t\t\t<div class=\"sow-blog-content-wrapper\"\n\t\t style=\"padding: 25px 30px 33px;\">\n\t\t\t\t<header class=\"sow-entry-header\">\n\t\t\t<h2 class=\"sow-entry-title\" style=\"margin: 0 0 5px;\"><a href=\"https:\/\/www.denkulturelleskolesekken.no\/innlandet\/pa-turne-med-dks-innlandet-steg-for-steg\/\" rel=\"bookmark\">Turn\u00e9h\u00e5ndbok<\/a><\/h2>\t\t\t<div class=\"sow-entry-meta\">\n\t\t\t\t\n\t\t\n\t\t\n\t\t\t\t\t<\/div>\n\t\t<\/header>\n\n\t\t\t\t\t<div\n\t\t\t\tclass=\"sow-entry-content\"\n\t\t\t\tstyle=\"margin-top: 20px;\"\n\t\t\t>\n\t\t\t\t<p>Her finner du relevant informasjon til n\u00e5r du skal p\u00e5 turne. Vi anbefaler ogs\u00e5 at du bruker appen DKS ut\u00f8ver som kan lastes ned i&#8230;<a class=\"sow-more-link more-link excerpt\" href=\"https:\/\/www.denkulturelleskolesekken.no\/innlandet\/pa-turne-med-dks-innlandet-steg-for-steg\/\">Continue reading<span class=\"sow-more-link-arrow\">&rarr;<\/span><\/a><\/p>\t\t\t<\/div>\n\t\t\t\t<\/div>\n<\/article>\n<article id=\"post-3421\" class=\"post-3421 page type-page status-publish has-post-thumbnail hentry\" style=\"margin: 0 0 30px;\">\n\t\t\t\t\t<div class=\"sow-entry-thumbnail\">\n\t\t\t\t\t\t\t\t\t\t<a href=\"https:\/\/www.denkulturelleskolesekken.no\/innlandet\/for-utovere\/\">\n\t\t\t\t\t\t<img loading=\"lazy\" decoding=\"async\" width=\"720\" height=\"480\" src=\"https:\/\/cdn.denkulturelleskolesekken.no\/innlandet\/5a5ed063-maur-2023_foto-marte-glanville-25-1024x681-1.jpg\" class=\"attachment-sow-blog-grid size-sow-blog-grid wp-post-image wp-stateless-item\" alt=\"Foto: Marte Glanville, Kulturtanken\" srcset=\"https:\/\/cdn.denkulturelleskolesekken.no\/innlandet\/5a5ed063-maur-2023_foto-marte-glanville-25-1024x681-1.jpg 1024w, https:\/\/cdn.denkulturelleskolesekken.no\/innlandet\/5a5ed063-maur-2023_foto-marte-glanville-25-1024x681-1-300x200.jpg 300w, https:\/\/cdn.denkulturelleskolesekken.no\/innlandet\/5a5ed063-maur-2023_foto-marte-glanville-25-1024x681-1-768x511.jpg 768w, https:\/\/cdn.denkulturelleskolesekken.no\/innlandet\/5a5ed063-maur-2023_foto-marte-glanville-25-1024x681-1-272x182.jpg 272w\" sizes=\"auto, (max-width: 720px) 100vw, 720px\" data-image-size=\"sow-blog-grid\" data-stateless-media-bucket=\"kulturtanken-wordpress-cdn\" data-stateless-media-name=\"innlandet\/5a5ed063-maur-2023_foto-marte-glanville-25-1024x681-1.jpg\" \/>\t\t\t\t\t<\/a>\n\t\t\t\t<\/div>\n\t\t\t\t\t\t\t<div class=\"sow-blog-content-wrapper\"\n\t\t style=\"padding: 25px 30px 33px;\">\n\t\t\t\t<header class=\"sow-entry-header\">\n\t\t\t<h2 class=\"sow-entry-title\" style=\"margin: 0 0 5px;\"><a href=\"https:\/\/www.denkulturelleskolesekken.no\/innlandet\/for-utovere\/\" rel=\"bookmark\">Innmelding av produksjon &#8211; jobb for oss<\/a><\/h2>\t\t\t<div class=\"sow-entry-meta\">\n\t\t\t\t\n\t\t\n\t\t\n\t\t\t\t\t<\/div>\n\t\t<\/header>\n\n\t\t\t\t\t<div\n\t\t\t\tclass=\"sow-entry-content\"\n\t\t\t\tstyle=\"margin-top: 20px;\"\n\t\t\t>\n\t\t\t\t<p>For \u00e5 f\u00e5 muligheten til \u00e5 turnere for oss anbefaler vi at du s\u00f8ker om turne i DKS Portalen. Det er s\u00f8knadsfrist 1. oktober. Her&#8230;<a class=\"sow-more-link more-link excerpt\" href=\"https:\/\/www.denkulturelleskolesekken.no\/innlandet\/for-utovere\/\">Continue reading<span class=\"sow-more-link-arrow\">&rarr;<\/span><\/a><\/p>\t\t\t<\/div>\n\t\t\t\t<\/div>\n<\/article>\n<article id=\"post-1653\" class=\"post-1653 page type-page status-publish has-post-thumbnail hentry\" style=\"margin: 0 0 30px;\">\n\t\t\t\t\t<div class=\"sow-entry-thumbnail\">\n\t\t\t\t\t\t\t\t\t\t<a href=\"https:\/\/www.denkulturelleskolesekken.no\/innlandet\/vilkar-satser-lonn-og-faktura\/\">\n\t\t\t\t\t\t<img loading=\"lazy\" decoding=\"async\" width=\"720\" height=\"480\" src=\"https:\/\/cdn.denkulturelleskolesekken.no\/innlandet\/5d147ae8-teho_mfm-2021_foto-erik-brandsborg-3.jpg\" class=\"attachment-sow-blog-grid size-sow-blog-grid wp-post-image wp-stateless-item\" alt=\"\" data-image-size=\"sow-blog-grid\" data-stateless-media-bucket=\"kulturtanken-wordpress-cdn\" data-stateless-media-name=\"innlandet\/5d147ae8-teho_mfm-2021_foto-erik-brandsborg-3.jpg\" \/>\t\t\t\t\t<\/a>\n\t\t\t\t<\/div>\n\t\t\t\t\t\t\t<div class=\"sow-blog-content-wrapper\"\n\t\t style=\"padding: 25px 30px 33px;\">\n\t\t\t\t<header class=\"sow-entry-header\">\n\t\t\t<h2 class=\"sow-entry-title\" style=\"margin: 0 0 5px;\"><a href=\"https:\/\/www.denkulturelleskolesekken.no\/innlandet\/vilkar-satser-lonn-og-faktura\/\" rel=\"bookmark\">Vilk\u00e5r, satser, l\u00f8nn og faktura<\/a><\/h2>\t\t\t<div class=\"sow-entry-meta\">\n\t\t\t\t\n\t\t\n\t\t\n\t\t\t\t\t<\/div>\n\t\t<\/header>\n\n\t\t\t\t\t<div\n\t\t\t\tclass=\"sow-entry-content\"\n\t\t\t\tstyle=\"margin-top: 20px;\"\n\t\t\t>\n\t\t\t\t<p>DKS Innlandet f\u00f8lger rammeavtalen som er fremforhandlet av KS og Creo, (ASA 4401). Avtalen regulerer og beskriver vilk\u00e5r og honorarsats for ut\u00f8vere i Den kulturelle&#8230;<a class=\"sow-more-link more-link excerpt\" href=\"https:\/\/www.denkulturelleskolesekken.no\/innlandet\/vilkar-satser-lonn-og-faktura\/\">Continue reading<span class=\"sow-more-link-arrow\">&rarr;<\/span><\/a><\/p>\t\t\t<\/div>\n\t\t\t\t<\/div>\n<\/article>\n\t\t\t<\/div>\n\t\t\t\t\t\t\t\t<\/div>\n\t<\/div><\/div><\/div><\/div><\/div>\n\n\n<p><\/p>\n","protected":false},"excerpt":{"rendered":"<p>Nedenfor har vi samlet aktuell informasjon for ut\u00f8vere som vil eller skal p\u00e5 turne i Den kulturelle skolesekken Innlandet.<\/p>\n","protected":false},"author":7,"featured_media":1527,"parent":0,"menu_order":0,"comment_status":"closed","ping_status":"closed","template":"","meta":{"footnotes":""},"class_list":["post-31","page","type-page","status-publish","has-post-thumbnail","hentry"],"_links":{"self":[{"href":"https:\/\/www.denkulturelleskolesekken.no\/innlandet\/wp-json\/wp\/v2\/pages\/31","targetHints":{"allow":["GET"]}}],"collection":[{"href":"https:\/\/www.denkulturelleskolesekken.no\/innlandet\/wp-json\/wp\/v2\/pages"}],"about":[{"href":"https:\/\/www.denkulturelleskolesekken.no\/innlandet\/wp-json\/wp\/v2\/types\/page"}],"author":[{"embeddable":true,"href":"https:\/\/www.denkulturelleskolesekken.no\/innlandet\/wp-json\/wp\/v2\/users\/7"}],"replies":[{"embeddable":true,"href":"https:\/\/www.denkulturelleskolesekken.no\/innlandet\/wp-json\/wp\/v2\/comments?post=31"}],"version-history":[{"count":63,"href":"https:\/\/www.denkulturelleskolesekken.no\/innlandet\/wp-json\/wp\/v2\/pages\/31\/revisions"}],"predecessor-version":[{"id":3718,"href":"https:\/\/www.denkulturelleskolesekken.no\/innlandet\/wp-json\/wp\/v2\/pages\/31\/revisions\/3718"}],"wp:featuredmedia":[{"embeddable":true,"href":"https:\/\/www.denkulturelleskolesekken.no\/innlandet\/wp-json\/wp\/v2\/media\/1527"}],"wp:attachment":[{"href":"https:\/\/www.denkulturelleskolesekken.no\/innlandet\/wp-json\/wp\/v2\/media?parent=31"}],"curies":[{"name":"wp","href":"https:\/\/api.w.org\/{rel}","templated":true}]}}