{"id":119,"date":"2019-12-10T12:20:02","date_gmt":"2019-12-10T12:20:02","guid":{"rendered":"https:\/\/viken.kulturtanken.app\/?page_id=119"},"modified":"2026-04-20T12:53:41","modified_gmt":"2026-04-20T12:53:41","slug":"kontakt-oss","status":"publish","type":"page","link":"https:\/\/www.denkulturelleskolesekken.no\/innlandet\/kontakt-oss\/","title":{"rendered":"Om oss"},"content":{"rendered":"\n<p><\/p>\n\n\n\n<h2 class=\"wp-block-heading\">Kontakt DKS Innlandet<\/h2>\n\n\n\n<p class=\"has-background\" style=\"background-color:#009d4f\"><strong>Sp\u00f8rsm\u00e5l vedr\u00f8rende turn\u00e9legging<\/strong><\/p>\n\n\n\n<div class=\"wp-block-columns is-layout-flex wp-container-core-columns-is-layout-9d6595d7 wp-block-columns-is-layout-flex\">\n<div class=\"wp-block-column is-layout-flow wp-block-column-is-layout-flow\">\n<figure class=\"wp-block-image size-large is-resized\"><img loading=\"lazy\" decoding=\"async\" width=\"2215\" height=\"2953\" src=\"https:\/\/cdn.denkulturelleskolesekken.no\/innlandet\/df94f4b0-jofrid-43.jpg\" alt=\"\" class=\"wp-image-1106\" style=\"object-fit:cover;width:404px;height:538px\"\/><\/figure>\n\n\n\n<p>Jofrid S\u00f8rskog<br><a href=\"mailto:jofrid.sorskog@innlandetfylke.no\">jofsor@innlandetfylke.no<\/a><br>Tlf. <a href=\"tel:93617900\">936 17\u00a0900<\/a><\/p>\n<\/div>\n\n\n\n<div class=\"wp-block-column is-layout-flow wp-block-column-is-layout-flow\">\n<figure class=\"wp-block-image size-large is-resized\"><img loading=\"lazy\" decoding=\"async\" width=\"933\" height=\"1243\" src=\"https:\/\/cdn.denkulturelleskolesekken.no\/innlandet\/eb7314e1-reidun-kristiansen-p1a9663.jpg\" alt=\"\" class=\"wp-image-1107\" style=\"object-fit:cover;width:404px;height:538px\"\/><\/figure>\n\n\n\n<p>Reidun Kristiansen<br><a href=\"mailto:bjorg.reidun.kristiansen@innlandetfylke.no\" data-type=\"mailto\" data-id=\"mailto:bjorg.reidun.kristiansen@innlandetfylke.no\">bjokri@innlandetfylke.no<\/a><br>Tlf. <a href=\"tel:90112737\">901 12\u00a0737<\/a><\/p>\n<\/div>\n<\/div>\n\n\n\n<div class=\"wp-block-columns is-layout-flex wp-container-core-columns-is-layout-9d6595d7 wp-block-columns-is-layout-flex\">\n<div class=\"wp-block-column is-layout-flow wp-block-column-is-layout-flow\"><\/div>\n\n\n\n<div class=\"wp-block-column is-layout-flow wp-block-column-is-layout-flow\"><\/div>\n<\/div>\n\n\n\n<p class=\"has-background\" style=\"background-color:#009d4f\"><strong>Sp\u00f8rsm\u00e5l vedr\u00f8rende program<\/strong><\/p>\n\n\n\n<p class=\"has-background\" style=\"background-color:#cfd2d3\"><strong>Fagansvarlig visuell kunst<\/strong><\/p>\n\n\n\n<figure class=\"wp-block-image size-full is-resized\"><img loading=\"lazy\" decoding=\"async\" width=\"818\" height=\"1091\" src=\"https:\/\/cdn.denkulturelleskolesekken.no\/innlandet\/813152d1-tonje-alice-madsen-edited.jpg\" alt=\"\" class=\"wp-image-3350\" style=\"width:404px\" srcset=\"https:\/\/cdn.denkulturelleskolesekken.no\/innlandet\/813152d1-tonje-alice-madsen-edited.jpg 818w, https:\/\/cdn.denkulturelleskolesekken.no\/innlandet\/813152d1-tonje-alice-madsen-edited-225x300.jpg 225w, https:\/\/cdn.denkulturelleskolesekken.no\/innlandet\/813152d1-tonje-alice-madsen-edited-768x1024.jpg 768w\" sizes=\"auto, (max-width: 818px) 100vw, 818px\" \/><\/figure>\n\n\n\n<p>Tonje Alice Madsen<br><a href=\"tonmad@innlandetfylke.no\">tonmad@innlandetfylke.no<\/a>       <br>Tlf. <a href=\"http:\/\/904 18 954\">904 18 954<\/a><\/p>\n\n\n\n<p><\/p>\n\n\n\n<p class=\"has-background\" style=\"background-color:#cfd2d3\"><strong>Fagansvarlige musikk<\/strong><\/p>\n\n\n\n<div class=\"wp-block-columns is-layout-flex wp-container-core-columns-is-layout-9d6595d7 wp-block-columns-is-layout-flex\">\n<div class=\"wp-block-column is-layout-flow wp-block-column-is-layout-flow\">\n<figure class=\"wp-block-image size-large is-resized\"><img loading=\"lazy\" decoding=\"async\" width=\"933\" height=\"1244\" src=\"https:\/\/cdn.denkulturelleskolesekken.no\/innlandet\/5cc07918-johannes-skyberg-43.jpg\" alt=\"\" class=\"wp-image-1111\" style=\"object-fit:cover;width:404px;height:538px\"\/><\/figure>\n\n\n\n<p>Johannes Skyberg<br><a href=\"mailto:johannes.skyberg@innlandetfylke.no\">johsky@innlandetfylke.no<\/a> <br>Tlf: <a href=\"tel:92635216\">926 35 216<\/a><\/p>\n<\/div>\n\n\n\n<div class=\"wp-block-column is-layout-flow wp-block-column-is-layout-flow\" style=\"flex-basis:47.65%\">\n<figure class=\"wp-block-image size-large is-resized\"><img loading=\"lazy\" decoding=\"async\" width=\"2214\" height=\"2953\" src=\"https:\/\/cdn.denkulturelleskolesekken.no\/innlandet\/84532925-thor-43.jpg\" alt=\"\" class=\"wp-image-1112\" style=\"object-fit:cover;width:404px;height:538px\"\/><\/figure>\n\n\n\n<p>Thor Kvande (sykemeldt)<br><\/p>\n<\/div>\n<\/div>\n\n\n\n<p class=\"has-background\" style=\"background-color:#cfd2d3\"><strong>Fagansvarlig scenekunst<\/strong><\/p>\n\n\n\n<div class=\"wp-block-columns is-layout-flex wp-container-core-columns-is-layout-9d6595d7 wp-block-columns-is-layout-flex\">\n<div class=\"wp-block-column is-vertically-aligned-top is-layout-flow wp-block-column-is-layout-flow\">\n<figure class=\"wp-block-image size-large is-resized is-style-default\"><img loading=\"lazy\" decoding=\"async\" width=\"2214\" height=\"2953\" src=\"https:\/\/cdn.denkulturelleskolesekken.no\/innlandet\/c4e11101-marie.jpg\" alt=\"\" class=\"wp-image-1140\" style=\"width:404px;height:538px\"\/><\/figure>\n\n\n\n<p>Marie Othilie Hundevadt<br><a href=\"mailto:marie.othilie.hundevadt@innlandetfylke.no\">marhun@innlandetfylke.no<\/a><br>Tlf. <a href=\"tel:40284305\">402 84\u00a0305<\/a><\/p>\n<\/div>\n\n\n\n<div class=\"wp-block-column is-layout-flow wp-block-column-is-layout-flow\">\n<figure class=\"wp-block-image size-large is-resized\"><img loading=\"lazy\" decoding=\"async\" width=\"933\" height=\"1243\" src=\"https:\/\/cdn.denkulturelleskolesekken.no\/innlandet\/7a05761a-mette-renolen-43.jpg\" alt=\"\" class=\"wp-image-1113\" style=\"object-fit:cover;width:404px;height:538px\"\/><\/figure>\n\n\n\n<p>Mette Renolen (sykemeldt)<\/p>\n<\/div>\n<\/div>\n\n\n\n<p><a href=\"jarbjo@innlandetfylke.no\" target=\"_blank\" rel=\"noreferrer noopener\"><\/a><\/p>\n\n\n\n<p class=\"has-background\" style=\"background-color:#cfd2d3\"><strong>Fagansvarlig litteratur<\/strong><\/p>\n\n\n\n<div class=\"wp-block-columns is-layout-flex wp-container-core-columns-is-layout-9d6595d7 wp-block-columns-is-layout-flex\">\n<div class=\"wp-block-column is-layout-flow wp-block-column-is-layout-flow\">\n<figure class=\"wp-block-image size-large is-resized is-style-default\"><img loading=\"lazy\" decoding=\"async\" width=\"1328\" height=\"1771\" src=\"https:\/\/cdn.denkulturelleskolesekken.no\/innlandet\/3cee1d07-havard-nervik.jpg\" alt=\"\" class=\"wp-image-1263\" style=\"object-fit:cover;width:404px;height:538px\"\/><\/figure>\n\n\n\n<p>H\u00e5vard Nervik<br><a href=\"mailto:havard.nervik@innlandetfylke.no\">havner@innlandetfylke.no<\/a><br>Tlf. <a href=\"tel:90044840\">90 04 48 40<\/a><\/p>\n<\/div>\n\n\n\n<div class=\"wp-block-column is-layout-flow wp-block-column-is-layout-flow\">\n<p><\/p>\n<\/div>\n<\/div>\n\n\n\n<div class=\"wp-block-columns is-layout-flex wp-container-core-columns-is-layout-9d6595d7 wp-block-columns-is-layout-flex\"><\/div>\n\n\n\n<p class=\"has-background\" style=\"background-color:#cfd2d3\"><strong>Fagansvarlig film<\/strong><\/p>\n\n\n\n<div class=\"wp-block-columns is-layout-flex wp-container-core-columns-is-layout-9d6595d7 wp-block-columns-is-layout-flex\">\n<div class=\"wp-block-column is-layout-flow wp-block-column-is-layout-flow\">\n<figure class=\"wp-block-image size-large is-resized\"><img loading=\"lazy\" decoding=\"async\" width=\"933\" height=\"1243\" src=\"https:\/\/cdn.denkulturelleskolesekken.no\/innlandet\/258d4368-knut-inge-erlingsen-43.jpg\" alt=\"\" class=\"wp-image-1133\" style=\"object-fit:cover;width:404px;height:538px\"\/><\/figure>\n<\/div>\n\n\n\n<div class=\"wp-block-column is-layout-flow wp-block-column-is-layout-flow\"><\/div>\n<\/div>\n\n\n\n<p><\/p>\n\n\n\n<p>Knut Inge Erlingsen<br><a href=\"mailto:knut.inge.erlingsen@innlandetfylke.no\">knuerl@innlandetfylke.no<\/a><br>Tlf. <a href=\"tel:99528619\">995 28\u00a0619<\/a><\/p>\n\n\n\n<p class=\"has-background\" style=\"background-color:#cfd2d3\"><strong>Fagansvarlig kulturarv<\/strong><\/p>\n\n\n\n<div class=\"wp-block-columns is-layout-flex wp-container-core-columns-is-layout-9d6595d7 wp-block-columns-is-layout-flex\">\n<div class=\"wp-block-column is-layout-flow wp-block-column-is-layout-flow\">\n<figure class=\"wp-block-image size-large is-resized\"><img loading=\"lazy\" decoding=\"async\" width=\"932\" height=\"1243\" src=\"https:\/\/cdn.denkulturelleskolesekken.no\/innlandet\/3b68d6cb-maia-hoilund-p1a9618.jpg\" alt=\"\" class=\"wp-image-1134\" style=\"object-fit:cover;width:404px;height:538px\"\/><\/figure>\n\n\n\n<p>Maia H\u00f8ilund<br><a href=\"mailto:mari.kristin.hoilund@innlandetfylke.no\">makhoi@innlandetfylke.no<\/a><br>Tlf. <a href=\"tel:93404178\">934 04\u00a0178<\/a><\/p>\n<\/div>\n\n\n\n<div class=\"wp-block-column is-layout-flow wp-block-column-is-layout-flow\">\n<p><\/p>\n<\/div>\n<\/div>\n\n\n\n<p class=\"has-background\" style=\"background-color:#cfd2d3\"><strong>Kunsten \u00e5 l\u00e6re<\/strong><\/p>\n\n\n\n<div class=\"wp-block-columns is-layout-flex wp-container-core-columns-is-layout-9d6595d7 wp-block-columns-is-layout-flex\">\n<div class=\"wp-block-column is-layout-flow wp-block-column-is-layout-flow\">\n<figure class=\"wp-block-image size-large is-resized is-style-default\"><img loading=\"lazy\" decoding=\"async\" width=\"2214\" height=\"2953\" src=\"https:\/\/cdn.denkulturelleskolesekken.no\/innlandet\/c4e11101-marie.jpg\" alt=\"\" class=\"wp-image-1140\" style=\"width:404px;height:538px\"\/><\/figure>\n\n\n\n<p><strong>Prosjektleder Kunsten \u00e5 l\u00e6re<\/strong><\/p>\n\n\n\n<p>Marie Othilie Hundevadt<br><a href=\"mailto:marie.othilie.hundevadt@innlandetfylke.no\">marhun@innlandetfylke.no<\/a><br>Tlf. <a href=\"tel:40284305\">402 84\u00a0305<\/a><\/p>\n<\/div>\n\n\n\n<div class=\"wp-block-column is-layout-flow wp-block-column-is-layout-flow\"><\/div>\n<\/div>\n\n\n\n<div class=\"wp-block-columns is-layout-flex wp-container-core-columns-is-layout-9d6595d7 wp-block-columns-is-layout-flex\">\n<div class=\"wp-block-column is-layout-flow wp-block-column-is-layout-flow\"><\/div>\n<\/div>\n\n\n\n<p class=\"has-background\" style=\"background-color:#cfd2d3\"><strong>Administrasjon<\/strong><\/p>\n\n\n\n<div class=\"wp-block-columns is-layout-flex wp-container-core-columns-is-layout-9d6595d7 wp-block-columns-is-layout-flex\">\n<div class=\"wp-block-column is-layout-flow wp-block-column-is-layout-flow\">\n<figure class=\"wp-block-image size-large is-resized\"><img loading=\"lazy\" decoding=\"async\" width=\"1240\" height=\"1653\" src=\"https:\/\/cdn.denkulturelleskolesekken.no\/innlandet\/b050d044-rune-holme-43.jpg\" alt=\"\" class=\"wp-image-1120\" style=\"object-fit:cover;width:404px;height:538px\"\/><\/figure>\n\n\n\n<p><strong>Seksjonsleder<\/strong><\/p>\n\n\n\n<p>Rune Holme<br><a href=\"mailto:rune.holme@innlandetfylke.no\">runhlm@innlandetfylke.no<\/a><br>Tlf. <a href=\"tel:95785923\">957 85 923<\/a><\/p>\n<\/div>\n\n\n\n<div class=\"wp-block-column is-layout-flow wp-block-column-is-layout-flow\">\n<figure class=\"wp-block-image size-large is-resized\"><img loading=\"lazy\" decoding=\"async\" width=\"933\" height=\"1244\" src=\"https:\/\/cdn.denkulturelleskolesekken.no\/innlandet\/6b3968f2-per-arne-bronstad-p1a9683.jpg\" alt=\"\" class=\"wp-image-1121\" style=\"object-fit:cover;width:404px;height:538px\"\/><\/figure>\n\n\n\n<p><strong>Kontormedarbeider<\/strong><\/p>\n\n\n\n<p>Per Arne Br\u00f8nstad<br><a href=\"mailto:per.arne.bronstad@innlandetfylke.no\">perbro@innlandetfylke.no<\/a><br>Tlf. <a href=\"tel:90242687\">902 42\u00a0687<\/a><\/p>\n<\/div>\n<\/div>\n\n\n\n<div class=\"wp-block-columns is-layout-flex wp-container-core-columns-is-layout-9d6595d7 wp-block-columns-is-layout-flex\">\n<div class=\"wp-block-column is-layout-flow wp-block-column-is-layout-flow\">\n<div class=\"wp-block-columns is-layout-flex wp-container-core-columns-is-layout-9d6595d7 wp-block-columns-is-layout-flex\">\n<div class=\"wp-block-column is-layout-flow wp-block-column-is-layout-flow\">\n<figure class=\"wp-block-image size-large is-resized is-style-default\"><img loading=\"lazy\" decoding=\"async\" width=\"1757\" height=\"2342\" src=\"https:\/\/cdn.denkulturelleskolesekken.no\/innlandet\/35e0e76f-oystein-johnsen-43.jpg\" alt=\"\" class=\"wp-image-1392\" style=\"object-fit:cover;width:404px;height:538px\"\/><\/figure>\n\n\n\n<p><strong>DKS Koordinator<\/strong><\/p>\n\n\n\n<p>\u00d8ystein Johnsen<br><a href=\"mailto:oystein.Johnsen@innlandetfylke.no\">oytjoh@innlandetfylke.no<\/a><br>Tlf: <a href=\"tel:98604501\">986 04 501<\/a><br><\/p>\n\n\n\n<p><\/p>\n<\/div>\n\n\n\n<div class=\"wp-block-column is-layout-flow wp-block-column-is-layout-flow\"><\/div>\n<\/div>\n<\/div>\n<\/div>\n\n\n\n<p><\/p>\n","protected":false},"excerpt":{"rendered":"<p>Kontakt DKS Innlandet Sp\u00f8rsm\u00e5l vedr\u00f8rende turn\u00e9legging Jofrid S\u00f8rskogjofsor@innlandetfylke.noTlf. 936 17\u00a0900 Reidun Kristiansenbjokri@innlandetfylke.noTlf. 901 12\u00a0737 Sp\u00f8rsm\u00e5l vedr\u00f8rende program Fagansvarlig visuell kunst Tonje Alice Madsentonmad@innlandetfylke.no Tlf. 904 18 954 Fagansvarlige musikk Johannes Skybergjohsky@innlandetfylke.no Tlf: 926 35 216 Thor Kvande (sykemeldt) Fagansvarlig scenekunst Marie Othilie Hundevadtmarhun@innlandetfylke.noTlf. 402 84\u00a0305 Mette Renolen (sykemeldt) Fagansvarlig litteratur H\u00e5vard Nervikhavner@innlandetfylke.noTlf. 90 04 48 [&hellip;]<\/p>\n","protected":false},"author":4,"featured_media":0,"parent":0,"menu_order":0,"comment_status":"closed","ping_status":"closed","template":"","meta":{"footnotes":""},"class_list":["post-119","page","type-page","status-publish","hentry"],"_links":{"self":[{"href":"https:\/\/www.denkulturelleskolesekken.no\/innlandet\/wp-json\/wp\/v2\/pages\/119","targetHints":{"allow":["GET"]}}],"collection":[{"href":"https:\/\/www.denkulturelleskolesekken.no\/innlandet\/wp-json\/wp\/v2\/pages"}],"about":[{"href":"https:\/\/www.denkulturelleskolesekken.no\/innlandet\/wp-json\/wp\/v2\/types\/page"}],"author":[{"embeddable":true,"href":"https:\/\/www.denkulturelleskolesekken.no\/innlandet\/wp-json\/wp\/v2\/users\/4"}],"replies":[{"embeddable":true,"href":"https:\/\/www.denkulturelleskolesekken.no\/innlandet\/wp-json\/wp\/v2\/comments?post=119"}],"version-history":[{"count":480,"href":"https:\/\/www.denkulturelleskolesekken.no\/innlandet\/wp-json\/wp\/v2\/pages\/119\/revisions"}],"predecessor-version":[{"id":3736,"href":"https:\/\/www.denkulturelleskolesekken.no\/innlandet\/wp-json\/wp\/v2\/pages\/119\/revisions\/3736"}],"wp:attachment":[{"href":"https:\/\/www.denkulturelleskolesekken.no\/innlandet\/wp-json\/wp\/v2\/media?parent=119"}],"curies":[{"name":"wp","href":"https:\/\/api.w.org\/{rel}","templated":true}]}}